{"id":4636,"date":"2019-10-16T16:11:29","date_gmt":"2019-10-16T14:11:29","guid":{"rendered":"https:\/\/gestespoctefa.eu\/proyecto\/"},"modified":"2024-11-05T12:26:14","modified_gmt":"2024-11-05T11:26:14","slug":"projecte","status":"publish","type":"page","link":"https:\/\/gestespoctefa.eu\/ca\/projecte\/","title":{"rendered":"Projecte"},"content":{"rendered":"<div class=\"wpb-content-wrapper\"><p>[vc_row gap=&#8221;30&#8243; equal_height=&#8221;yes&#8221; content_placement=&#8221;middle&#8221; css=&#8221;.vc_custom_1720609735911{border-bottom-width: 3px !important;padding-top: 70px !important;padding-bottom: 70px !important;border-bottom-color: #9aca3c !important;border-bottom-style: solid !important;}&#8221;][vc_column width=&#8221;5\/12&#8243;][vc_single_image image=&#8221;4568&#8243; img_size=&#8221;full&#8221; alignment=&#8221;center&#8221; style=&#8221;vc_box_circle&#8221;][\/vc_column][vc_column width=&#8221;7\/12&#8243;][vc_single_image image=&#8221;3915&#8243; img_size=&#8221;full&#8221;][vc_empty_space]<div id=\"ultimate-heading-961569f2a94a0097b\" class=\"uvc-heading ult-adjust-bottom-margin ultimate-heading-961569f2a94a0097b uvc-5297  uvc-heading-default-font-sizes\" data-hspacer=\"no_spacer\"  data-halign=\"left\" style=\"text-align:left\"><div class=\"uvc-heading-spacer no_spacer\" style=\"top\"><\/div><div class=\"uvc-main-heading ult-responsive\"  data-ultimate-target='.uvc-heading.ultimate-heading-961569f2a94a0097b h3'  data-responsive-json-new='{\"font-size\":\"\",\"line-height\":\"\"}' ><h3 style=\"font-weight:bold;color:#18baa8;margin-bottom:20px;\">Gesti\u00f3 sostenible transfronterera d'esp\u00e8cies silvestres en els espais naturals POCTEFA (GESTES)<\/h3><\/div><\/div>[vc_column_text css=&#8221;&#8221;]Cada dia s\u00f3n m\u00e9s les <strong>plantes arom\u00e0tiques i medicinals<\/strong> que es veuen sotmeses a una <strong>gran sobreexplotaci\u00f3 comercial<\/strong>, cosa que posa en risc la seva <strong>biodiversitat<\/strong>. Aquesta situaci\u00f3 s&#8217; ha detectat en els territoris de l&#8217; espai POCTEFA, on resulta necess\u00e0ria una <strong>cooperaci\u00f3 transfronterera<\/strong> per intervenir de forma immediata.<\/p>\n<p>\u00c9s per aix\u00f2 que sis entitats de les <strong>regions d&#8217;Arag\u00f3, Catalunya, Alts Pirineus, Pirineus Orientals i Arieja<\/strong> uneixen els seus esfor\u00e7os en el projecte <strong>GESTES<\/strong> amb un clar objectiu: promoure una <strong>gesti\u00f3 m\u00e9s sostenible<\/strong> d&#8217;aquestes esp\u00e8cies silvestres i fomentar el seu <strong>bon \u00fas comercial<\/strong>.[\/vc_column_text][\/vc_column][\/vc_row][vc_row gap=&#8221;30&#8243; equal_height=&#8221;yes&#8221; content_placement=&#8221;middle&#8221; css=&#8221;.vc_custom_1720609743364{border-bottom-width: 3px !important;padding-top: 70px !important;padding-bottom: 70px !important;border-bottom-color: #9aca3c !important;border-bottom-style: solid !important;}&#8221;][vc_column width=&#8221;7\/12&#8243;][vc_column_text css=&#8221;&#8221;]<strong>Estudis en ecologia, biologia, reglamentaci\u00f3 o economia<\/strong> jugaran un paper crucial no nom\u00e9s per con\u00e8ixer <strong>l&#8217;estat de conservaci\u00f3 de les esp\u00e8cies<\/strong>, assignar <strong>pautes per aprofitar les que es recol\u00b7lectin en major volum<\/strong> o avaluar la seva <strong>posada en cultiu<\/strong>, sin\u00f3 tamb\u00e9 per transferir els <strong>resultats<\/strong> a gestors d&#8217;espais naturals, propietaris, recol\u00b7lectors, comercialitzadors i al p\u00fablic en general.[\/vc_column_text][\/vc_column][vc_column width=&#8221;5\/12&#8243; css=&#8221;.vc_custom_1730805970778{background-image: url(https:\/\/gestespoctefa.eu\/wp-content\/uploads\/2024\/11\/3-scaled.jpg?id=4868) !important;background-position: center !important;background-repeat: no-repeat !important;background-size: cover !important;border-radius: 25px !important;}&#8221;][\/vc_column][\/vc_row][vc_row gap=&#8221;30&#8243; equal_height=&#8221;yes&#8221; content_placement=&#8221;middle&#8221; css=&#8221;.vc_custom_1720610143406{padding-top: 70px !important;padding-bottom: 70px !important;}&#8221;][vc_column width=&#8221;5\/12&#8243; css=&#8221;.vc_custom_1683630283169{padding-top: 10% !important;padding-right: 10% !important;padding-bottom: 10% !important;padding-left: 10% !important;background-image: url(https:\/\/gestespoctefa.eu\/wp-content\/uploads\/2023\/05\/IMG_20221209_110910-jpg.webp?id=3940) !important;background-position: center !important;background-repeat: no-repeat !important;background-size: cover !important;border-radius: 25px !important;}&#8221;][vc_single_image image=&#8221;4570&#8243; img_size=&#8221;full&#8221; alignment=&#8221;center&#8221; style=&#8221;vc_box_circle&#8221;][\/vc_column][vc_column width=&#8221;7\/12&#8243;][vc_column_text css=&#8221;&#8221;]El projecte <strong>GESTES<\/strong> ha estat cofinan\u00e7at al 65% per la <strong>Uni\u00f3 Europea<\/strong> a trav\u00e9s del <strong>Programa Interreg VI-A Espanya-Fran\u00e7a-Andorra (POCTEFA 2021-2027) <\/strong>amb un pressupost total d&#8217;1.135.958,19\u20ac.<\/p>\n<p>L&#8217;objectiu del <strong>POCTEFA<\/strong> \u00e9s refor\u00e7ar la integraci\u00f3 econ\u00f2mica i social de la zona fronterera Espanya-Fran\u00e7a-Andorra.[\/vc_column_text][\/vc_column][\/vc_row][vc_row full_width=&#8221;stretch_row&#8221; gap=&#8221;30&#8243; bg_type=&#8221;grad&#8221; css=&#8221;.vc_custom_1720527569308{border-bottom-width: 3px !important;padding-top: 70px !important;padding-bottom: 70px !important;}&#8221; bg_grad=&#8221;background: -webkit-gradient(linear, left top, left bottom, color-stop(0%, #09ACA4), color-stop(100%, #9BCA3C));background: -moz-linear-gradient(top,#09ACA4 0%,#9BCA3C 100%);background: -webkit-linear-gradient(top,#09ACA4 0%,#9BCA3C 100%);background: -o-linear-gradient(top,#09ACA4 0%,#9BCA3C 100%);background: -ms-linear-gradient(top,#09ACA4 0%,#9BCA3C 100%);background: linear-gradient(top,#09ACA4 0%,#9BCA3C 100%);&#8221;][vc_column css=&#8221;.vc_custom_1720610337693{border-top-width: 3px !important;border-right-width: 3px !important;border-bottom-width: 3px !important;border-left-width: 3px !important;padding-top: 5% !important;padding-right: 10% !important;padding-bottom: 5% !important;padding-left: 10% !important;background-color: #f4f4f4 !important;border-left-color: #f4f4f4 !important;border-right-color: #f4f4f4 !important;border-top-color: #f4f4f4 !important;border-bottom-color: #f4f4f4 !important;border-radius: 5px !important;}&#8221;]<div id=\"ultimate-heading-866369f2a94a009ca\" class=\"uvc-heading ult-adjust-bottom-margin ultimate-heading-866369f2a94a009ca uvc-1495  uvc-heading-default-font-sizes\" data-hspacer=\"no_spacer\"  data-halign=\"center\" style=\"text-align:center\"><div class=\"uvc-heading-spacer no_spacer\" style=\"top\"><\/div><div class=\"uvc-main-heading ult-responsive\"  data-ultimate-target='.uvc-heading.ultimate-heading-866369f2a94a009ca h3'  data-responsive-json-new='{\"font-size\":\"\",\"line-height\":\"\"}' ><h3 style=\"font-weight:bold;margin-bottom:20px;\">Per qu\u00e8 \u00e9s necess\u00e0ria la cooperaci\u00f3 transfronterera?<\/h3><\/div><div class=\"uvc-sub-heading ult-responsive\"  data-ultimate-target='.uvc-heading.ultimate-heading-866369f2a94a009ca .uvc-sub-heading '  data-responsive-json-new='{\"font-size\":\"desktop:20px;\",\"line-height\":\"desktop:30px;\"}'  style=\"font-weight:500;\">Els marcs legislatius vigents que regulen i ordenen l&#8217;aprofitament de les esp\u00e8cies silvestres a Fran\u00e7a i Espanya fan que la pressi\u00f3 de la recol\u00b7lecci\u00f3 comercial es desplaci cap a aquells territoris on la normativa \u00e9s m\u00e9s laxa, comportant una sobreexplotaci\u00f3 i una pressi\u00f3 sobre els h\u00e0bitats dif\u00edcilment sostenible.<\/div><\/div>[vc_row_inner equal_height=&#8221;yes&#8221; content_placement=&#8221;middle&#8221; css=&#8221;.vc_custom_1720610669756{padding-top: 35px !important;padding-bottom: 35px !important;}&#8221;][vc_column_inner width=&#8221;1\/2&#8243; offset=&#8221;vc_col-lg-offset-1 vc_col-lg-6 vc_col-md-offset-1 vc_col-md-6 vc_col-sm-offset-0 vc_col-xs-12&#8243; css=&#8221;.vc_custom_1720610802436{margin-bottom: 20px !important;border-left-width: 3px !important;padding-left: 40px !important;border-left-color: #9aca3c !important;border-left-style: dashed !important;}&#8221;]<div id=\"ultimate-heading-801769f2a94a00aff\" class=\"uvc-heading ult-adjust-bottom-margin ultimate-heading-801769f2a94a00aff uvc-4191  uvc-heading-default-font-sizes\" data-hspacer=\"icon_only\"  data-halign=\"left\" style=\"text-align:left\"><div class=\"uvc-heading-spacer icon_only\" style=\"top\"><div class=\"ult-just-icon-wrapper  \"><div class=\"align-icon\" style=\"text-align:left;\">\n<div class=\"aio-icon none \"  style=\"color:rgba(255,255,255,0.3);font-size:32px;\">\n\t<i class=\"Defaults-leaf\"><\/i>\n<\/div><\/div><\/div><\/div><div class=\"uvc-main-heading ult-responsive\"  data-ultimate-target='.uvc-heading.ultimate-heading-801769f2a94a00aff h3'  data-responsive-json-new='{\"font-size\":\"\",\"line-height\":\"\"}' ><h3 style=\"font-weight:bold;color:#18baa8;margin-bottom:15px;\">DIVULGACI\u00d3 I BONES PR\u00c0CTIQUES<\/h3><\/div><div class=\"uvc-sub-heading ult-responsive\"  data-ultimate-target='.uvc-heading.ultimate-heading-801769f2a94a00aff .uvc-sub-heading '  data-responsive-json-new='{\"font-size\":\"\",\"line-height\":\"\"}'  style=\"font-weight:normal;color:#000000;margin-bottom:20px;\">Per tant, divulgar i implementar les bones pr\u00e0ctiques de recol\u00b7lecci\u00f3 i homogene\u00eftzar els marcs legislatius en ambd\u00f3s pa\u00efsos contribuir\u00e0 a revertir aquesta situaci\u00f3.<\/div><\/div>[\/vc_column_inner][vc_column_inner width=&#8221;1\/2&#8243; offset=&#8221;vc_col-lg-offset-0 vc_col-lg-4 vc_col-md-offset-0 vc_col-md-4 vc_col-sm-offset-0 vc_hidden-xs&#8221; css=&#8221;.vc_custom_1550511674362{padding-left: 40px !important;}&#8221;]<style type=\"text\/css\" data-type=\"the7_shortcodes-inline-css\">.shortcode-single-image-wrap.shortcode-single-image-21b6b131cdccb8e565422894fb0b8fa7.enable-bg-rollover .rollover i,\n.shortcode-single-image-wrap.shortcode-single-image-21b6b131cdccb8e565422894fb0b8fa7.enable-bg-rollover .rollover-video i {\n  background: -webkit-linear-gradient();\n  background: linear-gradient();\n}\n.shortcode-single-image-wrap.shortcode-single-image-21b6b131cdccb8e565422894fb0b8fa7 .rollover-icon {\n  font-size: 32px;\n  color: #ffffff;\n  min-width: 44px;\n  min-height: 44px;\n  line-height: 44px;\n  border-radius: 100px;\n  border-style: solid;\n  border-width: 0px;\n}\n.dt-icon-bg-on.shortcode-single-image-wrap.shortcode-single-image-21b6b131cdccb8e565422894fb0b8fa7 .rollover-icon {\n  background: rgba(255,255,255,0.3);\n  box-shadow: none;\n}\n<\/style><div class=\"shortcode-single-image-wrap shortcode-single-image-21b6b131cdccb8e565422894fb0b8fa7 alignnone  enable-bg-rollover dt-icon-bg-off\" style=\"margin-top:0px; margin-bottom:0px; margin-left:0px; margin-right:0px; width:800px;\"><div class=\"shortcode-single-image\"><div class=\"fancy-media-wrap  layzr-bg\" style=\"border-radius:800px;\"><img fetchpriority=\"high\" decoding=\"async\" class=\"preload-me lazy-load aspect\" src=\"data:image\/svg+xml,%3Csvg%20xmlns%3D&#39;http%3A%2F%2Fwww.w3.org%2F2000%2Fsvg&#39;%20viewBox%3D&#39;0%200%20800%20800&#39;%2F%3E\" data-src=\"https:\/\/gestespoctefa.eu\/wp-content\/uploads\/2024\/11\/1-scaled-800x800.jpg\" data-srcset=\"https:\/\/gestespoctefa.eu\/wp-content\/uploads\/2024\/11\/1-scaled-800x800.jpg 800w, https:\/\/gestespoctefa.eu\/wp-content\/uploads\/2024\/11\/1-scaled-1600x1600.jpg 1600w\" loading=\"eager\" sizes=\"(max-width: 800px) 100vw, 800px\" width=\"800\" height=\"800\"  data-dt-location=\"https:\/\/gestespoctefa.eu\/ca\/projecte\/1-2\/\" style=\"--ratio: 800 \/ 800;border-radius:800px;\" alt=\"\" \/><\/div><\/div><\/div>[\/vc_column_inner][\/vc_row_inner][vc_row_inner equal_height=&#8221;yes&#8221; content_placement=&#8221;middle&#8221;][vc_column_inner width=&#8221;1\/2&#8243; offset=&#8221;vc_col-lg-offset-1 vc_col-lg-4 vc_col-md-offset-1 vc_col-md-4 vc_hidden-xs&#8221; css=&#8221;.vc_custom_1550511660681{padding-right: 40px !important;}&#8221;]<style type=\"text\/css\" data-type=\"the7_shortcodes-inline-css\">.shortcode-single-image-wrap.shortcode-single-image-58417b9cbc2dee3435aac9f4a8d62d4e.enable-bg-rollover .rollover i,\n.shortcode-single-image-wrap.shortcode-single-image-58417b9cbc2dee3435aac9f4a8d62d4e.enable-bg-rollover .rollover-video i {\n  background: -webkit-linear-gradient();\n  background: linear-gradient();\n}\n.shortcode-single-image-wrap.shortcode-single-image-58417b9cbc2dee3435aac9f4a8d62d4e .rollover-icon {\n  font-size: 32px;\n  color: #ffffff;\n  min-width: 44px;\n  min-height: 44px;\n  line-height: 44px;\n  border-radius: 100px;\n  border-style: solid;\n  border-width: 0px;\n}\n.dt-icon-bg-on.shortcode-single-image-wrap.shortcode-single-image-58417b9cbc2dee3435aac9f4a8d62d4e .rollover-icon {\n  background: rgba(255,255,255,0.3);\n  box-shadow: none;\n}\n<\/style><div class=\"shortcode-single-image-wrap shortcode-single-image-58417b9cbc2dee3435aac9f4a8d62d4e alignnone  enable-bg-rollover dt-icon-bg-off\" style=\"margin-top:0px; margin-bottom:0px; margin-left:0px; margin-right:0px; width:800px;\"><div class=\"shortcode-single-image\"><div class=\"fancy-media-wrap  layzr-bg\" style=\"border-radius:800px;\"><img decoding=\"async\" class=\"preload-me lazy-load aspect\" src=\"data:image\/svg+xml,%3Csvg%20xmlns%3D&#39;http%3A%2F%2Fwww.w3.org%2F2000%2Fsvg&#39;%20viewBox%3D&#39;0%200%20800%20800&#39;%2F%3E\" data-src=\"https:\/\/gestespoctefa.eu\/wp-content\/uploads\/2024\/11\/IMG_2509_Narcisse_\u00a9MathieuBourgarel-copia-800x800.jpg\" data-srcset=\"https:\/\/gestespoctefa.eu\/wp-content\/uploads\/2024\/11\/IMG_2509_Narcisse_\u00a9MathieuBourgarel-copia-800x800.jpg 800w, https:\/\/gestespoctefa.eu\/wp-content\/uploads\/2024\/11\/IMG_2509_Narcisse_\u00a9MathieuBourgarel-copia-1600x1600.jpg 1600w\" loading=\"eager\" sizes=\"(max-width: 800px) 100vw, 800px\" width=\"800\" height=\"800\"  data-dt-location=\"https:\/\/gestespoctefa.eu\/ca\/projecte\/img_2509_narcisse_mathieubourgarel-copia-2\/\" style=\"--ratio: 800 \/ 800;border-radius:800px;\" alt=\"\" \/><\/div><\/div><\/div>[\/vc_column_inner][vc_column_inner width=&#8221;1\/2&#8243; offset=&#8221;vc_col-lg-offset-0 vc_col-lg-6 vc_col-md-offset-0 vc_col-md-6 vc_col-sm-offset-0 vc_col-xs-12&#8243; css=&#8221;.vc_custom_1720610982754{margin-bottom: 20px !important;border-left-width: 3px !important;padding-left: 40px !important;border-left-color: #9aca3c !important;border-left-style: dashed !important;}&#8221;]<div id=\"ultimate-heading-698969f2a94a01dad\" class=\"uvc-heading ult-adjust-bottom-margin ultimate-heading-698969f2a94a01dad uvc-1248  uvc-heading-default-font-sizes\" data-hspacer=\"icon_only\"  data-halign=\"left\" style=\"text-align:left\"><div class=\"uvc-heading-spacer icon_only\" style=\"top\"><div class=\"ult-just-icon-wrapper  \"><div class=\"align-icon\" style=\"text-align:left;\">\n<div class=\"aio-icon none \"  style=\"color:rgba(255,255,255,0.3);font-size:32px;\">\n\t<i class=\"Defaults-leaf\"><\/i>\n<\/div><\/div><\/div><\/div><div class=\"uvc-main-heading ult-responsive\"  data-ultimate-target='.uvc-heading.ultimate-heading-698969f2a94a01dad h3'  data-responsive-json-new='{\"font-size\":\"\",\"line-height\":\"\"}' ><h3 style=\"font-weight:bold;color:#18baa8;margin-bottom:15px;\">METODOLOGIES PARAL\u00b7LELES<\/h3><\/div><div class=\"uvc-sub-heading ult-responsive\"  data-ultimate-target='.uvc-heading.ultimate-heading-698969f2a94a01dad .uvc-sub-heading '  data-responsive-json-new='{\"font-size\":\"\",\"line-height\":\"\"}'  style=\"font-weight:normal;color:#000000;margin-bottom:20px;\">Implementar metodologies paral\u00b7leles per al seguiment de la recol\u00b7lecci\u00f3 i de l&#8217;estat de les poblacions silvestres als Pirineus utilitzant noves tecnologies (drons i teledetecci\u00f3) agilitzar\u00e0 l&#8217;obtenci\u00f3 de dades i resultats contrastables i \u00fatils per implementar mesures eficaces i equivalents.<\/div><\/div>[\/vc_column_inner][\/vc_row_inner][vc_row_inner equal_height=&#8221;yes&#8221; content_placement=&#8221;middle&#8221; css=&#8221;.vc_custom_1720610669756{padding-top: 35px !important;padding-bottom: 35px !important;}&#8221;][vc_column_inner width=&#8221;1\/2&#8243; offset=&#8221;vc_col-lg-offset-1 vc_col-lg-6 vc_col-md-offset-1 vc_col-md-6 vc_col-sm-offset-0 vc_col-xs-12&#8243; css=&#8221;.vc_custom_1720610802436{margin-bottom: 20px !important;border-left-width: 3px !important;padding-left: 40px !important;border-left-color: #9aca3c !important;border-left-style: dashed !important;}&#8221;]<div id=\"ultimate-heading-686769f2a94a01e1b\" class=\"uvc-heading ult-adjust-bottom-margin ultimate-heading-686769f2a94a01e1b uvc-781  uvc-heading-default-font-sizes\" data-hspacer=\"icon_only\"  data-halign=\"left\" style=\"text-align:left\"><div class=\"uvc-heading-spacer icon_only\" style=\"top\"><div class=\"ult-just-icon-wrapper  \"><div class=\"align-icon\" style=\"text-align:left;\">\n<div class=\"aio-icon none \"  style=\"color:rgba(255,255,255,0.3);font-size:32px;\">\n\t<i class=\"Defaults-leaf\"><\/i>\n<\/div><\/div><\/div><\/div><div class=\"uvc-main-heading ult-responsive\"  data-ultimate-target='.uvc-heading.ultimate-heading-686769f2a94a01e1b h3'  data-responsive-json-new='{\"font-size\":\"\",\"line-height\":\"\"}' ><h3 style=\"font-weight:bold;color:#18baa8;margin-bottom:15px;\">CONEIXEMENT I COOPERACI\u00d3<\/h3><\/div><div class=\"uvc-sub-heading ult-responsive\"  data-ultimate-target='.uvc-heading.ultimate-heading-686769f2a94a01e1b .uvc-sub-heading '  data-responsive-json-new='{\"font-size\":\"\",\"line-height\":\"\"}'  style=\"font-weight:normal;color:#000000;margin-bottom:20px;\">Transferir coneixements a col\u00b7lectius hom\u00f2legs en ambd\u00f3s pa\u00efsos equilibrar\u00e0 les oportunitats territorials i incentivar\u00e0 la cooperaci\u00f3.<\/div><\/div>[\/vc_column_inner][vc_column_inner width=&#8221;1\/2&#8243; offset=&#8221;vc_col-lg-offset-0 vc_col-lg-4 vc_col-md-offset-0 vc_col-md-4 vc_col-sm-offset-0 vc_hidden-xs&#8221; css=&#8221;.vc_custom_1550511674362{padding-left: 40px !important;}&#8221;]<style type=\"text\/css\" data-type=\"the7_shortcodes-inline-css\">.shortcode-single-image-wrap.shortcode-single-image-f2997f5899ae2c734a05a707d37abde8.enable-bg-rollover .rollover i,\n.shortcode-single-image-wrap.shortcode-single-image-f2997f5899ae2c734a05a707d37abde8.enable-bg-rollover .rollover-video i {\n  background: -webkit-linear-gradient();\n  background: linear-gradient();\n}\n.shortcode-single-image-wrap.shortcode-single-image-f2997f5899ae2c734a05a707d37abde8 .rollover-icon {\n  font-size: 32px;\n  color: #ffffff;\n  min-width: 44px;\n  min-height: 44px;\n  line-height: 44px;\n  border-radius: 100px;\n  border-style: solid;\n  border-width: 0px;\n}\n.dt-icon-bg-on.shortcode-single-image-wrap.shortcode-single-image-f2997f5899ae2c734a05a707d37abde8 .rollover-icon {\n  background: rgba(255,255,255,0.3);\n  box-shadow: none;\n}\n<\/style><div class=\"shortcode-single-image-wrap shortcode-single-image-f2997f5899ae2c734a05a707d37abde8 alignnone  enable-bg-rollover dt-icon-bg-off\" style=\"margin-top:0px; margin-bottom:0px; margin-left:0px; margin-right:0px; width:800px;\"><div class=\"shortcode-single-image\"><div class=\"fancy-media-wrap  layzr-bg\" style=\"border-radius:800px;\"><img decoding=\"async\" class=\"preload-me lazy-load aspect\" src=\"data:image\/svg+xml,%3Csvg%20xmlns%3D&#39;http%3A%2F%2Fwww.w3.org%2F2000%2Fsvg&#39;%20viewBox%3D&#39;0%200%20800%20800&#39;%2F%3E\" data-src=\"https:\/\/gestespoctefa.eu\/wp-content\/uploads\/2024\/11\/IMG_6903-scaled-800x800.jpg\" data-srcset=\"https:\/\/gestespoctefa.eu\/wp-content\/uploads\/2024\/11\/IMG_6903-scaled-800x800.jpg 800w, https:\/\/gestespoctefa.eu\/wp-content\/uploads\/2024\/11\/IMG_6903-scaled-1600x1600.jpg 1600w\" loading=\"eager\" sizes=\"(max-width: 800px) 100vw, 800px\" width=\"800\" height=\"800\"  data-dt-location=\"https:\/\/gestespoctefa.eu\/ca\/projecte\/img_6903-2\/\" style=\"--ratio: 800 \/ 800;border-radius:800px;\" alt=\"\" \/><\/div><\/div><\/div>[\/vc_column_inner][\/vc_row_inner][\/vc_column][\/vc_row]<\/p>\n<\/div>","protected":false},"excerpt":{"rendered":"<p>[vc_row gap=&#8221;30&#8243; equal_height=&#8221;yes&#8221; content_placement=&#8221;middle&#8221; css=&#8221;.vc_custom_1720609735911{border-bottom-width: 3px !important;padding-top: 70px !important;padding-bottom: 70px !important;border-bottom-color: #9aca3c !important;border-bottom-style: solid !important;}&#8221;][vc_column width=&#8221;5\/12&#8243;][vc_single_image image=&#8221;4568&#8243; img_size=&#8221;full&#8221; alignment=&#8221;center&#8221; style=&#8221;vc_box_circle&#8221;][\/vc_column][vc_column width=&#8221;7\/12&#8243;][vc_single_image image=&#8221;3915&#8243; img_size=&#8221;full&#8221;][vc_empty_space][vc_column_text css=&#8221;&#8221;]Cada dia s\u00f3n m\u00e9s les plantes arom\u00e0tiques i medicinals que es veuen sotmeses a una gran sobreexplotaci\u00f3 comercial, cosa que posa en risc la seva biodiversitat. Aquesta situaci\u00f3 s&#8217; ha detectat en&hellip;<\/p>\n","protected":false},"author":1,"featured_media":0,"parent":0,"menu_order":10,"comment_status":"closed","ping_status":"closed","template":"","meta":{"footnotes":""},"class_list":["post-4636","page","type-page","status-publish","hentry","description-off"],"_links":{"self":[{"href":"https:\/\/gestespoctefa.eu\/ca\/wp-json\/wp\/v2\/pages\/4636","targetHints":{"allow":["GET"]}}],"collection":[{"href":"https:\/\/gestespoctefa.eu\/ca\/wp-json\/wp\/v2\/pages"}],"about":[{"href":"https:\/\/gestespoctefa.eu\/ca\/wp-json\/wp\/v2\/types\/page"}],"author":[{"embeddable":true,"href":"https:\/\/gestespoctefa.eu\/ca\/wp-json\/wp\/v2\/users\/1"}],"replies":[{"embeddable":true,"href":"https:\/\/gestespoctefa.eu\/ca\/wp-json\/wp\/v2\/comments?post=4636"}],"version-history":[{"count":7,"href":"https:\/\/gestespoctefa.eu\/ca\/wp-json\/wp\/v2\/pages\/4636\/revisions"}],"predecessor-version":[{"id":4871,"href":"https:\/\/gestespoctefa.eu\/ca\/wp-json\/wp\/v2\/pages\/4636\/revisions\/4871"}],"wp:attachment":[{"href":"https:\/\/gestespoctefa.eu\/ca\/wp-json\/wp\/v2\/media?parent=4636"}],"curies":[{"name":"wp","href":"https:\/\/api.w.org\/{rel}","templated":true}]}}