{"id":4647,"date":"2023-04-11T15:08:42","date_gmt":"2023-04-11T13:08:42","guid":{"rendered":"https:\/\/gestespoctefa.eu\/resultados\/"},"modified":"2026-04-15T09:56:58","modified_gmt":"2026-04-15T07:56:58","slug":"resultats","status":"publish","type":"page","link":"https:\/\/gestespoctefa.eu\/ca\/resultats\/","title":{"rendered":"Resultats"},"content":{"rendered":"<div class=\"wpb-content-wrapper\"><p>[vc_row equal_height=&#8221;yes&#8221; css=&#8221;.vc_custom_1725278143530{padding-top: 50px !important;padding-bottom: 70px !important;}&#8221;][vc_column]<div id=\"ultimate-heading-297469f4fdd8b49b0\" class=\"uvc-heading ult-adjust-bottom-margin ultimate-heading-297469f4fdd8b49b0 uvc-5883 \" data-hspacer=\"no_spacer\"  data-halign=\"left\" style=\"text-align:left\"><div class=\"uvc-heading-spacer no_spacer\" style=\"top\"><\/div><div class=\"uvc-sub-heading ult-responsive\"  data-ultimate-target='.uvc-heading.ultimate-heading-297469f4fdd8b49b0 .uvc-sub-heading '  data-responsive-json-new='{\"font-size\":\"desktop:20px;\",\"line-height\":\"desktop:30px;\"}'  style=\"font-weight:normal;margin-bottom:35px;\">El projecte preveu diferents lliurables en les diferents accions:<\/div><\/div>[vc_row_inner equal_height=&#8221;yes&#8221; content_placement=&#8221;middle&#8221; gap=&#8221;30&#8243; css=&#8221;.vc_custom_1575376546455{padding-right: 25px !important;padding-left: 25px !important;}&#8221;][vc_column_inner css=&#8221;.vc_custom_1725278415147{border-top-width: 3px !important;border-right-width: 3px !important;border-bottom-width: 3px !important;border-left-width: 3px !important;padding-top: 50px !important;padding-right: 50px !important;padding-bottom: 50px !important;padding-left: 50px !important;border-left-style: solid !important;border-right-style: solid !important;border-top-style: solid !important;border-bottom-style: solid !important;border-radius: 25px !important;border-color: #9aca3c !important;}&#8221;]<div id=\"ultimate-heading-476169f4fdd8b49ee\" class=\"uvc-heading ult-adjust-bottom-margin ultimate-heading-476169f4fdd8b49ee uvc-5187 \" data-hspacer=\"no_spacer\"  data-halign=\"left\" style=\"text-align:left\"><div class=\"uvc-heading-spacer no_spacer\" style=\"top\"><\/div><div class=\"uvc-main-heading ult-responsive\"  data-ultimate-target='.uvc-heading.ultimate-heading-476169f4fdd8b49ee h2'  data-responsive-json-new='{\"font-size\":\"desktop:50px;\",\"line-height\":\"desktop:60px;\"}' ><h2 style=\"font-weight:bold;color:#9aca3c;\">Acci\u00f3 2<\/h2><\/div><div class=\"uvc-sub-heading ult-responsive\"  data-ultimate-target='.uvc-heading.ultimate-heading-476169f4fdd8b49ee .uvc-sub-heading '  data-responsive-json-new='{\"font-size\":\"desktop:20px;\",\"line-height\":\"desktop:30px;\"}'  style=\"font-weight:normal;color:#18baa8;margin-bottom:35px;\"><strong>Comunicaci\u00f3<\/strong><\/div><\/div>[vc_column_text css=&#8221;&#8221;]<\/p>\n<ul>\n<li>Notes de premsa i relaci\u00f3 amb els mitjans de comunicaci\u00f3<\/li>\n<li>Butllet\u00ed anual<\/li>\n<li>V\u00eddeos i imatges del projecte<\/li>\n<li>Esdeveniment final de presentaci\u00f3 de resultats<\/li>\n<li>Altres activitats de comunicaci\u00f3 pr\u00f2pies del projecte<\/li>\n<\/ul>\n<p>[\/vc_column_text][\/vc_column_inner][\/vc_row_inner][vc_row_inner equal_height=&#8221;yes&#8221; content_placement=&#8221;middle&#8221; gap=&#8221;30&#8243; css=&#8221;.vc_custom_1575377532487{padding-right: 25px !important;padding-left: 25px !important;}&#8221; el_class=&#8221;phone-reverse-col&#8221;][vc_column_inner css=&#8221;.vc_custom_1725278436987{border-top-width: 3px !important;border-right-width: 3px !important;border-bottom-width: 3px !important;border-left-width: 3px !important;padding-top: 50px !important;padding-right: 50px !important;padding-bottom: 50px !important;padding-left: 50px !important;border-left-style: solid !important;border-right-style: solid !important;border-top-style: solid !important;border-bottom-style: solid !important;border-radius: 25px !important;border-color: #9aca3c !important;}&#8221;]<div id=\"ultimate-heading-526269f4fdd8b4a14\" class=\"uvc-heading ult-adjust-bottom-margin ultimate-heading-526269f4fdd8b4a14 uvc-2659 \" data-hspacer=\"no_spacer\"  data-halign=\"left\" style=\"text-align:left\"><div class=\"uvc-heading-spacer no_spacer\" style=\"top\"><\/div><div class=\"uvc-main-heading ult-responsive\"  data-ultimate-target='.uvc-heading.ultimate-heading-526269f4fdd8b4a14 h2'  data-responsive-json-new='{\"font-size\":\"desktop:50px;\",\"line-height\":\"desktop:60px;\"}' ><h2 style=\"font-weight:bold;color:#9aca3c;\">Acci\u00f3 3<\/h2><\/div><div class=\"uvc-sub-heading ult-responsive\"  data-ultimate-target='.uvc-heading.ultimate-heading-526269f4fdd8b4a14 .uvc-sub-heading '  data-responsive-json-new='{\"font-size\":\"desktop:20px;\",\"line-height\":\"desktop:30px;\"}'  style=\"font-weight:normal;color:#18baa8;margin-bottom:35px;\"><strong>Con\u00e8ixer l&#8217; estat de conservaci\u00f3 i l&#8217; activitat de recol\u00b7lecci\u00f3 silvestre d&#8217; esp\u00e8cies arom\u00e0tico-medicinals i ornamentals recol\u00b7lectades amb finalitat comercial que suporten els espais naturals del territori POCTEFA<\/strong><\/div><\/div>[vc_column_text css=&#8221;&#8221;]<\/p>\n<ul>\n<li><strong>E3.1. <a href=\"https:\/\/gestespoctefa.eu\/wp-content\/uploads\/2026\/03\/3-1-informe-situacion-recoleccion-silvestre-PAM-CATALA.pdf\" target=\"_blank\" rel=\"noopener\">Informe de l&#8217;activitat de recol\u00b7lecci\u00f3 silvestre actual que suporta el territori POCTEFA<\/a>:<\/strong> llista actualitzada de les esp\u00e8cies recol\u00b7lectades, volums recol\u00b7lectats i zones de recol\u00b7lecci\u00f3. Esp\u00e8cies priorit\u00e0ries. Mecanismes i estris de registre i control de l&#8217; activitat. <strong><a href=\"https:\/\/gestespoctefa.eu\/wp-content\/uploads\/2026\/03\/e3.1.-Situacio-recol\u00b7leccio-Catalunya.pdf\" target=\"_blank\" rel=\"noopener\">ANNEX: <span data-olk-copy-source=\"MessageBody\">Situaci\u00f3 de la recol\u00b7lecci\u00f3 de plantes arom\u00e0tiques i medicinals silvestres a Catalunya.<\/span><\/a><\/strong><\/li>\n<li><strong>E3.2. <a href=\"https:\/\/floramap.eu\/ca\/\" target=\"_blank\" rel=\"noopener\">Eina de ci\u00e8ncia ciutadana col\u00b7laborativa i comuna a tots els territoris<\/a>:<\/strong> eina de recollida d&#8217;informaci\u00f3 proporcionada pels ciutadans sobre les esp\u00e8cies seleccionades a totes les zones del projecte.<\/li>\n<li><strong>E3.3. Informe resumit sobre els resultats del seguiment i monitoratge de les poblacions recol\u00b7lectades<\/strong>: resum de les diferents metodologies utilitzades per diagnosticar l&#8217;estat de les poblacions recol\u00b7lectades d&#8217;un determinat territori i els resultats obtinguts.<\/li>\n<li><strong>E3.4. Mapa de distribuci\u00f3 de les esp\u00e8cies recol\u00b7lectades subjectes al canvi clim\u00e0tic<\/strong>: modelitzaci\u00f3 de les \u00e0rees de distribuci\u00f3 de les esp\u00e8cies recol\u00b7lectades subjectes al canvi clim\u00e0tic.<\/li>\n<li><strong>E3.5. Informe sobre les contribucions de l&#8217;experimentaci\u00f3 <em>ex situ<\/em> al coneixement de les esp\u00e8cies recol\u00b7lectades<\/strong>: informe de l&#8217;experimentaci\u00f3 realitzada <em>ex situ<\/em> que reculli metodologies i resultats.<\/li>\n<\/ul>\n<p>[\/vc_column_text][\/vc_column_inner][vc_column_inner css=&#8221;.vc_custom_1725278456251{border-top-width: 3px !important;border-right-width: 3px !important;border-bottom-width: 3px !important;border-left-width: 3px !important;padding-top: 50px !important;padding-right: 50px !important;padding-bottom: 50px !important;padding-left: 50px !important;background-image: url(https:\/\/gestespoctefa.eu\/wp-content\/uploads\/2023\/05\/Camarillas_10jun22-jpg.webp?id=3923) !important;background-position: center !important;background-repeat: no-repeat !important;background-size: cover !important;border-left-style: solid !important;border-right-style: solid !important;border-top-style: solid !important;border-bottom-style: solid !important;border-radius: 25px !important;border-color: #9aca3c !important;}&#8221;]<div id=\"ultimate-heading-159569f4fdd8b4a34\" class=\"uvc-heading ult-adjust-bottom-margin ultimate-heading-159569f4fdd8b4a34 uvc-5596 \" data-hspacer=\"no_spacer\"  data-halign=\"left\" style=\"text-align:left\"><div class=\"uvc-heading-spacer no_spacer\" style=\"top\"><\/div><div class=\"uvc-main-heading ult-responsive\"  data-ultimate-target='.uvc-heading.ultimate-heading-159569f4fdd8b4a34 h2'  data-responsive-json-new='{\"font-size\":\"desktop:50px;\",\"line-height\":\"desktop:60px;\"}' ><h2 style=\"font-weight:bold;color:#9aca3c;\">Acci\u00f3 4<\/h2><\/div><div class=\"uvc-sub-heading ult-responsive\"  data-ultimate-target='.uvc-heading.ultimate-heading-159569f4fdd8b4a34 .uvc-sub-heading '  data-responsive-json-new='{\"font-size\":\"desktop:20px;\",\"line-height\":\"desktop:30px;\"}'  style=\"font-weight:normal;color:#18baa8;margin-bottom:35px;\"><strong>Proposar una gesti\u00f3 sostenible dels espais naturals per aconseguir una recol\u00b7lecci\u00f3 ordenada que protegeixi i conservi les esp\u00e8cies i els h\u00e0bitats i que satisfaci la demanda de les cadenes de valor de les esp\u00e8cies silvestres estudiades<\/strong><\/div><\/div>[vc_column_text css=&#8221;&#8221;]<\/p>\n<ul>\n<li><strong>E4.1. <a href=\"https:\/\/gestespoctefa.eu\/wp-content\/uploads\/2026\/02\/e4.1.-Informe-ecosistema-comercial-plantas-silvestres-GESTES.pdf\" target=\"_blank\" rel=\"noopener\">Descripci\u00f3 dels circuits comercials i les cadenes de valor de les diferents esp\u00e8cies silvestres explotada<\/a>: <\/strong>document que descriu les cadenes de valor, la identificaci\u00f3 dels diferents actors i la magnitud econ\u00f2mica de l&#8217;activitat cada tipus de circuit (alimentari, medicinal i verd ornamental).<\/li>\n<li><strong>E4.2. Plans de gesti\u00f3 pilot i recomanacions d&#8217;aprofitament per a l&#8217;aprofitament sostenible d&#8217;esp\u00e8cies silvestres que es recol\u00b7lecten comercialment als espais naturals del territori POCTEFA: <\/strong>presentaci\u00f3 de plans experimentals de gesti\u00f3 o recomanacions d&#8217;aprofitament per a l&#8217;explotaci\u00f3 sostenible de les poblacions silvestres.<\/li>\n<li><strong>E4.3. Itineraris t\u00e8cnics de cultiu: <\/strong>informe amb dades t\u00e8cniques sobre el cultiu d<em>&#8216;Arnica montana, Rhodiola rosea, Chiliadenus glutinosus, Valeriana officinalis<\/em> i <em>Allium ursinum<\/em>.<\/li>\n<li><strong>E4.4. Proposta de marc legislatiu i mem\u00f2ria d&#8217;avaluaci\u00f3 de l&#8217;impacte de les mesures de regulaci\u00f3 proposades: <\/strong>descripci\u00f3 del marc legislatiu d&#8217;ordenaci\u00f3 de l&#8217;activitat de recol\u00b7lecci\u00f3 d&#8217;esp\u00e8cies silvestres i mecanismes de control i seguiment i avaluaci\u00f3 de l&#8217;impacte de regular aquesta activitat.<\/li>\n<\/ul>\n<p>[\/vc_column_text][\/vc_column_inner][\/vc_row_inner][vc_row_inner equal_height=&#8221;yes&#8221; content_placement=&#8221;middle&#8221; gap=&#8221;30&#8243; css=&#8221;.vc_custom_1575377532487{padding-right: 25px !important;padding-left: 25px !important;}&#8221; el_class=&#8221;phone-reverse-col&#8221;][vc_column_inner css=&#8221;.vc_custom_1725278436987{border-top-width: 3px !important;border-right-width: 3px !important;border-bottom-width: 3px !important;border-left-width: 3px !important;padding-top: 50px !important;padding-right: 50px !important;padding-bottom: 50px !important;padding-left: 50px !important;border-left-style: solid !important;border-right-style: solid !important;border-top-style: solid !important;border-bottom-style: solid !important;border-radius: 25px !important;border-color: #9aca3c !important;}&#8221;]<div id=\"ultimate-heading-385069f4fdd8b4a52\" class=\"uvc-heading ult-adjust-bottom-margin ultimate-heading-385069f4fdd8b4a52 uvc-3142 \" data-hspacer=\"no_spacer\"  data-halign=\"left\" style=\"text-align:left\"><div class=\"uvc-heading-spacer no_spacer\" style=\"top\"><\/div><div class=\"uvc-main-heading ult-responsive\"  data-ultimate-target='.uvc-heading.ultimate-heading-385069f4fdd8b4a52 h2'  data-responsive-json-new='{\"font-size\":\"desktop:50px;\",\"line-height\":\"desktop:60px;\"}' ><h2 style=\"font-weight:bold;color:#9aca3c;\">Acci\u00f3 5<\/h2><\/div><div class=\"uvc-sub-heading ult-responsive\"  data-ultimate-target='.uvc-heading.ultimate-heading-385069f4fdd8b4a52 .uvc-sub-heading '  data-responsive-json-new='{\"font-size\":\"desktop:20px;\",\"line-height\":\"desktop:30px;\"}'  style=\"font-weight:normal;color:#18baa8;margin-bottom:35px;\"><strong>Accions de sensibilitzaci\u00f3 i transfer\u00e8ncia de coneixements sobre la recol\u00b7lecci\u00f3 sostenible i comercialitzaci\u00f3 d&#8217;esp\u00e8cies silvestres i disseny d&#8217;estrat\u00e8gies per a la certificaci\u00f3 dels recursos silvestres utilitzats en els productes comercials<\/strong><\/div><\/div>[vc_column_text css=&#8221;&#8221;]<\/p>\n<ul>\n<li><strong>E5.1. Informe de divulgaci\u00f3: <\/strong>format, contingut i execuci\u00f3 de la capacitaci\u00f3 implementada en els diferents territoris.<\/li>\n<li><strong>E5.2. Recursos l\u00fadic-divulgatius sobre la recol\u00b7lecci\u00f3 silvestre: <\/strong>contingut dels diferents recursos itinerants sobre els recol\u00b7lectors i la recol\u00b7lecci\u00f3.<\/li>\n<li><strong>E5.3. Plecs de condicions del principi de &#8220;recol\u00b7lecci\u00f3 sostenible&#8221; a adoptar per les diferents marques: <\/strong>condicions a seguir per aquelles marques que vulguin incorporar el distintiu &#8220;recol\u00b7lecci\u00f3 sostenible&#8221; i els mecanismes de control i seguiment a implementar.<\/li>\n<\/ul>\n<p>[\/vc_column_text][\/vc_column_inner][\/vc_row_inner][\/vc_column][\/vc_row]<\/p>\n<\/div>","protected":false},"excerpt":{"rendered":"<p>[vc_row equal_height=&#8221;yes&#8221; css=&#8221;.vc_custom_1725278143530{padding-top: 50px !important;padding-bottom: 70px !important;}&#8221;][vc_column][vc_row_inner equal_height=&#8221;yes&#8221; content_placement=&#8221;middle&#8221; gap=&#8221;30&#8243; css=&#8221;.vc_custom_1575376546455{padding-right: 25px !important;padding-left: 25px !important;}&#8221;][vc_column_inner css=&#8221;.vc_custom_1725278415147{border-top-width: 3px !important;border-right-width: 3px !important;border-bottom-width: 3px !important;border-left-width: 3px !important;padding-top: 50px !important;padding-right: 50px !important;padding-bottom: 50px !important;padding-left: 50px !important;border-left-style: solid !important;border-right-style: solid !important;border-top-style: solid !important;border-bottom-style: solid !important;border-radius: 25px !important;border-color: #9aca3c !important;}&#8221;][vc_column_text css=&#8221;&#8221;] Notes de premsa i relaci\u00f3 amb els mitjans de comunicaci\u00f3&hellip;<\/p>\n","protected":false},"author":1,"featured_media":0,"parent":0,"menu_order":0,"comment_status":"closed","ping_status":"closed","template":"","meta":{"footnotes":""},"class_list":["post-4647","page","type-page","status-publish","hentry","description-off"],"_links":{"self":[{"href":"https:\/\/gestespoctefa.eu\/ca\/wp-json\/wp\/v2\/pages\/4647","targetHints":{"allow":["GET"]}}],"collection":[{"href":"https:\/\/gestespoctefa.eu\/ca\/wp-json\/wp\/v2\/pages"}],"about":[{"href":"https:\/\/gestespoctefa.eu\/ca\/wp-json\/wp\/v2\/types\/page"}],"author":[{"embeddable":true,"href":"https:\/\/gestespoctefa.eu\/ca\/wp-json\/wp\/v2\/users\/1"}],"replies":[{"embeddable":true,"href":"https:\/\/gestespoctefa.eu\/ca\/wp-json\/wp\/v2\/comments?post=4647"}],"version-history":[{"count":14,"href":"https:\/\/gestespoctefa.eu\/ca\/wp-json\/wp\/v2\/pages\/4647\/revisions"}],"predecessor-version":[{"id":6184,"href":"https:\/\/gestespoctefa.eu\/ca\/wp-json\/wp\/v2\/pages\/4647\/revisions\/6184"}],"wp:attachment":[{"href":"https:\/\/gestespoctefa.eu\/ca\/wp-json\/wp\/v2\/media?parent=4647"}],"curies":[{"name":"wp","href":"https:\/\/api.w.org\/{rel}","templated":true}]}}