{"id":5518,"date":"2025-10-20T13:41:08","date_gmt":"2025-10-20T11:41:08","guid":{"rendered":"https:\/\/gestespoctefa.eu\/?post_type=dt_portfolio&#038;p=5518"},"modified":"2025-10-20T13:41:08","modified_gmt":"2025-10-20T11:41:08","slug":"juliana-navarro-parle-de-la-4%e1%b5%89-reunion-du-projet-gestes-sur-aragon-radio","status":"publish","type":"dt_portfolio","link":"https:\/\/gestespoctefa.eu\/fr\/documento\/juliana-navarro-parle-de-la-4%e1%b5%89-reunion-du-projet-gestes-sur-aragon-radio\/","title":{"rendered":"Juliana Navarro parle de la 4\u1d49 r\u00e9union du projet GESTES sur Arag\u00f3n Radio"},"content":{"rendered":"<p>Juliana Navarro, chercheuse au D\u00e9partement de Science V\u00e9g\u00e9tale du Centre de Recherche et de Technologie Agroalimentaire d\u2019Aragon (CITA), parle de l\u2019\u00e9volution men\u00e9e par le projet GESTES dans l\u2019\u00e9mission \u00abDe puertas al campo\u00bb d\u2019Arag\u00f3n Radio du 12\/10\/2025.<\/p>\n<p><iframe loading=\"lazy\" src=\"https:\/\/www.ivoox.com\/player_ej_160772670_6_1.html?c1=7cbc04\" width=\"100%\" height=\"200\" frameborder=\"0\" scrolling=\"no\" allowfullscreen=\"allowfullscreen\"><\/iframe><\/p>\n","protected":false},"excerpt":{"rendered":"<p>Juliana Navarro, chercheuse au D\u00e9partement de Science V\u00e9g\u00e9tale du Centre de Recherche et de Technologie Agroalimentaire d\u2019Aragon (CITA), parle de l\u2019\u00e9volution men\u00e9e par le projet GESTES dans l\u2019\u00e9mission \u00abDe puertas al campo\u00bb d\u2019Arag\u00f3n Radio du 12\/10\/2025.<\/p>\n","protected":false},"author":10,"featured_media":4913,"comment_status":"closed","ping_status":"closed","template":"","dt_portfolio_category":[81],"dt_portfolio_tags":[],"class_list":["post-5518","dt_portfolio","type-dt_portfolio","status-publish","has-post-thumbnail","hentry","dt_portfolio_category-radio-fr","dt_portfolio_category-81","description-off"],"_links":{"self":[{"href":"https:\/\/gestespoctefa.eu\/fr\/wp-json\/wp\/v2\/dt_portfolio\/5518","targetHints":{"allow":["GET"]}}],"collection":[{"href":"https:\/\/gestespoctefa.eu\/fr\/wp-json\/wp\/v2\/dt_portfolio"}],"about":[{"href":"https:\/\/gestespoctefa.eu\/fr\/wp-json\/wp\/v2\/types\/dt_portfolio"}],"author":[{"embeddable":true,"href":"https:\/\/gestespoctefa.eu\/fr\/wp-json\/wp\/v2\/users\/10"}],"replies":[{"embeddable":true,"href":"https:\/\/gestespoctefa.eu\/fr\/wp-json\/wp\/v2\/comments?post=5518"}],"version-history":[{"count":1,"href":"https:\/\/gestespoctefa.eu\/fr\/wp-json\/wp\/v2\/dt_portfolio\/5518\/revisions"}],"predecessor-version":[{"id":5519,"href":"https:\/\/gestespoctefa.eu\/fr\/wp-json\/wp\/v2\/dt_portfolio\/5518\/revisions\/5519"}],"wp:featuredmedia":[{"embeddable":true,"href":"https:\/\/gestespoctefa.eu\/fr\/wp-json\/wp\/v2\/media\/4913"}],"wp:attachment":[{"href":"https:\/\/gestespoctefa.eu\/fr\/wp-json\/wp\/v2\/media?parent=5518"}],"wp:term":[{"taxonomy":"dt_portfolio_category","embeddable":true,"href":"https:\/\/gestespoctefa.eu\/fr\/wp-json\/wp\/v2\/dt_portfolio_category?post=5518"},{"taxonomy":"dt_portfolio_tags","embeddable":true,"href":"https:\/\/gestespoctefa.eu\/fr\/wp-json\/wp\/v2\/dt_portfolio_tags?post=5518"}],"curies":[{"name":"wp","href":"https:\/\/api.w.org\/{rel}","templated":true}]}}