{"id":4682,"date":"2019-10-16T16:13:12","date_gmt":"2019-10-16T14:13:12","guid":{"rendered":"https:\/\/gestespoctefa.eu\/objetivos\/"},"modified":"2025-01-28T09:19:14","modified_gmt":"2025-01-28T08:19:14","slug":"objectifs","status":"publish","type":"page","link":"https:\/\/gestespoctefa.eu\/fr\/objectifs\/","title":{"rendered":"Objectifs"},"content":{"rendered":"<div class=\"wpb-content-wrapper\"><p>[vc_row gap=\u00a0\u00bb30&Prime; equal_height=\u00a0\u00bbyes\u00a0\u00bb css=\u00a0\u00bb.vc_custom_1681208796538{padding-top: 50px !important;padding-bottom: 50px !important;}\u00a0\u00bb][vc_column][vc_row_inner equal_height=\u00a0\u00bbyes\u00a0\u00bb content_placement=\u00a0\u00bbmiddle\u00a0\u00bb gap=\u00a0\u00bb30&Prime; css=\u00a0\u00bb.vc_custom_1575376546455{padding-right: 25px !important;padding-left: 25px !important;}\u00a0\u00bb][vc_column_inner css=\u00a0\u00bb.vc_custom_1725276465917{padding-top: 5% !important;padding-right: 5% !important;padding-bottom: 5% !important;padding-left: 5% !important;background-color: #18baa8 !important;border-radius: 25px !important;}\u00a0\u00bb]<div id=\"ultimate-heading-750169f38aa66ecd8\" class=\"uvc-heading ult-adjust-bottom-margin ultimate-heading-750169f38aa66ecd8 uvc-6503 \" data-hspacer=\"no_spacer\"  data-halign=\"left\" style=\"text-align:left\"><div class=\"uvc-heading-spacer no_spacer\" style=\"top\"><\/div><div class=\"uvc-main-heading ult-responsive\"  data-ultimate-target='.uvc-heading.ultimate-heading-750169f38aa66ecd8 h2'  data-responsive-json-new='{\"font-size\":\"desktop:50px;\",\"line-height\":\"desktop:60px;\"}' ><h2 style=\"font-weight:bold;color:#ffffff;margin-bottom:20px;\">Objectif g\u00e9n\u00e9ral<\/h2><\/div><div class=\"uvc-sub-heading ult-responsive\"  data-ultimate-target='.uvc-heading.ultimate-heading-750169f38aa66ecd8 .uvc-sub-heading '  data-responsive-json-new='{\"font-size\":\"desktop:20px;\",\"line-height\":\"desktop:30px;\"}'  style=\"font-weight:normal;color:#ffffff;\">Dans le cadre de la priorit\u00e9 \u00ab Prot\u00e9ger et consolider les valeurs \u00e9cologiques du territoire transfrontalier \u00bb, le projet a <strong>l&rsquo;objectif sp\u00e9cifique<\/strong> suivant : <em>promouvoir la protection et la conservation de la nature, de la biodiversit\u00e9 et des infrastructures \u00e9cologiques, y compris dans les zones urbaines, et la r\u00e9duction de toutes les formes de pollution<\/em>, ce qui est en m\u00eame temps conforme \u00e0 l&rsquo;objectif politique d&rsquo;une Europe plus verte.<\/p>\n<p>Ainsi, le projet a pour champ d&rsquo;intervention la \u00ab protection de la nature et de la biodiversit\u00e9, du patrimoine et des ressources naturelles, des infrastructures vertes et bleues \u00bb, son objectif g\u00e9n\u00e9ral \u00e9tant la <em>coop\u00e9ration dans la gestion durable de l&rsquo;utilisation des plantes aromatiques et m\u00e9dicinales et d&rsquo;autres esp\u00e8ces sauvages utilis\u00e9es comme plantes ornementales en tant qu&rsquo;outil de conservation et de pr\u00e9servation de la biodiversit\u00e9 dans les zones naturelles du territoire de POCTEFA<\/em>.<\/div><\/div>[\/vc_column_inner][\/vc_row_inner][\/vc_column][\/vc_row][vc_row equal_height=\u00a0\u00bbyes\u00a0\u00bb disable_element=\u00a0\u00bbyes\u00a0\u00bb css=\u00a0\u00bb.vc_custom_1729500644388{padding-bottom: 70px !important;}\u00a0\u00bb][vc_column]<div id=\"ultimate-heading-805269f38aa66ed16\" class=\"uvc-heading ult-adjust-bottom-margin ultimate-heading-805269f38aa66ed16 uvc-574 \" data-hspacer=\"no_spacer\"  data-halign=\"left\" style=\"text-align:left\"><div class=\"uvc-heading-spacer no_spacer\" style=\"top\"><\/div><div class=\"uvc-main-heading ult-responsive\"  data-ultimate-target='.uvc-heading.ultimate-heading-805269f38aa66ed16 h2'  data-responsive-json-new='{\"font-size\":\"desktop:50px;\",\"line-height\":\"desktop:60px;\"}' ><h2 style=\"font-weight:bold;color:#9aca3c;margin-bottom:20px;\">Objectifs sp\u00e9cifiques<\/h2><\/div><div class=\"uvc-sub-heading ult-responsive\"  data-ultimate-target='.uvc-heading.ultimate-heading-805269f38aa66ed16 .uvc-sub-heading '  data-responsive-json-new='{\"font-size\":\"desktop:20px;\",\"line-height\":\"desktop:30px;\"}'  style=\"font-weight:normal;margin-bottom:35px;\">Afin d&rsquo;atteindre ces \u00e9tapes cl\u00e9s, diff\u00e9rentes actions seront articul\u00e9es, chacune avec ses propres objectifs:<\/div><\/div>[vc_row_inner equal_height=\u00a0\u00bbyes\u00a0\u00bb content_placement=\u00a0\u00bbmiddle\u00a0\u00bb gap=\u00a0\u00bb30&Prime; css=\u00a0\u00bb.vc_custom_1575376546455{padding-right: 25px !important;padding-left: 25px !important;}\u00a0\u00bb][vc_column_inner width=\u00a0\u00bb1\/2&Prime; css=\u00a0\u00bb.vc_custom_1725276768314{border-top-width: 3px !important;border-right-width: 3px !important;border-bottom-width: 3px !important;border-left-width: 3px !important;padding-top: 15% !important;padding-right: 10% !important;padding-bottom: 15% !important;padding-left: 10% !important;background-image: url(https:\/\/gestespoctefa.eu\/wp-content\/uploads\/2023\/05\/abeja-jpg.webp?id=3920) !important;background-position: center !important;background-repeat: no-repeat !important;background-size: cover !important;border-left-style: solid !important;border-right-style: solid !important;border-top-style: solid !important;border-bottom-style: solid !important;border-radius: 25px !important;border-color: #9aca3c !important;}\u00a0\u00bb]<div id=\"ultimate-heading-580269f38aa66ed3c\" class=\"uvc-heading ult-adjust-bottom-margin ultimate-heading-580269f38aa66ed3c uvc-1842 \" data-hspacer=\"no_spacer\"  data-halign=\"left\" style=\"text-align:left\"><div class=\"uvc-heading-spacer no_spacer\" style=\"top\"><\/div><div class=\"uvc-main-heading ult-responsive\"  data-ultimate-target='.uvc-heading.ultimate-heading-580269f38aa66ed3c h2'  data-responsive-json-new='{\"font-size\":\"desktop:50px;\",\"line-height\":\"desktop:60px;\"}' ><h2 style=\"font-weight:bold;color:#9aca3c;margin-bottom:20px;\">Action 2<\/h2><\/div><div class=\"uvc-sub-heading ult-responsive\"  data-ultimate-target='.uvc-heading.ultimate-heading-580269f38aa66ed3c .uvc-sub-heading '  data-responsive-json-new='{\"font-size\":\"\",\"line-height\":\"\"}'  style=\"font-weight:normal;\">Transf\u00e9rer les r\u00e9sultats du projet \u00e0 d&rsquo;autres entit\u00e9s et territoires; mettre en \u0153uvre des m\u00e9canismes favorisant l&rsquo;\u00e9change d&rsquo;informations ; informer les b\u00e9n\u00e9ficiaires pendant la r\u00e9alisation du projet.<\/div><\/div>[\/vc_column_inner][vc_column_inner width=\u00a0\u00bb1\/2&Prime; css=\u00a0\u00bb.vc_custom_1725276607754{border-top-width: 3px !important;border-right-width: 3px !important;border-bottom-width: 3px !important;border-left-width: 3px !important;padding-top: 15% !important;padding-right: 10% !important;padding-bottom: 15% !important;padding-left: 10% !important;border-left-style: solid !important;border-right-style: solid !important;border-top-style: solid !important;border-bottom-style: solid !important;border-radius: 25px !important;border-color: #9aca3c !important;}\u00a0\u00bb]<div id=\"ultimate-heading-996969f38aa66ed5e\" class=\"uvc-heading ult-adjust-bottom-margin ultimate-heading-996969f38aa66ed5e uvc-2031 \" data-hspacer=\"no_spacer\"  data-halign=\"left\" style=\"text-align:left\"><div class=\"uvc-heading-spacer no_spacer\" style=\"top\"><\/div><div class=\"uvc-main-heading ult-responsive\"  data-ultimate-target='.uvc-heading.ultimate-heading-996969f38aa66ed5e h2'  data-responsive-json-new='{\"font-size\":\"desktop:50px;\",\"line-height\":\"desktop:60px;\"}' ><h2 style=\"font-weight:bold;color:#9aca3c;margin-bottom:20px;\">Action 3<\/h2><\/div><div class=\"uvc-sub-heading ult-responsive\"  data-ultimate-target='.uvc-heading.ultimate-heading-996969f38aa66ed5e .uvc-sub-heading '  data-responsive-json-new='{\"font-size\":\"\",\"line-height\":\"\"}'  style=\"font-weight:normal;\">Conna\u00eetre la situation actuelle des esp\u00e8ces collect\u00e9es dans les espaces naturels du territoire de POCTEFA afin d&rsquo;identifier les esp\u00e8ces\/populations et les espaces les plus d\u00e9grad\u00e9s et menac\u00e9s ainsi que les pratiques ayant le plus grand impact, ce qui nous permettra d&rsquo;\u00e9tablir des priorit\u00e9s d\u2019intervention et de gestion dans l\u2019action 4.<\/div><\/div>[\/vc_column_inner][\/vc_row_inner][vc_row_inner equal_height=\u00a0\u00bbyes\u00a0\u00bb content_placement=\u00a0\u00bbmiddle\u00a0\u00bb gap=\u00a0\u00bb30&Prime; css=\u00a0\u00bb.vc_custom_1575377532487{padding-right: 25px !important;padding-left: 25px !important;}\u00a0\u00bb el_class=\u00a0\u00bbphone-reverse-col\u00a0\u00bb][vc_column_inner width=\u00a0\u00bb1\/2&Prime; css=\u00a0\u00bb.vc_custom_1725276808951{border-top-width: 3px !important;border-right-width: 3px !important;border-bottom-width: 3px !important;border-left-width: 3px !important;padding-top: 15% !important;padding-right: 10% !important;padding-bottom: 15% !important;padding-left: 10% !important;border-left-style: solid !important;border-right-style: solid !important;border-top-style: solid !important;border-bottom-style: solid !important;border-radius: 25px !important;border-color: #9aca3c !important;}\u00a0\u00bb]<div id=\"ultimate-heading-1969f38aa66ed7c\" class=\"uvc-heading ult-adjust-bottom-margin ultimate-heading-1969f38aa66ed7c uvc-6463 \" data-hspacer=\"no_spacer\"  data-halign=\"left\" style=\"text-align:left\"><div class=\"uvc-heading-spacer no_spacer\" style=\"top\"><\/div><div class=\"uvc-main-heading ult-responsive\"  data-ultimate-target='.uvc-heading.ultimate-heading-1969f38aa66ed7c h2'  data-responsive-json-new='{\"font-size\":\"desktop:50px;\",\"line-height\":\"desktop:60px;\"}' ><h2 style=\"font-weight:bold;color:#9aca3c;margin-bottom:20px;\">Action 4<\/h2><\/div><div class=\"uvc-sub-heading ult-responsive\"  data-ultimate-target='.uvc-heading.ultimate-heading-1969f38aa66ed7c .uvc-sub-heading '  data-responsive-json-new='{\"font-size\":\"\",\"line-height\":\"\"}'  style=\"font-weight:normal;\">\u00c9laborer des plans de gestion de r\u00e9colte durable pour cinq esp\u00e8ces sauvages r\u00e9colt\u00e9es \u00e0 des fins commerciales, en accord avec les parties prenantes locales (administrations, techniciens de gestion, propri\u00e9taires fonciers et entreprises) et d\u00e9velopper la mise en \u0153uvre de la culture afin de minimiser la pression exerc\u00e9e par l&rsquo;activit\u00e9 sur leurs habitats.<\/div><\/div>[\/vc_column_inner][vc_column_inner width=\u00a0\u00bb1\/2&Prime; css=\u00a0\u00bb.vc_custom_1725276830995{border-top-width: 3px !important;border-right-width: 3px !important;border-bottom-width: 3px !important;border-left-width: 3px !important;padding-top: 15% !important;padding-right: 10% !important;padding-bottom: 15% !important;padding-left: 10% !important;background-image: url(https:\/\/gestespoctefa.eu\/wp-content\/uploads\/2023\/05\/Camarillas_10jun22-jpg.webp?id=3923) !important;background-position: center !important;background-repeat: no-repeat !important;background-size: cover !important;border-left-style: solid !important;border-right-style: solid !important;border-top-style: solid !important;border-bottom-style: solid !important;border-radius: 25px !important;border-color: #9aca3c !important;}\u00a0\u00bb]<div id=\"ultimate-heading-351669f38aa66eda5\" class=\"uvc-heading ult-adjust-bottom-margin ultimate-heading-351669f38aa66eda5 uvc-7466 \" data-hspacer=\"no_spacer\"  data-halign=\"left\" style=\"text-align:left\"><div class=\"uvc-heading-spacer no_spacer\" style=\"top\"><\/div><div class=\"uvc-main-heading ult-responsive\"  data-ultimate-target='.uvc-heading.ultimate-heading-351669f38aa66eda5 h2'  data-responsive-json-new='{\"font-size\":\"desktop:50px;\",\"line-height\":\"desktop:60px;\"}' ><h2 style=\"font-weight:bold;color:#9aca3c;margin-bottom:20px;\">Action 5<\/h2><\/div><div class=\"uvc-sub-heading ult-responsive\"  data-ultimate-target='.uvc-heading.ultimate-heading-351669f38aa66eda5 .uvc-sub-heading '  data-responsive-json-new='{\"font-size\":\"\",\"line-height\":\"\"}'  style=\"font-weight:normal;\">Mettre en \u00e9vidence et partager les connaissances sur l&rsquo;importance de concilier la conservation du patrimoine naturel et culturel avec l&rsquo;exploitation des ressources v\u00e9g\u00e9tales sauvages, en valorisant l&rsquo;activit\u00e9 de r\u00e9colte en tant que g\u00e9n\u00e9rateur d&rsquo;activit\u00e9 \u00e9conomique pour la population rurale.<\/div><\/div>[\/vc_column_inner][\/vc_row_inner][\/vc_column][\/vc_row][vc_row equal_height=\u00a0\u00bbyes\u00a0\u00bb css=\u00a0\u00bb.vc_custom_1725278143530{padding-top: 50px !important;padding-bottom: 70px !important;}\u00a0\u00bb][vc_column]<div id=\"ultimate-heading-94869f38aa66edc4\" class=\"uvc-heading ult-adjust-bottom-margin ultimate-heading-94869f38aa66edc4 uvc-3926 \" data-hspacer=\"no_spacer\"  data-halign=\"left\" style=\"text-align:left\"><div class=\"uvc-heading-spacer no_spacer\" style=\"top\"><\/div><div class=\"uvc-main-heading ult-responsive\"  data-ultimate-target='.uvc-heading.ultimate-heading-94869f38aa66edc4 h2'  data-responsive-json-new='{\"font-size\":\"desktop:50px;\",\"line-height\":\"desktop:60px;\"}' ><h2 style=\"font-weight:bold;color:#9aca3c;margin-bottom:20px;\">Objectifs sp\u00e9cifiques<\/h2><\/div><div class=\"uvc-sub-heading ult-responsive\"  data-ultimate-target='.uvc-heading.ultimate-heading-94869f38aa66edc4 .uvc-sub-heading '  data-responsive-json-new='{\"font-size\":\"desktop:20px;\",\"line-height\":\"desktop:30px;\"}'  style=\"font-weight:normal;margin-bottom:35px;\">Afin d&rsquo;atteindre ces \u00e9tapes cl\u00e9s, diff\u00e9rentes actions seront articul\u00e9es, chacune avec ses propres objectifs:<\/div><\/div>[vc_row_inner equal_height=\u00a0\u00bbyes\u00a0\u00bb content_placement=\u00a0\u00bbmiddle\u00a0\u00bb gap=\u00a0\u00bb30&Prime; css=\u00a0\u00bb.vc_custom_1575376546455{padding-right: 25px !important;padding-left: 25px !important;}\u00a0\u00bb][vc_column_inner css=\u00a0\u00bb.vc_custom_1725278198828{border-top-width: 3px !important;border-right-width: 3px !important;border-bottom-width: 3px !important;border-left-width: 3px !important;padding-top: 50px !important;padding-right: 50px !important;padding-bottom: 50px !important;padding-left: 50px !important;background-position: center !important;background-repeat: no-repeat !important;background-size: cover !important;border-left-style: solid !important;border-right-style: solid !important;border-top-style: solid !important;border-bottom-style: solid !important;border-radius: 25px !important;border-color: #9aca3c !important;}\u00a0\u00bb]<div id=\"ultimate-heading-755469f38aa66ede7\" class=\"uvc-heading ult-adjust-bottom-margin ultimate-heading-755469f38aa66ede7 uvc-4915 \" data-hspacer=\"no_spacer\"  data-halign=\"left\" style=\"text-align:left\"><div class=\"uvc-heading-spacer no_spacer\" style=\"top\"><\/div><div class=\"uvc-main-heading ult-responsive\"  data-ultimate-target='.uvc-heading.ultimate-heading-755469f38aa66ede7 h2'  data-responsive-json-new='{\"font-size\":\"desktop:50px;\",\"line-height\":\"desktop:60px;\"}' ><h2 style=\"font-weight:bold;color:#9aca3c;\">Action 1<\/h2><\/div><div class=\"uvc-sub-heading ult-responsive\"  data-ultimate-target='.uvc-heading.ultimate-heading-755469f38aa66ede7 .uvc-sub-heading '  data-responsive-json-new='{\"font-size\":\"desktop:20px;\",\"line-height\":\"desktop:30px;\"}'  style=\"font-weight:normal;color:#18baa8;margin-bottom:35px;\"><strong>Gestion de projet<\/strong><\/div><\/div>[vc_column_text css=\u00a0\u00bb\u00a0\u00bb]<\/p>\n<ul>\n<li>Coordonner en interne le partenariat pour assurer une gestion administrative, financi\u00e8re et un suivi optimal du plan d&rsquo;action.<\/li>\n<\/ul>\n<p>[\/vc_column_text][\/vc_column_inner][vc_column_inner css=\u00a0\u00bb.vc_custom_1725278415147{border-top-width: 3px !important;border-right-width: 3px !important;border-bottom-width: 3px !important;border-left-width: 3px !important;padding-top: 50px !important;padding-right: 50px !important;padding-bottom: 50px !important;padding-left: 50px !important;border-left-style: solid !important;border-right-style: solid !important;border-top-style: solid !important;border-bottom-style: solid !important;border-radius: 25px !important;border-color: #9aca3c !important;}\u00a0\u00bb]<div id=\"ultimate-heading-851069f38aa66ee06\" class=\"uvc-heading ult-adjust-bottom-margin ultimate-heading-851069f38aa66ee06 uvc-5330 \" data-hspacer=\"no_spacer\"  data-halign=\"left\" style=\"text-align:left\"><div class=\"uvc-heading-spacer no_spacer\" style=\"top\"><\/div><div class=\"uvc-main-heading ult-responsive\"  data-ultimate-target='.uvc-heading.ultimate-heading-851069f38aa66ee06 h2'  data-responsive-json-new='{\"font-size\":\"desktop:50px;\",\"line-height\":\"desktop:60px;\"}' ><h2 style=\"font-weight:bold;color:#9aca3c;\">Action 2<\/h2><\/div><div class=\"uvc-sub-heading ult-responsive\"  data-ultimate-target='.uvc-heading.ultimate-heading-851069f38aa66ee06 .uvc-sub-heading '  data-responsive-json-new='{\"font-size\":\"desktop:20px;\",\"line-height\":\"desktop:30px;\"}'  style=\"font-weight:normal;color:#18baa8;margin-bottom:35px;\"><strong>Communication<\/strong><\/div><\/div>[vc_column_text css=\u00a0\u00bb\u00a0\u00bb]<\/p>\n<ul>\n<li>Transf\u00e9rer les r\u00e9sultats du projet vers d&rsquo;autres entit\u00e9s et territoires.<\/li>\n<li>Mettre en \u0153uvre des m\u00e9canismes favorisant l&rsquo;\u00e9change d&rsquo;informations.<\/li>\n<li>Informer les b\u00e9n\u00e9ficiaires : Am\u00e9nageurs forestiers, propri\u00e9taires forestiers (publics et priv\u00e9s), agriculteurs, collecteurs, grossistes, transformateurs, laboratoires, agents forestiers et grand public.<\/li>\n<\/ul>\n<p>[\/vc_column_text][\/vc_column_inner][\/vc_row_inner][vc_row_inner equal_height=\u00a0\u00bbyes\u00a0\u00bb content_placement=\u00a0\u00bbmiddle\u00a0\u00bb gap=\u00a0\u00bb30&Prime; css=\u00a0\u00bb.vc_custom_1575377532487{padding-right: 25px !important;padding-left: 25px !important;}\u00a0\u00bb el_class=\u00a0\u00bbphone-reverse-col\u00a0\u00bb][vc_column_inner css=\u00a0\u00bb.vc_custom_1725278436987{border-top-width: 3px !important;border-right-width: 3px !important;border-bottom-width: 3px !important;border-left-width: 3px !important;padding-top: 50px !important;padding-right: 50px !important;padding-bottom: 50px !important;padding-left: 50px !important;border-left-style: solid !important;border-right-style: solid !important;border-top-style: solid !important;border-bottom-style: solid !important;border-radius: 25px !important;border-color: #9aca3c !important;}\u00a0\u00bb]<div id=\"ultimate-heading-537069f38aa66ee24\" class=\"uvc-heading ult-adjust-bottom-margin ultimate-heading-537069f38aa66ee24 uvc-3814 \" data-hspacer=\"no_spacer\"  data-halign=\"left\" style=\"text-align:left\"><div class=\"uvc-heading-spacer no_spacer\" style=\"top\"><\/div><div class=\"uvc-main-heading ult-responsive\"  data-ultimate-target='.uvc-heading.ultimate-heading-537069f38aa66ee24 h2'  data-responsive-json-new='{\"font-size\":\"desktop:50px;\",\"line-height\":\"desktop:60px;\"}' ><h2 style=\"font-weight:bold;color:#9aca3c;\">Action 3<\/h2><\/div><div class=\"uvc-sub-heading ult-responsive\"  data-ultimate-target='.uvc-heading.ultimate-heading-537069f38aa66ee24 .uvc-sub-heading '  data-responsive-json-new='{\"font-size\":\"desktop:20px;\",\"line-height\":\"desktop:30px;\"}'  style=\"font-weight:normal;color:#18baa8;margin-bottom:35px;\"><strong>Conna\u00eetre l&rsquo;\u00e9tat de conservation et l&rsquo;activit\u00e9 de collecte des esp\u00e8ces aromatiques-m\u00e9dicinales et ornementales collect\u00e9es \u00e0 des fins commerciales au sein des espaces naturels du territoire POCTEFA<\/strong><\/div><\/div>[vc_column_text css=\u00a0\u00bb\u00a0\u00bb]<\/p>\n<ul>\n<li>Conna\u00eetre la situation actuelle des esp\u00e8ces collect\u00e9es dans les espaces naturels du territoire POCTEFA pour identifier les esp\u00e8ces et\/ou populations et zones les plus alt\u00e9r\u00e9es et menac\u00e9es et les pratiques ayant le plus grand impact.<\/li>\n<li>\u00c9tablir les priorit\u00e9s d&rsquo;intervention et de gestion.<\/li>\n<\/ul>\n<p>[\/vc_column_text][\/vc_column_inner][vc_column_inner css=\u00a0\u00bb.vc_custom_1725278456251{border-top-width: 3px !important;border-right-width: 3px !important;border-bottom-width: 3px !important;border-left-width: 3px !important;padding-top: 50px !important;padding-right: 50px !important;padding-bottom: 50px !important;padding-left: 50px !important;background-image: url(https:\/\/gestespoctefa.eu\/wp-content\/uploads\/2023\/05\/Camarillas_10jun22-jpg.webp?id=3923) !important;background-position: center !important;background-repeat: no-repeat !important;background-size: cover !important;border-left-style: solid !important;border-right-style: solid !important;border-top-style: solid !important;border-bottom-style: solid !important;border-radius: 25px !important;border-color: #9aca3c !important;}\u00a0\u00bb]<div id=\"ultimate-heading-891669f38aa66ee42\" class=\"uvc-heading ult-adjust-bottom-margin ultimate-heading-891669f38aa66ee42 uvc-8856 \" data-hspacer=\"no_spacer\"  data-halign=\"left\" style=\"text-align:left\"><div class=\"uvc-heading-spacer no_spacer\" style=\"top\"><\/div><div class=\"uvc-main-heading ult-responsive\"  data-ultimate-target='.uvc-heading.ultimate-heading-891669f38aa66ee42 h2'  data-responsive-json-new='{\"font-size\":\"desktop:50px;\",\"line-height\":\"desktop:60px;\"}' ><h2 style=\"font-weight:bold;color:#9aca3c;\">Action 4<\/h2><\/div><div class=\"uvc-sub-heading ult-responsive\"  data-ultimate-target='.uvc-heading.ultimate-heading-891669f38aa66ee42 .uvc-sub-heading '  data-responsive-json-new='{\"font-size\":\"desktop:20px;\",\"line-height\":\"desktop:30px;\"}'  style=\"font-weight:normal;color:#18baa8;margin-bottom:35px;\"><strong>Proposer une gestion durable des espaces naturels pour parvenir \u00e0 une collecte ordonn\u00e9e qui prot\u00e8ge et conserve les esp\u00e8ces et les habitats et r\u00e9pond \u00e0 la demande des fili\u00e8res \u00e9conomiques des esp\u00e8ces \u00e9tudi\u00e9es<\/strong><\/div><\/div>[vc_column_text css=\u00a0\u00bb\u00a0\u00bb]<\/p>\n<ul>\n<li>\u00c9laborer des plans de gestion pour la collecte durable d&rsquo;esp\u00e8ces sauvages collect\u00e9es commercialement, convenus avec les acteurs locaux (administrations, techniciens de gestion, propri\u00e9taires et entreprises).<\/li>\n<li>D\u00e9velopper la culture de certaines esp\u00e8ces pour minimiser la pression de l&rsquo;activit\u00e9 dans leurs habitats.<\/li>\n<\/ul>\n<p>[\/vc_column_text][\/vc_column_inner][\/vc_row_inner][vc_row_inner equal_height=\u00a0\u00bbyes\u00a0\u00bb content_placement=\u00a0\u00bbmiddle\u00a0\u00bb gap=\u00a0\u00bb30&Prime; css=\u00a0\u00bb.vc_custom_1575377532487{padding-right: 25px !important;padding-left: 25px !important;}\u00a0\u00bb el_class=\u00a0\u00bbphone-reverse-col\u00a0\u00bb][vc_column_inner css=\u00a0\u00bb.vc_custom_1725278436987{border-top-width: 3px !important;border-right-width: 3px !important;border-bottom-width: 3px !important;border-left-width: 3px !important;padding-top: 50px !important;padding-right: 50px !important;padding-bottom: 50px !important;padding-left: 50px !important;border-left-style: solid !important;border-right-style: solid !important;border-top-style: solid !important;border-bottom-style: solid !important;border-radius: 25px !important;border-color: #9aca3c !important;}\u00a0\u00bb]<div id=\"ultimate-heading-951769f38aa66ee5f\" class=\"uvc-heading ult-adjust-bottom-margin ultimate-heading-951769f38aa66ee5f uvc-7098 \" data-hspacer=\"no_spacer\"  data-halign=\"left\" style=\"text-align:left\"><div class=\"uvc-heading-spacer no_spacer\" style=\"top\"><\/div><div class=\"uvc-main-heading ult-responsive\"  data-ultimate-target='.uvc-heading.ultimate-heading-951769f38aa66ee5f h2'  data-responsive-json-new='{\"font-size\":\"desktop:50px;\",\"line-height\":\"desktop:60px;\"}' ><h2 style=\"font-weight:bold;color:#9aca3c;\">Action 5<\/h2><\/div><div class=\"uvc-sub-heading ult-responsive\"  data-ultimate-target='.uvc-heading.ultimate-heading-951769f38aa66ee5f .uvc-sub-heading '  data-responsive-json-new='{\"font-size\":\"desktop:20px;\",\"line-height\":\"desktop:30px;\"}'  style=\"font-weight:normal;color:#18baa8;margin-bottom:35px;\"><strong>Actions de sensibilisation et de transfert de connaissances sur la collecte et la commercialisation durables des esp\u00e8ces sauvages et conception de strat\u00e9gies de certification des ressources sauvages utilis\u00e9es dans les produits commerciaux<\/strong><\/div><\/div>[vc_column_text css=\u00a0\u00bb\u00a0\u00bb]<\/p>\n<ul>\n<li>Mettre en valeur et partager les connaissances sur l&rsquo;importance de concilier la conservation du patrimoine naturel et culturel avec l&rsquo;exploitation des ressources v\u00e9g\u00e9tales sauvages.<\/li>\n<li>Valoriser l&rsquo;activit\u00e9 de collecte comme g\u00e9n\u00e9ratrice d&rsquo;activit\u00e9 \u00e9conomique pour la population rurale.<\/li>\n<\/ul>\n<p>[\/vc_column_text][\/vc_column_inner][\/vc_row_inner][\/vc_column][\/vc_row]<\/p>\n<\/div>","protected":false},"excerpt":{"rendered":"<p>[vc_row gap=\u00a0\u00bb30&Prime; equal_height=\u00a0\u00bbyes\u00a0\u00bb css=\u00a0\u00bb.vc_custom_1681208796538{padding-top: 50px !important;padding-bottom: 50px !important;}\u00a0\u00bb][vc_column][vc_row_inner equal_height=\u00a0\u00bbyes\u00a0\u00bb content_placement=\u00a0\u00bbmiddle\u00a0\u00bb gap=\u00a0\u00bb30&Prime; css=\u00a0\u00bb.vc_custom_1575376546455{padding-right: 25px !important;padding-left: 25px !important;}\u00a0\u00bb][vc_column_inner css=\u00a0\u00bb.vc_custom_1725276465917{padding-top: 5% !important;padding-right: 5% !important;padding-bottom: 5% !important;padding-left: 5% !important;background-color: #18baa8 !important;border-radius: 25px !important;}\u00a0\u00bb][\/vc_column_inner][\/vc_row_inner][\/vc_column][\/vc_row][vc_row equal_height=\u00a0\u00bbyes\u00a0\u00bb disable_element=\u00a0\u00bbyes\u00a0\u00bb css=\u00a0\u00bb.vc_custom_1729500644388{padding-bottom: 70px !important;}\u00a0\u00bb][vc_column][vc_row_inner equal_height=\u00a0\u00bbyes\u00a0\u00bb content_placement=\u00a0\u00bbmiddle\u00a0\u00bb gap=\u00a0\u00bb30&Prime; css=\u00a0\u00bb.vc_custom_1575376546455{padding-right: 25px !important;padding-left: 25px !important;}\u00a0\u00bb][vc_column_inner width=\u00a0\u00bb1\/2&Prime; css=\u00a0\u00bb.vc_custom_1725276768314{border-top-width: 3px !important;border-right-width: 3px !important;border-bottom-width: 3px !important;border-left-width: 3px !important;padding-top: 15% !important;padding-right: 10%&hellip;<\/p>\n","protected":false},"author":1,"featured_media":0,"parent":0,"menu_order":20,"comment_status":"closed","ping_status":"closed","template":"","meta":{"footnotes":""},"class_list":["post-4682","page","type-page","status-publish","hentry","description-off"],"_links":{"self":[{"href":"https:\/\/gestespoctefa.eu\/fr\/wp-json\/wp\/v2\/pages\/4682","targetHints":{"allow":["GET"]}}],"collection":[{"href":"https:\/\/gestespoctefa.eu\/fr\/wp-json\/wp\/v2\/pages"}],"about":[{"href":"https:\/\/gestespoctefa.eu\/fr\/wp-json\/wp\/v2\/types\/page"}],"author":[{"embeddable":true,"href":"https:\/\/gestespoctefa.eu\/fr\/wp-json\/wp\/v2\/users\/1"}],"replies":[{"embeddable":true,"href":"https:\/\/gestespoctefa.eu\/fr\/wp-json\/wp\/v2\/comments?post=4682"}],"version-history":[{"count":11,"href":"https:\/\/gestespoctefa.eu\/fr\/wp-json\/wp\/v2\/pages\/4682\/revisions"}],"predecessor-version":[{"id":5203,"href":"https:\/\/gestespoctefa.eu\/fr\/wp-json\/wp\/v2\/pages\/4682\/revisions\/5203"}],"wp:attachment":[{"href":"https:\/\/gestespoctefa.eu\/fr\/wp-json\/wp\/v2\/media?parent=4682"}],"curies":[{"name":"wp","href":"https:\/\/api.w.org\/{rel}","templated":true}]}}