{"id":4694,"date":"2019-10-16T16:14:43","date_gmt":"2019-10-16T14:14:43","guid":{"rendered":"https:\/\/gestespoctefa.eu\/noticias\/"},"modified":"2024-09-03T13:47:39","modified_gmt":"2024-09-03T11:47:39","slug":"actualites","status":"publish","type":"page","link":"https:\/\/gestespoctefa.eu\/fr\/actualites\/","title":{"rendered":"Actualit\u00e9s"},"content":{"rendered":"<div class=\"wpb-content-wrapper\"><p>[vc_row][vc_column css=\u00a0\u00bb.vc_custom_1575296582826{padding-bottom: 30px !important;}\u00a0\u00bb]<style type=\"text\/css\" data-type=\"the7_shortcodes-inline-css\">.blog-shortcode.blog-masonry-shortcode-id-37adbdb1a2811db9f5849b309fea8fe9.dividers-on.classic-layout-list article {\n  padding-top: 0;\n}\n.blog-shortcode.blog-masonry-shortcode-id-37adbdb1a2811db9f5849b309fea8fe9.dividers-on.classic-layout-list article:first-of-type {\n  margin-top: 0;\n  padding-top: 0;\n}\n.blog-shortcode.blog-masonry-shortcode-id-37adbdb1a2811db9f5849b309fea8fe9.classic-layout-list.mode-list .post-entry-content {\n  width: calc(100% - );\n}\n.blog-shortcode.blog-masonry-shortcode-id-37adbdb1a2811db9f5849b309fea8fe9.classic-layout-list.mode-list .no-img .post-entry-content {\n  width: 100%;\n}\n.blog-shortcode.blog-masonry-shortcode-id-37adbdb1a2811db9f5849b309fea8fe9 .filter-bg-decoration .filter-categories a.act {\n  color: #fff;\n}\n.blog-shortcode.blog-masonry-shortcode-id-37adbdb1a2811db9f5849b309fea8fe9:not(.mode-masonry) article:first-of-type,\n.blog-shortcode.blog-masonry-shortcode-id-37adbdb1a2811db9f5849b309fea8fe9:not(.mode-masonry) article.visible.first:not(.product) {\n  margin-top: 0;\n}\n.blog-shortcode.blog-masonry-shortcode-id-37adbdb1a2811db9f5849b309fea8fe9.dividers-on:not(.mode-masonry) article {\n  margin-top: 0;\n}\n.blog-shortcode.blog-masonry-shortcode-id-37adbdb1a2811db9f5849b309fea8fe9.dividers-on:not(.mode-masonry) article:first-of-type,\n.blog-shortcode.blog-masonry-shortcode-id-37adbdb1a2811db9f5849b309fea8fe9.dividers-on:not(.mode-masonry) article.visible.first:not(.product) {\n  margin-top: 0;\n  padding-top: 0;\n}\n.blog-shortcode.blog-masonry-shortcode-id-37adbdb1a2811db9f5849b309fea8fe9 .post-thumbnail-wrap {\n  padding: 0px 0px 0px 0px;\n}\n.blog-shortcode.blog-masonry-shortcode-id-37adbdb1a2811db9f5849b309fea8fe9.enable-bg-rollover .post-thumbnail-rollover:after {\n  background: -webkit-linear-gradient();\n  background: linear-gradient();\n}\n.blog-shortcode.blog-masonry-shortcode-id-37adbdb1a2811db9f5849b309fea8fe9 .gallery-zoom-ico {\n  width: 44px;\n  height: 44px;\n  line-height: 44px;\n  border-radius: 100px;\n  margin: -22px 0 0 -22px;\n  border-width: 0px;\n  color: #ffffff;\n}\n.bottom-overlap-layout-list.blog-shortcode.blog-masonry-shortcode-id-37adbdb1a2811db9f5849b309fea8fe9 .gallery-zoom-ico {\n  margin-top: -72px;\n}\n.gradient-overlay-layout-list.blog-shortcode.blog-masonry-shortcode-id-37adbdb1a2811db9f5849b309fea8fe9 .gallery-zoom-ico,\n.content-rollover-layout-list.blog-shortcode.blog-masonry-shortcode-id-37adbdb1a2811db9f5849b309fea8fe9 .gallery-zoom-ico {\n  margin: 0 0 10px;\n}\n.content-align-center.gradient-overlay-layout-list.blog-shortcode.blog-masonry-shortcode-id-37adbdb1a2811db9f5849b309fea8fe9 .gallery-zoom-ico,\n.content-align-center.content-rollover-layout-list.blog-shortcode.blog-masonry-shortcode-id-37adbdb1a2811db9f5849b309fea8fe9 .gallery-zoom-ico {\n  margin: 0 auto 10px;\n}\n.dt-icon-bg-on.blog-shortcode.blog-masonry-shortcode-id-37adbdb1a2811db9f5849b309fea8fe9 .gallery-zoom-ico {\n  background: rgba(255,255,255,0.3);\n  box-shadow: none;\n}\n.blog-shortcode.blog-masonry-shortcode-id-37adbdb1a2811db9f5849b309fea8fe9 .gallery-zoom-ico > span,\n.blog-shortcode.blog-masonry-shortcode-id-37adbdb1a2811db9f5849b309fea8fe9 .gallery-zoom-ico:before {\n  font-size: 32px;\n  line-height: 44px;\n}\n.blog-shortcode.blog-masonry-shortcode-id-37adbdb1a2811db9f5849b309fea8fe9 .gallery-zoom-ico > span,\n.blog-shortcode.blog-masonry-shortcode-id-37adbdb1a2811db9f5849b309fea8fe9 .gallery-zoom-ico:before {\n  color: #ffffff;\n}\n.blog-shortcode.blog-masonry-shortcode-id-37adbdb1a2811db9f5849b309fea8fe9 .entry-title,\n.blog-shortcode.blog-masonry-shortcode-id-37adbdb1a2811db9f5849b309fea8fe9.owl-carousel .entry-title {\n  margin-bottom: 10px;\n  font-size: 34px;\n  line-height: 44px;\n  font-weight: bold;\n}\n.blog-shortcode.blog-masonry-shortcode-id-37adbdb1a2811db9f5849b309fea8fe9 .entry-meta {\n  margin-bottom: 15px;\n}\n.blog-shortcode.blog-masonry-shortcode-id-37adbdb1a2811db9f5849b309fea8fe9 .entry-meta * {\n  font-size: 14px;\n  line-height: 24px;\n}\n.blog-shortcode.blog-masonry-shortcode-id-37adbdb1a2811db9f5849b309fea8fe9 .portfolio-categories {\n  margin-bottom: 15px;\n}\n.blog-shortcode.blog-masonry-shortcode-id-37adbdb1a2811db9f5849b309fea8fe9 .entry-excerpt {\n  margin-bottom: 10px;\n  font-size: 16px;\n  line-height: 28px;\n}\n.blog-shortcode.blog-masonry-shortcode-id-37adbdb1a2811db9f5849b309fea8fe9:not(.centered-layout-list) .post-entry-content {\n  padding: 25px 0px 30px 0px;\n}\n.blog-shortcode.blog-masonry-shortcode-id-37adbdb1a2811db9f5849b309fea8fe9:not(.centered-layout-list):not(.content-bg-on):not(.mode-list) .no-img .post-entry-content {\n  padding: 0;\n}\n@media screen and (max-width: ) {\n  .blog-shortcode.blog-masonry-shortcode-id-37adbdb1a2811db9f5849b309fea8fe9 article {\n    -ms-flex-flow: column nowrap;\n    flex-flow: column nowrap;\n    margin-top: 20px;\n  }\n  .blog-shortcode.blog-masonry-shortcode-id-37adbdb1a2811db9f5849b309fea8fe9.dividers-on article {\n    border: none;\n  }\n  .blog-shortcode.blog-masonry-shortcode-id-37adbdb1a2811db9f5849b309fea8fe9.content-bg-on.centered-layout-list article {\n    padding: 0;\n  }\n  .blog-shortcode.blog-masonry-shortcode-id-37adbdb1a2811db9f5849b309fea8fe9.blog-shortcode.dividers-on article,\n  .blog-shortcode.blog-masonry-shortcode-id-37adbdb1a2811db9f5849b309fea8fe9.dividers-on.classic-layout-list article {\n    margin-top: 20px;\n    padding: 0;\n  }\n  .blog-shortcode.blog-masonry-shortcode-id-37adbdb1a2811db9f5849b309fea8fe9.blog-shortcode.dividers-on article:first-of-type,\n  .blog-shortcode.blog-masonry-shortcode-id-37adbdb1a2811db9f5849b309fea8fe9.dividers-on.classic-layout-list article:first-of-type {\n    padding: 0;\n  }\n  #page .blog-shortcode.blog-masonry-shortcode-id-37adbdb1a2811db9f5849b309fea8fe9 .post-thumbnail-wrap,\n  #page .blog-shortcode.blog-masonry-shortcode-id-37adbdb1a2811db9f5849b309fea8fe9 .post-entry-content {\n    width: 100%;\n    margin: 0;\n    top: 0;\n  }\n  #page .blog-shortcode.blog-masonry-shortcode-id-37adbdb1a2811db9f5849b309fea8fe9 .post-thumbnail-wrap {\n    padding: 0;\n  }\n  #page .blog-shortcode.blog-masonry-shortcode-id-37adbdb1a2811db9f5849b309fea8fe9 .post-entry-content:after {\n    display: none;\n  }\n  #page .blog-shortcode.blog-masonry-shortcode-id-37adbdb1a2811db9f5849b309fea8fe9 .project-even .post-thumbnail-wrap,\n  #page .blog-shortcode.blog-masonry-shortcode-id-37adbdb1a2811db9f5849b309fea8fe9.centered-layout-list .post-thumbnail-wrap {\n    -ms-flex-order: 0;\n    order: 0;\n  }\n  #page .blog-shortcode.blog-masonry-shortcode-id-37adbdb1a2811db9f5849b309fea8fe9.centered-layout-list .post-entry-title-content {\n    -ms-flex-order: 1;\n    order: 1;\n    width: 100%;\n    padding: 20px 20px 0;\n  }\n  #page .blog-shortcode.blog-masonry-shortcode-id-37adbdb1a2811db9f5849b309fea8fe9.centered-layout-list .post-entry-content {\n    -ms-flex-order: 2;\n    order: 2;\n    padding-top: 0;\n  }\n  #page .blog-shortcode.blog-masonry-shortcode-id-37adbdb1a2811db9f5849b309fea8fe9 .fancy-categories {\n    top: 10px;\n    left: 10px;\n    bottom: auto;\n    right: auto;\n  }\n  #page .blog-shortcode.blog-masonry-shortcode-id-37adbdb1a2811db9f5849b309fea8fe9 .fancy-date a {\n    top: 10px;\n    right: 10px;\n    left: auto;\n    bottom: auto;\n  }\n  #page .blog-shortcode.blog-masonry-shortcode-id-37adbdb1a2811db9f5849b309fea8fe9 .post-entry-content {\n    padding: 20px;\n  }\n  #page .blog-shortcode.blog-masonry-shortcode-id-37adbdb1a2811db9f5849b309fea8fe9 .entry-title {\n    margin: 3px 0 5px;\n    font-size: 20px;\n    line-height: 26px;\n  }\n  #page .blog-shortcode.blog-masonry-shortcode-id-37adbdb1a2811db9f5849b309fea8fe9 .entry-meta {\n    margin: 5px 0 5px;\n  }\n  #page .blog-shortcode.blog-masonry-shortcode-id-37adbdb1a2811db9f5849b309fea8fe9 .entry-excerpt {\n    margin: 15px 0 0;\n  }\n  #page .blog-shortcode.blog-masonry-shortcode-id-37adbdb1a2811db9f5849b309fea8fe9 .post-details {\n    margin: 5px 0 10px;\n  }\n  #page .blog-shortcode.blog-masonry-shortcode-id-37adbdb1a2811db9f5849b309fea8fe9 .post-details.details-type-link {\n    margin-bottom: 2px;\n  }\n}\n.blog-shortcode.blog-masonry-shortcode-id-37adbdb1a2811db9f5849b309fea8fe9:not(.resize-by-browser-width) .dt-css-grid {\n  grid-row-gap: 30px;\n  grid-column-gap: 30px;\n  grid-template-columns: repeat(auto-fill,minmax(,1fr));\n}\n.blog-shortcode.blog-masonry-shortcode-id-37adbdb1a2811db9f5849b309fea8fe9:not(.resize-by-browser-width) .dt-css-grid .double-width {\n  grid-column: span 2;\n}\n.cssgridlegacy.no-cssgrid .blog-shortcode.blog-masonry-shortcode-id-37adbdb1a2811db9f5849b309fea8fe9:not(.resize-by-browser-width) .dt-css-grid,\n.no-cssgridlegacy.no-cssgrid .blog-shortcode.blog-masonry-shortcode-id-37adbdb1a2811db9f5849b309fea8fe9:not(.resize-by-browser-width) .dt-css-grid {\n  display: flex;\n  flex-flow: row wrap;\n  margin: -15px;\n}\n.cssgridlegacy.no-cssgrid .blog-shortcode.blog-masonry-shortcode-id-37adbdb1a2811db9f5849b309fea8fe9:not(.resize-by-browser-width) .dt-css-grid .wf-cell,\n.no-cssgridlegacy.no-cssgrid .blog-shortcode.blog-masonry-shortcode-id-37adbdb1a2811db9f5849b309fea8fe9:not(.resize-by-browser-width) .dt-css-grid .wf-cell {\n  flex: 1 0 ;\n  max-width: 100%;\n  padding: 15px;\n  box-sizing: border-box;\n}\n.blog-shortcode.blog-masonry-shortcode-id-37adbdb1a2811db9f5849b309fea8fe9.resize-by-browser-width .dt-css-grid {\n  grid-template-columns: repeat(1,1fr);\n  grid-template-rows: auto;\n  grid-column-gap: 30px;\n  grid-row-gap: 30px;\n}\n.blog-shortcode.blog-masonry-shortcode-id-37adbdb1a2811db9f5849b309fea8fe9.resize-by-browser-width .dt-css-grid .double-width {\n  grid-column: span 2;\n}\n.cssgridlegacy.no-cssgrid .blog-shortcode.blog-masonry-shortcode-id-37adbdb1a2811db9f5849b309fea8fe9.resize-by-browser-width .dt-css-grid {\n  margin: -15px;\n}\n.cssgridlegacy.no-cssgrid .blog-shortcode.blog-masonry-shortcode-id-37adbdb1a2811db9f5849b309fea8fe9.resize-by-browser-width .dt-css-grid .wf-cell {\n  width: 100%;\n  padding: 15px;\n}\n.cssgridlegacy.no-cssgrid .blog-shortcode.blog-masonry-shortcode-id-37adbdb1a2811db9f5849b309fea8fe9.resize-by-browser-width .dt-css-grid .wf-cell.double-width {\n  width: calc(100%) * 2;\n}\n.blog-shortcode.blog-masonry-shortcode-id-37adbdb1a2811db9f5849b309fea8fe9.resize-by-browser-width:not(.centered-layout-list):not(.content-bg-on) .dt-css-grid {\n  grid-row-gap: 0px;\n}\n@media screen and (max-width: 1199px) {\n  .blog-shortcode.blog-masonry-shortcode-id-37adbdb1a2811db9f5849b309fea8fe9.resize-by-browser-width .dt-css-grid {\n    grid-template-columns: repeat(1,1fr);\n  }\n  .cssgridlegacy.no-cssgrid .blog-shortcode.blog-masonry-shortcode-id-37adbdb1a2811db9f5849b309fea8fe9.resize-by-browser-width .dt-css-grid .wf-cell,\n  .no-cssgridlegacy.no-cssgrid .blog-shortcode.blog-masonry-shortcode-id-37adbdb1a2811db9f5849b309fea8fe9.resize-by-browser-width .dt-css-grid .wf-cell {\n    width: 100%;\n  }\n  .cssgridlegacy.no-cssgrid .blog-shortcode.blog-masonry-shortcode-id-37adbdb1a2811db9f5849b309fea8fe9.resize-by-browser-width .dt-css-grid .wf-cell.double-width,\n  .no-cssgridlegacy.no-cssgrid .blog-shortcode.blog-masonry-shortcode-id-37adbdb1a2811db9f5849b309fea8fe9.resize-by-browser-width .dt-css-grid .wf-cell.double-width {\n    width: calc(100%)*2;\n  }\n}\n@media screen and (max-width: 991px) {\n  .blog-shortcode.blog-masonry-shortcode-id-37adbdb1a2811db9f5849b309fea8fe9.resize-by-browser-width .dt-css-grid {\n    grid-template-columns: repeat(1,1fr);\n  }\n  .cssgridlegacy.no-cssgrid .blog-shortcode.blog-masonry-shortcode-id-37adbdb1a2811db9f5849b309fea8fe9.resize-by-browser-width .dt-css-grid .wf-cell,\n  .no-cssgridlegacy.no-cssgrid .blog-shortcode.blog-masonry-shortcode-id-37adbdb1a2811db9f5849b309fea8fe9.resize-by-browser-width .dt-css-grid .wf-cell {\n    width: 100%;\n  }\n  .cssgridlegacy.no-cssgrid .blog-shortcode.blog-masonry-shortcode-id-37adbdb1a2811db9f5849b309fea8fe9.resize-by-browser-width .dt-css-grid .wf-cell.double-width,\n  .no-cssgridlegacy.no-cssgrid .blog-shortcode.blog-masonry-shortcode-id-37adbdb1a2811db9f5849b309fea8fe9.resize-by-browser-width .dt-css-grid .wf-cell.double-width {\n    width: calc(100%)*2;\n  }\n}\n@media screen and (max-width: 767px) {\n  .blog-shortcode.blog-masonry-shortcode-id-37adbdb1a2811db9f5849b309fea8fe9.resize-by-browser-width .dt-css-grid {\n    grid-template-columns: repeat(1,1fr);\n  }\n  .blog-shortcode.blog-masonry-shortcode-id-37adbdb1a2811db9f5849b309fea8fe9.resize-by-browser-width .dt-css-grid .double-width {\n    grid-column: span 1;\n  }\n  .cssgridlegacy.no-cssgrid .blog-shortcode.blog-masonry-shortcode-id-37adbdb1a2811db9f5849b309fea8fe9.resize-by-browser-width .dt-css-grid .wf-cell,\n  .no-cssgridlegacy.no-cssgrid .blog-shortcode.blog-masonry-shortcode-id-37adbdb1a2811db9f5849b309fea8fe9.resize-by-browser-width .dt-css-grid .wf-cell {\n    width: 100%;\n  }\n  .cssgridlegacy.no-cssgrid .blog-shortcode.blog-masonry-shortcode-id-37adbdb1a2811db9f5849b309fea8fe9.resize-by-browser-width .dt-css-grid .wf-cell.double-width,\n  .no-cssgridlegacy.no-cssgrid .blog-shortcode.blog-masonry-shortcode-id-37adbdb1a2811db9f5849b309fea8fe9.resize-by-browser-width .dt-css-grid .wf-cell.double-width {\n    width: calc(100%)*2;\n  }\n}\n<\/style><div class=\"blog-shortcode blog-masonry-shortcode-id-37adbdb1a2811db9f5849b309fea8fe9 mode-grid classic-layout-list jquery-filter vertical-fancy-style dt-css-grid-wrap dt-icon-bg-off resize-by-browser-width loading-effect-none description-under-image \" data-padding=\"15px\" data-cur-page=\"1\" data-post-limit=\"-1\" data-pagination-mode=\"none\" data-desktop-columns-num=\"1\" data-v-tablet-columns-num=\"1\" data-h-tablet-columns-num=\"1\" data-phone-columns-num=\"1\" data-width=\"0px\" data-columns=\"0\"><div class=\"dt-css-grid\" ><div class=\"visible wf-cell\" data-post-id=\"6195\" data-date=\"2026-04-15T10:08:25+02:00\" data-name=\"FLOR@MAP, un outil de science citoyenne au service de la biodiversit\u00e9 v\u00e9g\u00e9tale du territoire POCTEFA\"><article class=\"post project-odd visible post-6195 type-post status-publish format-standard has-post-thumbnail hentry category-nouvelles category-80\" data-name=\"FLOR@MAP, un outil de science citoyenne au service de la biodiversit\u00e9 v\u00e9g\u00e9tale du territoire POCTEFA\" data-date=\"2026-04-15T10:08:25+02:00\">\n\n<div class=\"post-thumbnail-wrap\">\n\t<div class=\"post-thumbnail\">\n\t\t\n\t\t<span class=\"fancy-categories\"><a href=\"https:\/\/gestespoctefa.eu\/fr\/category\/nouvelles\/\" rel=\"category tag\">Nouvelles<\/a><\/span>\n\t\t<a href=\"https:\/\/gestespoctefa.eu\/fr\/flormap-un-outil-de-science-citoyenne-au-service-de-la-biodiversite-vegetale-du-territoire-poctefa\/\" class=\"post-thumbnail-rollover layzr-bg layzr-bg\" ><img fetchpriority=\"high\" decoding=\"async\" class=\"iso-lazy-load preload-me iso-lazy-load aspect\" src=\"data:image\/svg+xml,%3Csvg%20xmlns%3D&#39;http%3A%2F%2Fwww.w3.org%2F2000%2Fsvg&#39;%20viewBox%3D&#39;0%200%20990%20495&#39;%2F%3E\" data-src=\"https:\/\/gestespoctefa.eu\/wp-content\/uploads\/2026\/04\/Herramienta-ciencia-ciudadana-GESTES-990x495.png\" data-srcset=\"https:\/\/gestespoctefa.eu\/wp-content\/uploads\/2026\/04\/Herramienta-ciencia-ciudadana-GESTES-990x495.png 990w, https:\/\/gestespoctefa.eu\/wp-content\/uploads\/2026\/04\/Herramienta-ciencia-ciudadana-GESTES-1366x683.png 1366w\" loading=\"eager\" style=\"--ratio: 990 \/ 495\" sizes=\"(max-width: 990px) 100vw, 990px\" alt=\"\" title=\"Herramienta ciencia ciudadana GESTES\" width=\"990\" height=\"495\"  \/><\/a>\t<\/div>\n<\/div>\n\n\n<div class=\"post-entry-content\">\n\n\t<h3 class=\"entry-title\">\n\t\t<a href=\"https:\/\/gestespoctefa.eu\/fr\/flormap-un-outil-de-science-citoyenne-au-service-de-la-biodiversite-vegetale-du-territoire-poctefa\/\" title=\"FLOR@MAP, un outil de science citoyenne au service de la biodiversit\u00e9 v\u00e9g\u00e9tale du territoire POCTEFA\" rel=\"bookmark\">FLOR@MAP, un outil de science citoyenne au service de la biodiversit\u00e9 v\u00e9g\u00e9tale du territoire POCTEFA<\/a>\n\t<\/h3>\n\n\t<div class=\"entry-meta\"><span class=\"category-link\"><a href=\"https:\/\/gestespoctefa.eu\/fr\/category\/nouvelles\/\" >Nouvelles<\/a><\/span><a href=\"https:\/\/gestespoctefa.eu\/fr\/2026\/04\/15\/\" title=\"10:08\" class=\"data-link\" rel=\"bookmark\"><time class=\"entry-date updated\" datetime=\"2026-04-15T10:08:25+02:00\">15\/04\/2026<\/time><\/a><\/div>\n\t<div class=\"entry-excerpt\"><p>Dans le cadre du projet transfrontalier GESTES \u2013 Gestion durable des esp\u00e8ces sauvages dans les espaces naturels (POCTEFA), le Conservatoire botanique national des Pyr\u00e9n\u00e9es et de Midi-Pyr\u00e9n\u00e9es et ses partenaires lancent FLOR@MAP, un nouvel outil de science citoyenne d\u00e9di\u00e9 \u00e0 la connaissance et \u00e0 la pr\u00e9servation de la flore sauvage. Acc\u00e9der \u00e0 la plateforme :&hellip;<\/p>\n<\/div>\n\t\n<a href=\"https:\/\/gestespoctefa.eu\/fr\/flormap-un-outil-de-science-citoyenne-au-service-de-la-biodiversite-vegetale-du-territoire-poctefa\/\" class=\"dt-btn-s dt-btn post-details details-type-btn\" aria-label=\"En savoir plus sur FLOR@MAP, un outil de science citoyenne au service de la biodiversit\u00e9 v\u00e9g\u00e9tale du territoire POCTEFA\">En savoir plus<i class=\"dt-icon-the7-arrow-03\" aria-hidden=\"true\"><\/i><\/a>\n\n<\/div><\/article><\/div><\/div><!-- iso-container|iso-grid --><\/div>[\/vc_column][vc_column]<style type=\"text\/css\" data-type=\"the7_shortcodes-inline-css\">.blog-shortcode.blog-masonry-shortcode-id-c6335bc52275308b761335fef53a7c22.dividers-on.classic-layout-list article {\n  padding-top: 0;\n}\n.blog-shortcode.blog-masonry-shortcode-id-c6335bc52275308b761335fef53a7c22.dividers-on.classic-layout-list article:first-of-type {\n  margin-top: 0;\n  padding-top: 0;\n}\n.blog-shortcode.blog-masonry-shortcode-id-c6335bc52275308b761335fef53a7c22.classic-layout-list.mode-list .post-entry-content {\n  width: calc(100% - );\n}\n.blog-shortcode.blog-masonry-shortcode-id-c6335bc52275308b761335fef53a7c22.classic-layout-list.mode-list .no-img .post-entry-content {\n  width: 100%;\n}\n.blog-shortcode.blog-masonry-shortcode-id-c6335bc52275308b761335fef53a7c22 .filter-bg-decoration .filter-categories a.act {\n  color: #fff;\n}\n.blog-shortcode.blog-masonry-shortcode-id-c6335bc52275308b761335fef53a7c22:not(.mode-masonry) article:first-of-type,\n.blog-shortcode.blog-masonry-shortcode-id-c6335bc52275308b761335fef53a7c22:not(.mode-masonry) article.visible.first:not(.product) {\n  margin-top: 0;\n}\n.blog-shortcode.blog-masonry-shortcode-id-c6335bc52275308b761335fef53a7c22.dividers-on:not(.mode-masonry) article {\n  margin-top: 0;\n}\n.blog-shortcode.blog-masonry-shortcode-id-c6335bc52275308b761335fef53a7c22.dividers-on:not(.mode-masonry) article:first-of-type,\n.blog-shortcode.blog-masonry-shortcode-id-c6335bc52275308b761335fef53a7c22.dividers-on:not(.mode-masonry) article.visible.first:not(.product) {\n  margin-top: 0;\n  padding-top: 0;\n}\n.blog-shortcode.blog-masonry-shortcode-id-c6335bc52275308b761335fef53a7c22 .post-thumbnail-wrap {\n  padding: 0px 0px 0px 0px;\n}\n.blog-shortcode.blog-masonry-shortcode-id-c6335bc52275308b761335fef53a7c22.enable-bg-rollover .post-thumbnail-rollover:after {\n  background: -webkit-linear-gradient();\n  background: linear-gradient();\n}\n.blog-shortcode.blog-masonry-shortcode-id-c6335bc52275308b761335fef53a7c22 .gallery-zoom-ico {\n  width: 44px;\n  height: 44px;\n  line-height: 44px;\n  border-radius: 100px;\n  margin: -22px 0 0 -22px;\n  border-width: 0px;\n  color: #ffffff;\n}\n.bottom-overlap-layout-list.blog-shortcode.blog-masonry-shortcode-id-c6335bc52275308b761335fef53a7c22 .gallery-zoom-ico {\n  margin-top: -72px;\n}\n.gradient-overlay-layout-list.blog-shortcode.blog-masonry-shortcode-id-c6335bc52275308b761335fef53a7c22 .gallery-zoom-ico,\n.content-rollover-layout-list.blog-shortcode.blog-masonry-shortcode-id-c6335bc52275308b761335fef53a7c22 .gallery-zoom-ico {\n  margin: 0 0 10px;\n}\n.content-align-center.gradient-overlay-layout-list.blog-shortcode.blog-masonry-shortcode-id-c6335bc52275308b761335fef53a7c22 .gallery-zoom-ico,\n.content-align-center.content-rollover-layout-list.blog-shortcode.blog-masonry-shortcode-id-c6335bc52275308b761335fef53a7c22 .gallery-zoom-ico {\n  margin: 0 auto 10px;\n}\n.dt-icon-bg-on.blog-shortcode.blog-masonry-shortcode-id-c6335bc52275308b761335fef53a7c22 .gallery-zoom-ico {\n  background: rgba(255,255,255,0.3);\n  box-shadow: none;\n}\n.blog-shortcode.blog-masonry-shortcode-id-c6335bc52275308b761335fef53a7c22 .gallery-zoom-ico > span,\n.blog-shortcode.blog-masonry-shortcode-id-c6335bc52275308b761335fef53a7c22 .gallery-zoom-ico:before {\n  font-size: 32px;\n  line-height: 44px;\n}\n.blog-shortcode.blog-masonry-shortcode-id-c6335bc52275308b761335fef53a7c22 .gallery-zoom-ico > span,\n.blog-shortcode.blog-masonry-shortcode-id-c6335bc52275308b761335fef53a7c22 .gallery-zoom-ico:before {\n  color: #ffffff;\n}\n.blog-shortcode.blog-masonry-shortcode-id-c6335bc52275308b761335fef53a7c22 .entry-title,\n.blog-shortcode.blog-masonry-shortcode-id-c6335bc52275308b761335fef53a7c22.owl-carousel .entry-title {\n  margin-bottom: 10px;\n  font-size: 20px;\n  line-height: 30px;\n  font-weight: bold;\n}\n.blog-shortcode.blog-masonry-shortcode-id-c6335bc52275308b761335fef53a7c22 .entry-meta {\n  margin-bottom: 20px;\n}\n.blog-shortcode.blog-masonry-shortcode-id-c6335bc52275308b761335fef53a7c22 .entry-meta * {\n  font-size: 14px;\n  line-height: 24px;\n}\n.blog-shortcode.blog-masonry-shortcode-id-c6335bc52275308b761335fef53a7c22 .portfolio-categories {\n  margin-bottom: 20px;\n}\n.blog-shortcode.blog-masonry-shortcode-id-c6335bc52275308b761335fef53a7c22 .entry-excerpt {\n  margin-bottom: 5px;\n  font-size: 13px;\n  line-height: 19px;\n}\n.blog-shortcode.blog-masonry-shortcode-id-c6335bc52275308b761335fef53a7c22:not(.centered-layout-list) .post-entry-content {\n  padding: 25px 0px 35px 0px;\n}\n.blog-shortcode.blog-masonry-shortcode-id-c6335bc52275308b761335fef53a7c22:not(.centered-layout-list):not(.content-bg-on):not(.mode-list) .no-img .post-entry-content {\n  padding: 0;\n}\n@media screen and (max-width: ) {\n  .blog-shortcode.blog-masonry-shortcode-id-c6335bc52275308b761335fef53a7c22 article {\n    -ms-flex-flow: column nowrap;\n    flex-flow: column nowrap;\n    margin-top: 20px;\n  }\n  .blog-shortcode.blog-masonry-shortcode-id-c6335bc52275308b761335fef53a7c22.dividers-on article {\n    border: none;\n  }\n  .blog-shortcode.blog-masonry-shortcode-id-c6335bc52275308b761335fef53a7c22.content-bg-on.centered-layout-list article {\n    padding: 0;\n  }\n  .blog-shortcode.blog-masonry-shortcode-id-c6335bc52275308b761335fef53a7c22.blog-shortcode.dividers-on article,\n  .blog-shortcode.blog-masonry-shortcode-id-c6335bc52275308b761335fef53a7c22.dividers-on.classic-layout-list article {\n    margin-top: 20px;\n    padding: 0;\n  }\n  .blog-shortcode.blog-masonry-shortcode-id-c6335bc52275308b761335fef53a7c22.blog-shortcode.dividers-on article:first-of-type,\n  .blog-shortcode.blog-masonry-shortcode-id-c6335bc52275308b761335fef53a7c22.dividers-on.classic-layout-list article:first-of-type {\n    padding: 0;\n  }\n  #page .blog-shortcode.blog-masonry-shortcode-id-c6335bc52275308b761335fef53a7c22 .post-thumbnail-wrap,\n  #page .blog-shortcode.blog-masonry-shortcode-id-c6335bc52275308b761335fef53a7c22 .post-entry-content {\n    width: 100%;\n    margin: 0;\n    top: 0;\n  }\n  #page .blog-shortcode.blog-masonry-shortcode-id-c6335bc52275308b761335fef53a7c22 .post-thumbnail-wrap {\n    padding: 0;\n  }\n  #page .blog-shortcode.blog-masonry-shortcode-id-c6335bc52275308b761335fef53a7c22 .post-entry-content:after {\n    display: none;\n  }\n  #page .blog-shortcode.blog-masonry-shortcode-id-c6335bc52275308b761335fef53a7c22 .project-even .post-thumbnail-wrap,\n  #page .blog-shortcode.blog-masonry-shortcode-id-c6335bc52275308b761335fef53a7c22.centered-layout-list .post-thumbnail-wrap {\n    -ms-flex-order: 0;\n    order: 0;\n  }\n  #page .blog-shortcode.blog-masonry-shortcode-id-c6335bc52275308b761335fef53a7c22.centered-layout-list .post-entry-title-content {\n    -ms-flex-order: 1;\n    order: 1;\n    width: 100%;\n    padding: 20px 20px 0;\n  }\n  #page .blog-shortcode.blog-masonry-shortcode-id-c6335bc52275308b761335fef53a7c22.centered-layout-list .post-entry-content {\n    -ms-flex-order: 2;\n    order: 2;\n    padding-top: 0;\n  }\n  #page .blog-shortcode.blog-masonry-shortcode-id-c6335bc52275308b761335fef53a7c22 .fancy-categories {\n    top: 10px;\n    left: 10px;\n    bottom: auto;\n    right: auto;\n  }\n  #page .blog-shortcode.blog-masonry-shortcode-id-c6335bc52275308b761335fef53a7c22 .fancy-date a {\n    top: 10px;\n    right: 10px;\n    left: auto;\n    bottom: auto;\n  }\n  #page .blog-shortcode.blog-masonry-shortcode-id-c6335bc52275308b761335fef53a7c22 .post-entry-content {\n    padding: 20px;\n  }\n  #page .blog-shortcode.blog-masonry-shortcode-id-c6335bc52275308b761335fef53a7c22 .entry-title {\n    margin: 3px 0 5px;\n    font-size: 20px;\n    line-height: 26px;\n  }\n  #page .blog-shortcode.blog-masonry-shortcode-id-c6335bc52275308b761335fef53a7c22 .entry-meta {\n    margin: 5px 0 5px;\n  }\n  #page .blog-shortcode.blog-masonry-shortcode-id-c6335bc52275308b761335fef53a7c22 .entry-excerpt {\n    margin: 15px 0 0;\n  }\n  #page .blog-shortcode.blog-masonry-shortcode-id-c6335bc52275308b761335fef53a7c22 .post-details {\n    margin: 5px 0 10px;\n  }\n  #page .blog-shortcode.blog-masonry-shortcode-id-c6335bc52275308b761335fef53a7c22 .post-details.details-type-link {\n    margin-bottom: 2px;\n  }\n}\n.blog-shortcode.blog-masonry-shortcode-id-c6335bc52275308b761335fef53a7c22:not(.resize-by-browser-width) .dt-css-grid {\n  grid-row-gap: 30px;\n  grid-column-gap: 30px;\n  grid-template-columns: repeat(auto-fill,minmax(,1fr));\n}\n.blog-shortcode.blog-masonry-shortcode-id-c6335bc52275308b761335fef53a7c22:not(.resize-by-browser-width) .dt-css-grid .double-width {\n  grid-column: span 2;\n}\n.cssgridlegacy.no-cssgrid .blog-shortcode.blog-masonry-shortcode-id-c6335bc52275308b761335fef53a7c22:not(.resize-by-browser-width) .dt-css-grid,\n.no-cssgridlegacy.no-cssgrid .blog-shortcode.blog-masonry-shortcode-id-c6335bc52275308b761335fef53a7c22:not(.resize-by-browser-width) .dt-css-grid {\n  display: flex;\n  flex-flow: row wrap;\n  margin: -15px;\n}\n.cssgridlegacy.no-cssgrid .blog-shortcode.blog-masonry-shortcode-id-c6335bc52275308b761335fef53a7c22:not(.resize-by-browser-width) .dt-css-grid .wf-cell,\n.no-cssgridlegacy.no-cssgrid .blog-shortcode.blog-masonry-shortcode-id-c6335bc52275308b761335fef53a7c22:not(.resize-by-browser-width) .dt-css-grid .wf-cell {\n  flex: 1 0 ;\n  max-width: 100%;\n  padding: 15px;\n  box-sizing: border-box;\n}\n.blog-shortcode.blog-masonry-shortcode-id-c6335bc52275308b761335fef53a7c22.resize-by-browser-width .dt-css-grid {\n  grid-template-columns: repeat(2,1fr);\n  grid-template-rows: auto;\n  grid-column-gap: 30px;\n  grid-row-gap: 30px;\n}\n.blog-shortcode.blog-masonry-shortcode-id-c6335bc52275308b761335fef53a7c22.resize-by-browser-width .dt-css-grid .double-width {\n  grid-column: span 2;\n}\n.cssgridlegacy.no-cssgrid .blog-shortcode.blog-masonry-shortcode-id-c6335bc52275308b761335fef53a7c22.resize-by-browser-width .dt-css-grid {\n  margin: -15px;\n}\n.cssgridlegacy.no-cssgrid .blog-shortcode.blog-masonry-shortcode-id-c6335bc52275308b761335fef53a7c22.resize-by-browser-width .dt-css-grid .wf-cell {\n  width: 50%;\n  padding: 15px;\n}\n.cssgridlegacy.no-cssgrid .blog-shortcode.blog-masonry-shortcode-id-c6335bc52275308b761335fef53a7c22.resize-by-browser-width .dt-css-grid .wf-cell.double-width {\n  width: calc(50%) * 2;\n}\n.blog-shortcode.blog-masonry-shortcode-id-c6335bc52275308b761335fef53a7c22.resize-by-browser-width:not(.centered-layout-list):not(.content-bg-on) .dt-css-grid {\n  grid-row-gap: -5px;\n}\n@media screen and (max-width: 1199px) {\n  .blog-shortcode.blog-masonry-shortcode-id-c6335bc52275308b761335fef53a7c22.resize-by-browser-width .dt-css-grid {\n    grid-template-columns: repeat(2,1fr);\n  }\n  .cssgridlegacy.no-cssgrid .blog-shortcode.blog-masonry-shortcode-id-c6335bc52275308b761335fef53a7c22.resize-by-browser-width .dt-css-grid .wf-cell,\n  .no-cssgridlegacy.no-cssgrid .blog-shortcode.blog-masonry-shortcode-id-c6335bc52275308b761335fef53a7c22.resize-by-browser-width .dt-css-grid .wf-cell {\n    width: 50%;\n  }\n  .cssgridlegacy.no-cssgrid .blog-shortcode.blog-masonry-shortcode-id-c6335bc52275308b761335fef53a7c22.resize-by-browser-width .dt-css-grid .wf-cell.double-width,\n  .no-cssgridlegacy.no-cssgrid .blog-shortcode.blog-masonry-shortcode-id-c6335bc52275308b761335fef53a7c22.resize-by-browser-width .dt-css-grid .wf-cell.double-width {\n    width: calc(50%)*2;\n  }\n}\n@media screen and (max-width: 991px) {\n  .blog-shortcode.blog-masonry-shortcode-id-c6335bc52275308b761335fef53a7c22.resize-by-browser-width .dt-css-grid {\n    grid-template-columns: repeat(1,1fr);\n  }\n  .cssgridlegacy.no-cssgrid .blog-shortcode.blog-masonry-shortcode-id-c6335bc52275308b761335fef53a7c22.resize-by-browser-width .dt-css-grid .wf-cell,\n  .no-cssgridlegacy.no-cssgrid .blog-shortcode.blog-masonry-shortcode-id-c6335bc52275308b761335fef53a7c22.resize-by-browser-width .dt-css-grid .wf-cell {\n    width: 100%;\n  }\n  .cssgridlegacy.no-cssgrid .blog-shortcode.blog-masonry-shortcode-id-c6335bc52275308b761335fef53a7c22.resize-by-browser-width .dt-css-grid .wf-cell.double-width,\n  .no-cssgridlegacy.no-cssgrid .blog-shortcode.blog-masonry-shortcode-id-c6335bc52275308b761335fef53a7c22.resize-by-browser-width .dt-css-grid .wf-cell.double-width {\n    width: calc(100%)*2;\n  }\n}\n@media screen and (max-width: 767px) {\n  .blog-shortcode.blog-masonry-shortcode-id-c6335bc52275308b761335fef53a7c22.resize-by-browser-width .dt-css-grid {\n    grid-template-columns: repeat(1,1fr);\n  }\n  .blog-shortcode.blog-masonry-shortcode-id-c6335bc52275308b761335fef53a7c22.resize-by-browser-width .dt-css-grid .double-width {\n    grid-column: span 1;\n  }\n  .cssgridlegacy.no-cssgrid .blog-shortcode.blog-masonry-shortcode-id-c6335bc52275308b761335fef53a7c22.resize-by-browser-width .dt-css-grid .wf-cell,\n  .no-cssgridlegacy.no-cssgrid .blog-shortcode.blog-masonry-shortcode-id-c6335bc52275308b761335fef53a7c22.resize-by-browser-width .dt-css-grid .wf-cell {\n    width: 100%;\n  }\n  .cssgridlegacy.no-cssgrid .blog-shortcode.blog-masonry-shortcode-id-c6335bc52275308b761335fef53a7c22.resize-by-browser-width .dt-css-grid .wf-cell.double-width,\n  .no-cssgridlegacy.no-cssgrid .blog-shortcode.blog-masonry-shortcode-id-c6335bc52275308b761335fef53a7c22.resize-by-browser-width .dt-css-grid .wf-cell.double-width {\n    width: calc(100%)*2;\n  }\n}\n<\/style><div class=\"blog-shortcode blog-masonry-shortcode-id-c6335bc52275308b761335fef53a7c22 mode-grid classic-layout-list jquery-filter vertical-fancy-style meta-info-off dt-css-grid-wrap dt-icon-bg-off resize-by-browser-width loading-effect-none description-under-image \" data-padding=\"15px\" data-cur-page=\"1\" data-post-limit=\"6\" data-pagination-mode=\"load-more\" data-desktop-columns-num=\"2\" data-v-tablet-columns-num=\"1\" data-h-tablet-columns-num=\"2\" data-phone-columns-num=\"1\" data-width=\"0px\" data-columns=\"0\"><div class=\"dt-css-grid\" ><div class=\"visible wf-cell\" data-post-id=\"6175\" data-date=\"2026-03-23T12:51:28+01:00\" data-name=\"GESTES informe sur la situation de la r\u00e9colte sauvage de plantes m\u00e9dicinales dans les Pyr\u00e9n\u00e9es\"><article class=\"post project-odd visible post-6175 type-post status-publish format-standard has-post-thumbnail hentry category-nouvelles category-80\" data-name=\"GESTES informe sur la situation de la r\u00e9colte sauvage de plantes m\u00e9dicinales dans les Pyr\u00e9n\u00e9es\" data-date=\"2026-03-23T12:51:28+01:00\">\n\n<div class=\"post-thumbnail-wrap\">\n\t<div class=\"post-thumbnail\">\n\t\t\n\t\t<span class=\"fancy-categories\"><a href=\"https:\/\/gestespoctefa.eu\/fr\/category\/nouvelles\/\" rel=\"category tag\">Nouvelles<\/a><\/span>\n\t\t<a href=\"https:\/\/gestespoctefa.eu\/fr\/gestes-informe-sur-la-situation-de-la-recolte-sauvage-de-plantes-medicinales-dans-les-pyrenees\/\" class=\"post-thumbnail-rollover layzr-bg layzr-bg\" ><img decoding=\"async\" class=\"iso-lazy-load preload-me iso-lazy-load aspect\" src=\"data:image\/svg+xml,%3Csvg%20xmlns%3D&#39;http%3A%2F%2Fwww.w3.org%2F2000%2Fsvg&#39;%20viewBox%3D&#39;0%200%20990%20618&#39;%2F%3E\" data-src=\"https:\/\/gestespoctefa.eu\/wp-content\/uploads\/2026\/03\/Main-steph.-RG-scaled-990x618.jpg\" data-srcset=\"https:\/\/gestespoctefa.eu\/wp-content\/uploads\/2026\/03\/Main-steph.-RG-scaled-990x618.jpg 990w, https:\/\/gestespoctefa.eu\/wp-content\/uploads\/2026\/03\/Main-steph.-RG-scaled-1485x927.jpg 1485w\" loading=\"eager\" style=\"--ratio: 990 \/ 618\" sizes=\"(max-width: 990px) 100vw, 990px\" alt=\"\" title=\"Main steph. RG\" width=\"990\" height=\"618\"  \/><\/a>\t<\/div>\n<\/div>\n\n\n<div class=\"post-entry-content\">\n\n\t<h3 class=\"entry-title\">\n\t\t<a href=\"https:\/\/gestespoctefa.eu\/fr\/gestes-informe-sur-la-situation-de-la-recolte-sauvage-de-plantes-medicinales-dans-les-pyrenees\/\" title=\"GESTES informe sur la situation de la r\u00e9colte sauvage de plantes m\u00e9dicinales dans les Pyr\u00e9n\u00e9es\" rel=\"bookmark\">GESTES informe sur la situation de la r\u00e9colte sauvage de plantes m\u00e9dicinales dans les Pyr\u00e9n\u00e9es<\/a>\n\t<\/h3>\n\n\t\n\t<div class=\"entry-excerpt\"><p>Le projet GESTES POCTEFA Interreg poursuit son avanc\u00e9e et a \u00e9labor\u00e9 un nouveau rapport, \u00abActualisation de la liste des plantes r\u00e9colt\u00e9es dans les Pyr\u00e9n\u00e9es\u00bb, inscrit\u2026<\/p>\n<\/div>\n\t\n<a href=\"https:\/\/gestespoctefa.eu\/fr\/gestes-informe-sur-la-situation-de-la-recolte-sauvage-de-plantes-medicinales-dans-les-pyrenees\/\" class=\"dt-btn-s dt-btn post-details details-type-btn\" aria-label=\"En savoir plus sur GESTES informe sur la situation de la r\u00e9colte sauvage de plantes m\u00e9dicinales dans les Pyr\u00e9n\u00e9es\">En savoir plus<i class=\"dt-icon-the7-arrow-03\" aria-hidden=\"true\"><\/i><\/a>\n\n<\/div><\/article><\/div><div class=\"visible wf-cell\" data-post-id=\"5843\" data-date=\"2025-12-12T10:17:50+01:00\" data-name=\"Les plantes sauvages traditionnellement cueillies font peau neuve par leur mise en culture chez nos producteurs\"><article class=\"post project-odd visible post-5843 type-post status-publish format-standard has-post-thumbnail hentry category-nouvelles category-80\" data-name=\"Les plantes sauvages traditionnellement cueillies font peau neuve par leur mise en culture chez nos producteurs\" data-date=\"2025-12-12T10:17:50+01:00\">\n\n<div class=\"post-thumbnail-wrap\">\n\t<div class=\"post-thumbnail\">\n\t\t\n\t\t<span class=\"fancy-categories\"><a href=\"https:\/\/gestespoctefa.eu\/fr\/category\/nouvelles\/\" rel=\"category tag\">Nouvelles<\/a><\/span>\n\t\t<a href=\"https:\/\/gestespoctefa.eu\/fr\/les-plantes-sauvages-traditionnellement-cueillies-font-peau-neuve-par-leur-mise-en-culture-chez-nos-producteurs\/\" class=\"post-thumbnail-rollover layzr-bg layzr-bg\" ><img decoding=\"async\" class=\"iso-lazy-load preload-me iso-lazy-load aspect\" src=\"data:image\/svg+xml,%3Csvg%20xmlns%3D&#39;http%3A%2F%2Fwww.w3.org%2F2000%2Fsvg&#39;%20viewBox%3D&#39;0%200%20990%20618&#39;%2F%3E\" data-src=\"https:\/\/gestespoctefa.eu\/wp-content\/uploads\/2025\/12\/3.-Suivi-Valeriane-a-Fillols-Marie-Sarotte-scaled-990x618.jpg\" data-srcset=\"https:\/\/gestespoctefa.eu\/wp-content\/uploads\/2025\/12\/3.-Suivi-Valeriane-a-Fillols-Marie-Sarotte-scaled-990x618.jpg 990w, https:\/\/gestespoctefa.eu\/wp-content\/uploads\/2025\/12\/3.-Suivi-Valeriane-a-Fillols-Marie-Sarotte-scaled-1485x927.jpg 1485w\" loading=\"eager\" style=\"--ratio: 990 \/ 618\" sizes=\"(max-width: 990px) 100vw, 990px\" alt=\"\" title=\"Suivi de la Val\u00e9riane \u00e0 Fillols (Marie Sarotte) \u2013 Automne 2025\" width=\"990\" height=\"618\"  \/><\/a>\t<\/div>\n<\/div>\n\n\n<div class=\"post-entry-content\">\n\n\t<h3 class=\"entry-title\">\n\t\t<a href=\"https:\/\/gestespoctefa.eu\/fr\/les-plantes-sauvages-traditionnellement-cueillies-font-peau-neuve-par-leur-mise-en-culture-chez-nos-producteurs\/\" title=\"Les plantes sauvages traditionnellement cueillies font peau neuve par leur mise en culture chez nos producteurs\" rel=\"bookmark\">Les plantes sauvages traditionnellement cueillies font peau neuve par leur mise en culture chez nos producteurs<\/a>\n\t<\/h3>\n\n\t\n\t<div class=\"entry-excerpt\"><p>Gr\u00e2ce \u00e0 l\u2019implication de 5 producteurs.rices de plantes \u00e0 parfums aromatiques et m\u00e9dicinales (PPAM) du Parc Naturel R\u00e9gional des Pyr\u00e9n\u00e9es Catalanes dans le projet de\u2026<\/p>\n<\/div>\n\t\n<a href=\"https:\/\/gestespoctefa.eu\/fr\/les-plantes-sauvages-traditionnellement-cueillies-font-peau-neuve-par-leur-mise-en-culture-chez-nos-producteurs\/\" class=\"dt-btn-s dt-btn post-details details-type-btn\" aria-label=\"En savoir plus sur Les plantes sauvages traditionnellement cueillies font peau neuve par leur mise en culture chez nos producteurs\">En savoir plus<i class=\"dt-icon-the7-arrow-03\" aria-hidden=\"true\"><\/i><\/a>\n\n<\/div><\/article><\/div><div class=\"visible wf-cell\" data-post-id=\"5807\" data-date=\"2025-12-09T12:48:21+01:00\" data-name=\"R\u00e9colte des pieds de valeriane au CFPPA Ari\u00e8ge-Comminges\"><article class=\"post project-odd visible post-5807 type-post status-publish format-standard has-post-thumbnail hentry category-nouvelles category-80\" data-name=\"R\u00e9colte des pieds de valeriane au CFPPA Ari\u00e8ge-Comminges\" data-date=\"2025-12-09T12:48:21+01:00\">\n\n<div class=\"post-thumbnail-wrap\">\n\t<div class=\"post-thumbnail\">\n\t\t\n\t\t<span class=\"fancy-categories\"><a href=\"https:\/\/gestespoctefa.eu\/fr\/category\/nouvelles\/\" rel=\"category tag\">Nouvelles<\/a><\/span>\n\t\t<a href=\"https:\/\/gestespoctefa.eu\/fr\/recolte-des-pieds-de-valeriane-au-cfppa-ariege-comminges\/\" class=\"post-thumbnail-rollover layzr-bg layzr-bg\" ><img decoding=\"async\" class=\"iso-lazy-load preload-me iso-lazy-load aspect\" src=\"data:image\/svg+xml,%3Csvg%20xmlns%3D&#39;http%3A%2F%2Fwww.w3.org%2F2000%2Fsvg&#39;%20viewBox%3D&#39;0%200%20990%20618&#39;%2F%3E\" data-src=\"https:\/\/gestespoctefa.eu\/wp-content\/uploads\/2025\/12\/3transport--scaled-990x618.jpg\" data-srcset=\"https:\/\/gestespoctefa.eu\/wp-content\/uploads\/2025\/12\/3transport--scaled-990x618.jpg 990w, https:\/\/gestespoctefa.eu\/wp-content\/uploads\/2025\/12\/3transport--scaled-1485x927.jpg 1485w\" loading=\"eager\" style=\"--ratio: 990 \/ 618\" sizes=\"(max-width: 990px) 100vw, 990px\" alt=\"\" title=\"Recolte des pieds de valeriane au CFPPA Ari\u00e8ge-Comminges\" width=\"990\" height=\"618\"  \/><\/a>\t<\/div>\n<\/div>\n\n\n<div class=\"post-entry-content\">\n\n\t<h3 class=\"entry-title\">\n\t\t<a href=\"https:\/\/gestespoctefa.eu\/fr\/recolte-des-pieds-de-valeriane-au-cfppa-ariege-comminges\/\" title=\"R\u00e9colte des pieds de valeriane au CFPPA Ari\u00e8ge-Comminges\" rel=\"bookmark\">R\u00e9colte des pieds de valeriane au CFPPA Ari\u00e8ge-Comminges<\/a>\n\t<\/h3>\n\n\t\n\t<div class=\"entry-excerpt\"><p>Le 26 novembre 2025, au CFPPA Ari\u00e8ge-Comminges, nous avons commenc\u00e9 la r\u00e9colte des racines de val\u00e9riane en vue d\u2019envoyer les \u00e9chantillons \u00e0 l\u2019ITEIPMAI pour l\u2019analyse\u2026<\/p>\n<\/div>\n\t\n<a href=\"https:\/\/gestespoctefa.eu\/fr\/recolte-des-pieds-de-valeriane-au-cfppa-ariege-comminges\/\" class=\"dt-btn-s dt-btn post-details details-type-btn\" aria-label=\"En savoir plus sur R\u00e9colte des pieds de valeriane au CFPPA Ari\u00e8ge-Comminges\">En savoir plus<i class=\"dt-icon-the7-arrow-03\" aria-hidden=\"true\"><\/i><\/a>\n\n<\/div><\/article><\/div><div class=\"visible wf-cell\" data-post-id=\"5732\" data-date=\"2025-11-12T09:42:02+01:00\" data-name=\"Le CTFC pr\u00e9sente, lors de la \u00abJornada Gastron\u00f2mica de les Plantes Oblidades\u00bb, des r\u00e9sultats de GESTES sur l\u2019exploitation sauvage du lentisque\"><article class=\"post project-odd visible post-5732 type-post status-publish format-standard has-post-thumbnail hentry category-nouvelles category-80\" data-name=\"Le CTFC pr\u00e9sente, lors de la \u00abJornada Gastron\u00f2mica de les Plantes Oblidades\u00bb, des r\u00e9sultats de GESTES sur l\u2019exploitation sauvage du lentisque\" data-date=\"2025-11-12T09:42:02+01:00\">\n\n<div class=\"post-thumbnail-wrap\">\n\t<div class=\"post-thumbnail\">\n\t\t\n\t\t<span class=\"fancy-categories\"><a href=\"https:\/\/gestespoctefa.eu\/fr\/category\/nouvelles\/\" rel=\"category tag\">Nouvelles<\/a><\/span>\n\t\t<a href=\"https:\/\/gestespoctefa.eu\/fr\/le-ctfc-presente-lors-de-la-jornada-gastronomica-de-les-plantes-oblidades-des-resultats-de-gestes-sur-lexploitation-sauvage-du-lentisque\/\" class=\"post-thumbnail-rollover layzr-bg layzr-bg\" ><img decoding=\"async\" class=\"iso-lazy-load preload-me iso-lazy-load aspect\" src=\"data:image\/svg+xml,%3Csvg%20xmlns%3D&#39;http%3A%2F%2Fwww.w3.org%2F2000%2Fsvg&#39;%20viewBox%3D&#39;0%200%20990%20618&#39;%2F%3E\" data-src=\"https:\/\/gestespoctefa.eu\/wp-content\/uploads\/2025\/12\/IMG20250927190308-scaled-990x618.jpg\" data-srcset=\"https:\/\/gestespoctefa.eu\/wp-content\/uploads\/2025\/12\/IMG20250927190308-scaled-990x618.jpg 990w, https:\/\/gestespoctefa.eu\/wp-content\/uploads\/2025\/12\/IMG20250927190308-scaled-1485x927.jpg 1485w\" loading=\"eager\" style=\"--ratio: 990 \/ 618\" sizes=\"(max-width: 990px) 100vw, 990px\" alt=\"\" title=\"Jornada Gastron\u00f2mica de les Plantes Oblidades\" width=\"990\" height=\"618\"  \/><\/a>\t<\/div>\n<\/div>\n\n\n<div class=\"post-entry-content\">\n\n\t<h3 class=\"entry-title\">\n\t\t<a href=\"https:\/\/gestespoctefa.eu\/fr\/le-ctfc-presente-lors-de-la-jornada-gastronomica-de-les-plantes-oblidades-des-resultats-de-gestes-sur-lexploitation-sauvage-du-lentisque\/\" title=\"Le CTFC pr\u00e9sente, lors de la \u00abJornada Gastron\u00f2mica de les Plantes Oblidades\u00bb, des r\u00e9sultats de GESTES sur l\u2019exploitation sauvage du lentisque\" rel=\"bookmark\">Le CTFC pr\u00e9sente, lors de la \u00abJornada Gastron\u00f2mica de les Plantes Oblidades\u00bb, des r\u00e9sultats de GESTES sur l\u2019exploitation sauvage du lentisque<\/a>\n\t<\/h3>\n\n\t\n\t<div class=\"entry-excerpt\"><p>Le 27 septembre dernier, Eva Mor\u00e9, du Centre de Science et Technologie Foresti\u00e8re de Catalogne, a donn\u00e9 une conf\u00e9rence dans le cadre des activit\u00e9s de\u2026<\/p>\n<\/div>\n\t\n<a href=\"https:\/\/gestespoctefa.eu\/fr\/le-ctfc-presente-lors-de-la-jornada-gastronomica-de-les-plantes-oblidades-des-resultats-de-gestes-sur-lexploitation-sauvage-du-lentisque\/\" class=\"dt-btn-s dt-btn post-details details-type-btn\" aria-label=\"En savoir plus sur Le CTFC pr\u00e9sente, lors de la \u00abJornada Gastron\u00f2mica de les Plantes Oblidades\u00bb, des r\u00e9sultats de GESTES sur l\u2019exploitation sauvage du lentisque\">En savoir plus<i class=\"dt-icon-the7-arrow-03\" aria-hidden=\"true\"><\/i><\/a>\n\n<\/div><\/article><\/div><div class=\"visible wf-cell\" data-post-id=\"5618\" data-date=\"2025-10-14T13:39:00+02:00\" data-name=\"Le projet GESTES c\u00e9l\u00e8bre dans la Finca Experimental La Garcipollera sa quatri\u00e8me r\u00e9union de suivi afin d\u2019avancer vers une gestion durable des esp\u00e8ces sauvages\"><article class=\"post project-odd visible post-5618 type-post status-publish format-standard has-post-thumbnail hentry category-nouvelles category-80\" data-name=\"Le projet GESTES c\u00e9l\u00e8bre dans la Finca Experimental La Garcipollera sa quatri\u00e8me r\u00e9union de suivi afin d\u2019avancer vers une gestion durable des esp\u00e8ces sauvages\" data-date=\"2025-10-14T13:39:00+02:00\">\n\n<div class=\"post-thumbnail-wrap\">\n\t<div class=\"post-thumbnail\">\n\t\t\n\t\t<span class=\"fancy-categories\"><a href=\"https:\/\/gestespoctefa.eu\/fr\/category\/nouvelles\/\" rel=\"category tag\">Nouvelles<\/a><\/span>\n\t\t<a href=\"https:\/\/gestespoctefa.eu\/fr\/le-projet-gestes-celebre-dans-la-finca-experimental-la-garcipollera-sa-quatrieme-reunion-de-suivi-afin-davancer-vers-une-gestion-durable-des-especes-sauvages\/\" class=\"post-thumbnail-rollover layzr-bg layzr-bg\" ><img decoding=\"async\" class=\"iso-lazy-load preload-me iso-lazy-load aspect\" src=\"data:image\/svg+xml,%3Csvg%20xmlns%3D&#39;http%3A%2F%2Fwww.w3.org%2F2000%2Fsvg&#39;%20viewBox%3D&#39;0%200%20990%20619&#39;%2F%3E\" data-src=\"https:\/\/gestespoctefa.eu\/wp-content\/uploads\/2025\/10\/Reunion-Proyecto-GESTES-8-de-octubre-en-La-Garcipollera-990x619.jpeg\" data-srcset=\"https:\/\/gestespoctefa.eu\/wp-content\/uploads\/2025\/10\/Reunion-Proyecto-GESTES-8-de-octubre-en-La-Garcipollera-990x619.jpeg 990w\" loading=\"eager\" style=\"--ratio: 990 \/ 619\" sizes=\"(max-width: 990px) 100vw, 990px\" alt=\"\" title=\"Reuni\u00f3n Proyecto GESTES 8 de octubre en La Garcipollera\" width=\"990\" height=\"619\"  \/><\/a>\t<\/div>\n<\/div>\n\n\n<div class=\"post-entry-content\">\n\n\t<h3 class=\"entry-title\">\n\t\t<a href=\"https:\/\/gestespoctefa.eu\/fr\/le-projet-gestes-celebre-dans-la-finca-experimental-la-garcipollera-sa-quatrieme-reunion-de-suivi-afin-davancer-vers-une-gestion-durable-des-especes-sauvages\/\" title=\"Le projet GESTES c\u00e9l\u00e8bre dans la Finca Experimental La Garcipollera sa quatri\u00e8me r\u00e9union de suivi afin d\u2019avancer vers une gestion durable des esp\u00e8ces sauvages\" rel=\"bookmark\">Le projet GESTES c\u00e9l\u00e8bre dans la Finca Experimental La Garcipollera sa quatri\u00e8me r\u00e9union de suivi afin d\u2019avancer vers une gestion durable des esp\u00e8ces sauvages<\/a>\n\t<\/h3>\n\n\t\n\t<div class=\"entry-excerpt\"><p>Le projet \u00abGestion durable transfrontali\u00e8re des esp\u00e8ces sauvages dans les espaces naturels POCTEFA\u00bb (GESTES) a tenu les 7, 8 et 9 octobre \u00e0 la Finca\u2026<\/p>\n<\/div>\n\t\n<a href=\"https:\/\/gestespoctefa.eu\/fr\/le-projet-gestes-celebre-dans-la-finca-experimental-la-garcipollera-sa-quatrieme-reunion-de-suivi-afin-davancer-vers-une-gestion-durable-des-especes-sauvages\/\" class=\"dt-btn-s dt-btn post-details details-type-btn\" aria-label=\"En savoir plus sur Le projet GESTES c\u00e9l\u00e8bre dans la Finca Experimental La Garcipollera sa quatri\u00e8me r\u00e9union de suivi afin d\u2019avancer vers une gestion durable des esp\u00e8ces sauvages\">En savoir plus<i class=\"dt-icon-the7-arrow-03\" aria-hidden=\"true\"><\/i><\/a>\n\n<\/div><\/article><\/div><div class=\"visible wf-cell\" data-post-id=\"5567\" data-date=\"2025-09-21T11:48:29+02:00\" data-name=\"Plantation exp\u00e9rimentale d\u2019ail des ours dans le Parc naturel r\u00e9gional des Pyr\u00e9n\u00e9es catalanes\"><article class=\"post project-odd visible post-5567 type-post status-publish format-standard has-post-thumbnail hentry category-nouvelles category-80\" data-name=\"Plantation exp\u00e9rimentale d\u2019ail des ours dans le Parc naturel r\u00e9gional des Pyr\u00e9n\u00e9es catalanes\" data-date=\"2025-09-21T11:48:29+02:00\">\n\n<div class=\"post-thumbnail-wrap\">\n\t<div class=\"post-thumbnail\">\n\t\t\n\t\t<span class=\"fancy-categories\"><a href=\"https:\/\/gestespoctefa.eu\/fr\/category\/nouvelles\/\" rel=\"category tag\">Nouvelles<\/a><\/span>\n\t\t<a href=\"https:\/\/gestespoctefa.eu\/fr\/plantation-experimentale-dail-des-ours-dans-le-parc-naturel-regional-des-pyrenees-catalanes\/\" class=\"post-thumbnail-rollover layzr-bg layzr-bg\" ><img decoding=\"async\" class=\"iso-lazy-load preload-me iso-lazy-load aspect\" src=\"data:image\/svg+xml,%3Csvg%20xmlns%3D&#39;http%3A%2F%2Fwww.w3.org%2F2000%2Fsvg&#39;%20viewBox%3D&#39;0%200%20990%20618&#39;%2F%3E\" data-src=\"https:\/\/gestespoctefa.eu\/wp-content\/uploads\/2025\/10\/Ail-des-ours-Porta-Helene-Salva-Natura-plants-scaled-990x618.jpg\" data-srcset=\"https:\/\/gestespoctefa.eu\/wp-content\/uploads\/2025\/10\/Ail-des-ours-Porta-Helene-Salva-Natura-plants-scaled-990x618.jpg 990w, https:\/\/gestespoctefa.eu\/wp-content\/uploads\/2025\/10\/Ail-des-ours-Porta-Helene-Salva-Natura-plants-scaled-1485x927.jpg 1485w\" loading=\"eager\" style=\"--ratio: 990 \/ 618\" sizes=\"(max-width: 990px) 100vw, 990px\" alt=\"\" title=\"Ail des ours\" width=\"990\" height=\"618\"  \/><\/a>\t<\/div>\n<\/div>\n\n\n<div class=\"post-entry-content\">\n\n\t<h3 class=\"entry-title\">\n\t\t<a href=\"https:\/\/gestespoctefa.eu\/fr\/plantation-experimentale-dail-des-ours-dans-le-parc-naturel-regional-des-pyrenees-catalanes\/\" title=\"Plantation exp\u00e9rimentale d\u2019ail des ours dans le Parc naturel r\u00e9gional des Pyr\u00e9n\u00e9es catalanes\" rel=\"bookmark\">Plantation exp\u00e9rimentale d\u2019ail des ours dans le Parc naturel r\u00e9gional des Pyr\u00e9n\u00e9es catalanes<\/a>\n\t<\/h3>\n\n\t\n\t<div class=\"entry-excerpt\"><p>Depuis quelques ann\u00e9es, l\u2019ail des ours fait fureur : en pesto, dans des fromages, des p\u00e2tes, \u00e0 l\u2019ap\u00e9ro, en accompagnement, en condiments\u2026 Cet engouement induit\u2026<\/p>\n<\/div>\n\t\n<a href=\"https:\/\/gestespoctefa.eu\/fr\/plantation-experimentale-dail-des-ours-dans-le-parc-naturel-regional-des-pyrenees-catalanes\/\" class=\"dt-btn-s dt-btn post-details details-type-btn\" aria-label=\"En savoir plus sur Plantation exp\u00e9rimentale d\u2019ail des ours dans le Parc naturel r\u00e9gional des Pyr\u00e9n\u00e9es catalanes\">En savoir plus<i class=\"dt-icon-the7-arrow-03\" aria-hidden=\"true\"><\/i><\/a>\n\n<\/div><\/article><\/div><div class=\"hidden wf-cell\" data-post-id=\"5338\" data-date=\"2025-08-19T09:35:32+02:00\" data-name=\"Suivi du th\u00e9 de roche par drone \u00e0 Blancas (Teruel)\"><article class=\"post project-odd visible post-5338 type-post status-publish format-standard has-post-thumbnail hentry category-nouvelles category-80\" data-name=\"Suivi du th\u00e9 de roche par drone \u00e0 Blancas (Teruel)\" data-date=\"2025-08-19T09:35:32+02:00\">\n\n<div class=\"post-thumbnail-wrap\">\n\t<div class=\"post-thumbnail\">\n\t\t\n\t\t<span class=\"fancy-categories\"><a href=\"https:\/\/gestespoctefa.eu\/fr\/category\/nouvelles\/\" rel=\"category tag\">Nouvelles<\/a><\/span>\n\t\t<a href=\"https:\/\/gestespoctefa.eu\/fr\/suivi-du-the-de-roche-par-drone-a-blancas-teruel\/\" class=\"post-thumbnail-rollover layzr-bg layzr-bg\" ><img decoding=\"async\" class=\"iso-lazy-load preload-me iso-lazy-load aspect\" src=\"data:image\/svg+xml,%3Csvg%20xmlns%3D&#39;http%3A%2F%2Fwww.w3.org%2F2000%2Fsvg&#39;%20viewBox%3D&#39;0%200%20990%20618&#39;%2F%3E\" data-src=\"https:\/\/gestespoctefa.eu\/wp-content\/uploads\/2025\/08\/DSC_0084-scaled-990x618.jpg\" data-srcset=\"https:\/\/gestespoctefa.eu\/wp-content\/uploads\/2025\/08\/DSC_0084-scaled-990x618.jpg 990w, https:\/\/gestespoctefa.eu\/wp-content\/uploads\/2025\/08\/DSC_0084-scaled-1485x927.jpg 1485w\" loading=\"eager\" style=\"--ratio: 990 \/ 618\" sizes=\"(max-width: 990px) 100vw, 990px\" alt=\"\" title=\"Surveillance par drone du th\u00e9 de roche\" width=\"990\" height=\"618\"  \/><\/a>\t<\/div>\n<\/div>\n\n\n<div class=\"post-entry-content\">\n\n\t<h3 class=\"entry-title\">\n\t\t<a href=\"https:\/\/gestespoctefa.eu\/fr\/suivi-du-the-de-roche-par-drone-a-blancas-teruel\/\" title=\"Suivi du th\u00e9 de roche par drone \u00e0 Blancas (Teruel)\" rel=\"bookmark\">Suivi du th\u00e9 de roche par drone \u00e0 Blancas (Teruel)<\/a>\n\t<\/h3>\n\n\t\n\t<div class=\"entry-excerpt\"><p>Cet \u00e9t\u00e9, le projet GESTES a lanc\u00e9 ses activit\u00e9s de suivi du th\u00e9 de roche par drone. L\u2019identification et la quantification des variations d\u2019abondance li\u00e9es\u2026<\/p>\n<\/div>\n\t\n<a href=\"https:\/\/gestespoctefa.eu\/fr\/suivi-du-the-de-roche-par-drone-a-blancas-teruel\/\" class=\"dt-btn-s dt-btn post-details details-type-btn\" aria-label=\"En savoir plus sur Suivi du th\u00e9 de roche par drone \u00e0 Blancas (Teruel)\">En savoir plus<i class=\"dt-icon-the7-arrow-03\" aria-hidden=\"true\"><\/i><\/a>\n\n<\/div><\/article><\/div><div class=\"hidden wf-cell\" data-post-id=\"5359\" data-date=\"2025-07-23T09:52:10+02:00\" data-name=\"Un travail d\u2019\u00e9criture pour un r\u00e9cit didactique sur les cueillettes commerciales\"><article class=\"post project-odd visible post-5359 type-post status-publish format-standard has-post-thumbnail hentry category-nouvelles category-80\" data-name=\"Un travail d\u2019\u00e9criture pour un r\u00e9cit didactique sur les cueillettes commerciales\" data-date=\"2025-07-23T09:52:10+02:00\">\n\n<div class=\"post-thumbnail-wrap\">\n\t<div class=\"post-thumbnail\">\n\t\t\n\t\t<span class=\"fancy-categories\"><a href=\"https:\/\/gestespoctefa.eu\/fr\/category\/nouvelles\/\" rel=\"category tag\">Nouvelles<\/a><\/span>\n\t\t<a href=\"https:\/\/gestespoctefa.eu\/fr\/un-travail-decriture-pour-un-recit-didactique-sur-les-cueillettes-commerciales\/\" class=\"post-thumbnail-rollover layzr-bg layzr-bg\" ><img decoding=\"async\" class=\"iso-lazy-load preload-me iso-lazy-load aspect\" src=\"data:image\/svg+xml,%3Csvg%20xmlns%3D&#39;http%3A%2F%2Fwww.w3.org%2F2000%2Fsvg&#39;%20viewBox%3D&#39;0%200%20990%20618&#39;%2F%3E\" data-src=\"https:\/\/gestespoctefa.eu\/wp-content\/uploads\/2025\/08\/P1020054-scaled-990x618.jpg\" data-srcset=\"https:\/\/gestespoctefa.eu\/wp-content\/uploads\/2025\/08\/P1020054-scaled-990x618.jpg 990w, https:\/\/gestespoctefa.eu\/wp-content\/uploads\/2025\/08\/P1020054-scaled-1485x927.jpg 1485w\" loading=\"eager\" style=\"--ratio: 990 \/ 618\" sizes=\"(max-width: 990px) 100vw, 990px\" alt=\"\" title=\"r\u00e9cit didactique sur les cueillettes commerciales\" width=\"990\" height=\"618\"  \/><\/a>\t<\/div>\n<\/div>\n\n\n<div class=\"post-entry-content\">\n\n\t<h3 class=\"entry-title\">\n\t\t<a href=\"https:\/\/gestespoctefa.eu\/fr\/un-travail-decriture-pour-un-recit-didactique-sur-les-cueillettes-commerciales\/\" title=\"Un travail d\u2019\u00e9criture pour un r\u00e9cit didactique sur les cueillettes commerciales\" rel=\"bookmark\">Un travail d\u2019\u00e9criture pour un r\u00e9cit didactique sur les cueillettes commerciales<\/a>\n\t<\/h3>\n\n\t\n\t<div class=\"entry-excerpt\"><p>Rapha\u00eblle Garreta, ethnologue au Conservatoire botanique national des Pyr\u00e9n\u00e9es et de Midi-Pyr\u00e9nn\u00e9es travaille depuis de nombreuses ann\u00e9es avec les cueilleurs professionnelles de plantes sauvages en\u2026<\/p>\n<\/div>\n\t\n<a href=\"https:\/\/gestespoctefa.eu\/fr\/un-travail-decriture-pour-un-recit-didactique-sur-les-cueillettes-commerciales\/\" class=\"dt-btn-s dt-btn post-details details-type-btn\" aria-label=\"En savoir plus sur Un travail d\u2019\u00e9criture pour un r\u00e9cit didactique sur les cueillettes commerciales\">En savoir plus<i class=\"dt-icon-the7-arrow-03\" aria-hidden=\"true\"><\/i><\/a>\n\n<\/div><\/article><\/div><div class=\"hidden wf-cell\" data-post-id=\"5267\" data-date=\"2025-07-08T13:23:54+02:00\" data-name=\"Les plantes sauvages comme ressource \u00e9conomique : d\u00e9fis et opportunit\u00e9s en Espagne et en France\"><article class=\"post project-odd visible post-5267 type-post status-publish format-standard has-post-thumbnail hentry category-nouvelles category-80\" data-name=\"Les plantes sauvages comme ressource \u00e9conomique : d\u00e9fis et opportunit\u00e9s en Espagne et en France\" data-date=\"2025-07-08T13:23:54+02:00\">\n\n<div class=\"post-thumbnail-wrap\">\n\t<div class=\"post-thumbnail\">\n\t\t\n\t\t<span class=\"fancy-categories\"><a href=\"https:\/\/gestespoctefa.eu\/fr\/category\/nouvelles\/\" rel=\"category tag\">Nouvelles<\/a><\/span>\n\t\t<a href=\"https:\/\/gestespoctefa.eu\/fr\/les-plantes-sauvages-comme-ressource-economique-defis-et-opportunites-en-espagne-et-en-france\/\" class=\"post-thumbnail-rollover layzr-bg layzr-bg\" ><img decoding=\"async\" class=\"iso-lazy-load preload-me iso-lazy-load aspect\" src=\"data:image\/svg+xml,%3Csvg%20xmlns%3D&#39;http%3A%2F%2Fwww.w3.org%2F2000%2Fsvg&#39;%20viewBox%3D&#39;0%200%20793%20495&#39;%2F%3E\" data-src=\"https:\/\/gestespoctefa.eu\/wp-content\/uploads\/2025\/07\/imagen-793x495.png\" data-srcset=\"https:\/\/gestespoctefa.eu\/wp-content\/uploads\/2025\/07\/imagen-793x495.png 793w\" loading=\"eager\" style=\"--ratio: 793 \/ 495\" sizes=\"(max-width: 793px) 100vw, 793px\" alt=\"\" title=\"plantes sauvages\" width=\"793\" height=\"495\"  \/><\/a>\t<\/div>\n<\/div>\n\n\n<div class=\"post-entry-content\">\n\n\t<h3 class=\"entry-title\">\n\t\t<a href=\"https:\/\/gestespoctefa.eu\/fr\/les-plantes-sauvages-comme-ressource-economique-defis-et-opportunites-en-espagne-et-en-france\/\" title=\"Les plantes sauvages comme ressource \u00e9conomique : d\u00e9fis et opportunit\u00e9s en Espagne et en France\" rel=\"bookmark\">Les plantes sauvages comme ressource \u00e9conomique : d\u00e9fis et opportunit\u00e9s en Espagne et en France<\/a>\n\t<\/h3>\n\n\t\n\t<div class=\"entry-excerpt\"><p>Dans un contexte d&rsquo;int\u00e9r\u00eat croissant pour les produits naturels et durables, le projet GESTES (Gestion durable transfrontali\u00e8re des esp\u00e8ces sauvages dans les espaces naturels POCTEFA)\u2026<\/p>\n<\/div>\n\t\n<a href=\"https:\/\/gestespoctefa.eu\/fr\/les-plantes-sauvages-comme-ressource-economique-defis-et-opportunites-en-espagne-et-en-france\/\" class=\"dt-btn-s dt-btn post-details details-type-btn\" aria-label=\"En savoir plus sur Les plantes sauvages comme ressource \u00e9conomique : d\u00e9fis et opportunit\u00e9s en Espagne et en France\">En savoir plus<i class=\"dt-icon-the7-arrow-03\" aria-hidden=\"true\"><\/i><\/a>\n\n<\/div><\/article><\/div><div class=\"hidden wf-cell\" data-post-id=\"5258\" data-date=\"2025-06-10T12:37:31+02:00\" data-name=\"Plantation de val\u00e9riane au printemps\"><article class=\"post project-odd visible post-5258 type-post status-publish format-standard has-post-thumbnail hentry category-nouvelles tag-valeriane category-80\" data-name=\"Plantation de val\u00e9riane au printemps\" data-date=\"2025-06-10T12:37:31+02:00\">\n\n<div class=\"post-thumbnail-wrap\">\n\t<div class=\"post-thumbnail\">\n\t\t\n\t\t<span class=\"fancy-categories\"><a href=\"https:\/\/gestespoctefa.eu\/fr\/category\/nouvelles\/\" rel=\"category tag\">Nouvelles<\/a><\/span>\n\t\t<a href=\"https:\/\/gestespoctefa.eu\/fr\/plantation-de-valeriane-au-printemps\/\" class=\"post-thumbnail-rollover layzr-bg layzr-bg\" ><img decoding=\"async\" class=\"iso-lazy-load preload-me iso-lazy-load aspect\" src=\"data:image\/svg+xml,%3Csvg%20xmlns%3D&#39;http%3A%2F%2Fwww.w3.org%2F2000%2Fsvg&#39;%20viewBox%3D&#39;0%200%20900%20561&#39;%2F%3E\" data-src=\"https:\/\/gestespoctefa.eu\/wp-content\/uploads\/2025\/06\/valeriana-3-900x561.jpg\" data-srcset=\"https:\/\/gestespoctefa.eu\/wp-content\/uploads\/2025\/06\/valeriana-3-900x561.jpg 900w\" loading=\"eager\" style=\"--ratio: 900 \/ 561\" sizes=\"(max-width: 900px) 100vw, 900px\" alt=\"\" title=\"Val\u00e9riane\" width=\"900\" height=\"561\"  \/><\/a>\t<\/div>\n<\/div>\n\n\n<div class=\"post-entry-content\">\n\n\t<h3 class=\"entry-title\">\n\t\t<a href=\"https:\/\/gestespoctefa.eu\/fr\/plantation-de-valeriane-au-printemps\/\" title=\"Plantation de val\u00e9riane au printemps\" rel=\"bookmark\">Plantation de val\u00e9riane au printemps<\/a>\n\t<\/h3>\n\n\t\n\t<div class=\"entry-excerpt\"><p>Dans le cadre de l&rsquo;Action 3, et afin de comprendre les habitats des esp\u00e8ces r\u00e9colt\u00e9es, nous avons commenc\u00e9 \u00e0 planter de la Valeriana officinalis en\u2026<\/p>\n<\/div>\n\t\n<a href=\"https:\/\/gestespoctefa.eu\/fr\/plantation-de-valeriane-au-printemps\/\" class=\"dt-btn-s dt-btn post-details details-type-btn\" aria-label=\"En savoir plus sur Plantation de val\u00e9riane au printemps\">En savoir plus<i class=\"dt-icon-the7-arrow-03\" aria-hidden=\"true\"><\/i><\/a>\n\n<\/div><\/article><\/div><div class=\"hidden wf-cell\" data-post-id=\"5241\" data-date=\"2025-06-04T13:43:29+02:00\" data-name=\"Cultiver le th\u00e9 de roche pour prot\u00e9ger la nature\"><article class=\"post project-odd visible post-5241 type-post status-publish format-standard has-post-thumbnail hentry category-nouvelles tag-the-de-roche category-80\" data-name=\"Cultiver le th\u00e9 de roche pour prot\u00e9ger la nature\" data-date=\"2025-06-04T13:43:29+02:00\">\n\n<div class=\"post-thumbnail-wrap\">\n\t<div class=\"post-thumbnail\">\n\t\t\n\t\t<span class=\"fancy-categories\"><a href=\"https:\/\/gestespoctefa.eu\/fr\/category\/nouvelles\/\" rel=\"category tag\">Nouvelles<\/a><\/span>\n\t\t<a href=\"https:\/\/gestespoctefa.eu\/fr\/cultiver-le-the-de-roche-pour-proteger-la-nature\/\" class=\"post-thumbnail-rollover layzr-bg layzr-bg\" ><img decoding=\"async\" class=\"iso-lazy-load preload-me iso-lazy-load aspect\" src=\"data:image\/svg+xml,%3Csvg%20xmlns%3D&#39;http%3A%2F%2Fwww.w3.org%2F2000%2Fsvg&#39;%20viewBox%3D&#39;0%200%20146%2091&#39;%2F%3E\" data-src=\"https:\/\/gestespoctefa.eu\/wp-content\/uploads\/2025\/06\/Imagen1-146x91.png\" data-srcset=\"https:\/\/gestespoctefa.eu\/wp-content\/uploads\/2025\/06\/Imagen1-146x91.png 146w\" loading=\"eager\" style=\"--ratio: 146 \/ 91\" sizes=\"(max-width: 146px) 100vw, 146px\" alt=\"\" title=\"Imagen1\" width=\"146\" height=\"91\"  \/><\/a>\t<\/div>\n<\/div>\n\n\n<div class=\"post-entry-content\">\n\n\t<h3 class=\"entry-title\">\n\t\t<a href=\"https:\/\/gestespoctefa.eu\/fr\/cultiver-le-the-de-roche-pour-proteger-la-nature\/\" title=\"Cultiver le th\u00e9 de roche pour prot\u00e9ger la nature\" rel=\"bookmark\">Cultiver le th\u00e9 de roche pour prot\u00e9ger la nature<\/a>\n\t<\/h3>\n\n\t\n\t<div class=\"entry-excerpt\"><p>Dans le cadre de l\u2019Action 4 du projet GESTES, un travail important est men\u00e9 en Aragon pour pr\u00e9server le th\u00e9 de roche, une plante tr\u00e8s\u2026<\/p>\n<\/div>\n\t\n<a href=\"https:\/\/gestespoctefa.eu\/fr\/cultiver-le-the-de-roche-pour-proteger-la-nature\/\" class=\"dt-btn-s dt-btn post-details details-type-btn\" aria-label=\"En savoir plus sur Cultiver le th\u00e9 de roche pour prot\u00e9ger la nature\">En savoir plus<i class=\"dt-icon-the7-arrow-03\" aria-hidden=\"true\"><\/i><\/a>\n\n<\/div><\/article><\/div><div class=\"hidden wf-cell\" data-post-id=\"5223\" data-date=\"2025-04-02T12:28:16+02:00\" data-name=\"Exp\u00e9riences et apprentissage de l&#039;utilisation de la t\u00e9l\u00e9d\u00e9tection dans les plantes aromatiques et m\u00e9dicinales\"><article class=\"post project-odd visible post-5223 type-post status-publish format-standard has-post-thumbnail hentry category-nouvelles category-80\" data-name=\"Exp\u00e9riences et apprentissage de l&rsquo;utilisation de la t\u00e9l\u00e9d\u00e9tection dans les plantes aromatiques et m\u00e9dicinales\" data-date=\"2025-04-02T12:28:16+02:00\">\n\n<div class=\"post-thumbnail-wrap\">\n\t<div class=\"post-thumbnail\">\n\t\t\n\t\t<span class=\"fancy-categories\"><a href=\"https:\/\/gestespoctefa.eu\/fr\/category\/nouvelles\/\" rel=\"category tag\">Nouvelles<\/a><\/span>\n\t\t<a href=\"https:\/\/gestespoctefa.eu\/fr\/experiences-et-apprentissage-de-lutilisation-de-la-teledetection-dans-les-plantes-aromatiques-et-medicinales\/\" class=\"post-thumbnail-rollover layzr-bg layzr-bg\" ><img decoding=\"async\" class=\"iso-lazy-load preload-me iso-lazy-load aspect\" src=\"data:image\/svg+xml,%3Csvg%20xmlns%3D&#39;http%3A%2F%2Fwww.w3.org%2F2000%2Fsvg&#39;%20viewBox%3D&#39;0%200%20990%20618&#39;%2F%3E\" data-src=\"https:\/\/gestespoctefa.eu\/wp-content\/uploads\/2025\/04\/IMG_9396-scaled-990x618.jpg\" data-srcset=\"https:\/\/gestespoctefa.eu\/wp-content\/uploads\/2025\/04\/IMG_9396-scaled-990x618.jpg 990w, https:\/\/gestespoctefa.eu\/wp-content\/uploads\/2025\/04\/IMG_9396-scaled-1485x927.jpg 1485w\" loading=\"eager\" style=\"--ratio: 990 \/ 618\" sizes=\"(max-width: 990px) 100vw, 990px\" alt=\"\" title=\"Seminario teledetecci\u00f3n\" width=\"990\" height=\"618\"  \/><\/a>\t<\/div>\n<\/div>\n\n\n<div class=\"post-entry-content\">\n\n\t<h3 class=\"entry-title\">\n\t\t<a href=\"https:\/\/gestespoctefa.eu\/fr\/experiences-et-apprentissage-de-lutilisation-de-la-teledetection-dans-les-plantes-aromatiques-et-medicinales\/\" title=\"Exp\u00e9riences et apprentissage de l&rsquo;utilisation de la t\u00e9l\u00e9d\u00e9tection dans les plantes aromatiques et m\u00e9dicinales\" rel=\"bookmark\">Exp\u00e9riences et apprentissage de l&rsquo;utilisation de la t\u00e9l\u00e9d\u00e9tection dans les plantes aromatiques et m\u00e9dicinales<\/a>\n\t<\/h3>\n\n\t\n\t<div class=\"entry-excerpt\"><p>La chercheuse du D\u00e9partement des Syst\u00e8mes Agricoles, Forestiers et Environnementaux (SAFMA) du CITA, Mar\u00eda Auxiliadora Casterad, a pr\u00e9sent\u00e9 le 20 f\u00e9vrier dernier les activit\u00e9s de\u2026<\/p>\n<\/div>\n\t\n<a href=\"https:\/\/gestespoctefa.eu\/fr\/experiences-et-apprentissage-de-lutilisation-de-la-teledetection-dans-les-plantes-aromatiques-et-medicinales\/\" class=\"dt-btn-s dt-btn post-details details-type-btn\" aria-label=\"En savoir plus sur Exp\u00e9riences et apprentissage de l&rsquo;utilisation de la t\u00e9l\u00e9d\u00e9tection dans les plantes aromatiques et m\u00e9dicinales\">En savoir plus<i class=\"dt-icon-the7-arrow-03\" aria-hidden=\"true\"><\/i><\/a>\n\n<\/div><\/article><\/div><div class=\"hidden wf-cell\" data-post-id=\"5083\" data-date=\"2025-01-03T13:07:41+01:00\" data-name=\"Pr\u00e9sence de busserole (Arctostaphylos uva-ursi) et impact de la gestion foresti\u00e8re sur les populations\"><article class=\"post project-odd visible post-5083 type-post status-publish format-standard has-post-thumbnail hentry category-nouvelles category-80\" data-name=\"Pr\u00e9sence de busserole (Arctostaphylos uva-ursi) et impact de la gestion foresti\u00e8re sur les populations\" data-date=\"2025-01-03T13:07:41+01:00\">\n\n<div class=\"post-thumbnail-wrap\">\n\t<div class=\"post-thumbnail\">\n\t\t\n\t\t<span class=\"fancy-categories\"><a href=\"https:\/\/gestespoctefa.eu\/fr\/category\/nouvelles\/\" rel=\"category tag\">Nouvelles<\/a><\/span>\n\t\t<a href=\"https:\/\/gestespoctefa.eu\/fr\/presence-de-busserole-arctostaphylos-uva-ursi-et-effets-sur-la-gestion-des-forets-dans-les-populations\/\" class=\"post-thumbnail-rollover layzr-bg layzr-bg\" ><img decoding=\"async\" class=\"iso-lazy-load preload-me iso-lazy-load aspect\" src=\"data:image\/svg+xml,%3Csvg%20xmlns%3D&#39;http%3A%2F%2Fwww.w3.org%2F2000%2Fsvg&#39;%20viewBox%3D&#39;0%200%20935%20585&#39;%2F%3E\" data-src=\"https:\/\/gestespoctefa.eu\/wp-content\/uploads\/2025\/01\/Noticia-14-3-935x585.jpg\" data-srcset=\"https:\/\/gestespoctefa.eu\/wp-content\/uploads\/2025\/01\/Noticia-14-3-935x585.jpg 935w\" loading=\"eager\" style=\"--ratio: 935 \/ 585\" sizes=\"(max-width: 935px) 100vw, 935px\" alt=\"\"  width=\"935\" height=\"585\"  \/><\/a>\t<\/div>\n<\/div>\n\n\n<div class=\"post-entry-content\">\n\n\t<h3 class=\"entry-title\">\n\t\t<a href=\"https:\/\/gestespoctefa.eu\/fr\/presence-de-busserole-arctostaphylos-uva-ursi-et-effets-sur-la-gestion-des-forets-dans-les-populations\/\" title=\"Pr\u00e9sence de busserole (Arctostaphylos uva-ursi) et impact de la gestion foresti\u00e8re sur les populations\" rel=\"bookmark\">Pr\u00e9sence de busserole (Arctostaphylos uva-ursi) et impact de la gestion foresti\u00e8re sur les populations<\/a>\n\t<\/h3>\n\n\t\n\t<div class=\"entry-excerpt\"><p>Ce printemps 2024, le Centre de Sciences et Technologies Foresti\u00e8res de Catalogne (CTFC) a localis\u00e9 deux populations de busserole qui seront \u00e9tudi\u00e9es, l\u2019une dans la\u2026<\/p>\n<\/div>\n\t\n<a href=\"https:\/\/gestespoctefa.eu\/fr\/presence-de-busserole-arctostaphylos-uva-ursi-et-effets-sur-la-gestion-des-forets-dans-les-populations\/\" class=\"dt-btn-s dt-btn post-details details-type-btn\" aria-label=\"En savoir plus sur Pr\u00e9sence de busserole (Arctostaphylos uva-ursi) et impact de la gestion foresti\u00e8re sur les populations\">En savoir plus<i class=\"dt-icon-the7-arrow-03\" aria-hidden=\"true\"><\/i><\/a>\n\n<\/div><\/article><\/div><div class=\"hidden wf-cell\" data-post-id=\"5081\" data-date=\"2024-12-18T11:30:45+01:00\" data-name=\"Etude d\u00e9mographique des populations de gentianes (Gentiana lutea) d\u00e9crites en 2018 pour voir leur \u00e9volution\"><article class=\"post project-odd visible post-5081 type-post status-publish format-standard has-post-thumbnail hentry category-nouvelles category-80\" data-name=\"Etude d\u00e9mographique des populations de gentianes (Gentiana lutea) d\u00e9crites en 2018 pour voir leur \u00e9volution\" data-date=\"2024-12-18T11:30:45+01:00\">\n\n<div class=\"post-thumbnail-wrap\">\n\t<div class=\"post-thumbnail\">\n\t\t\n\t\t<span class=\"fancy-categories\"><a href=\"https:\/\/gestespoctefa.eu\/fr\/category\/nouvelles\/\" rel=\"category tag\">Nouvelles<\/a><\/span>\n\t\t<a href=\"https:\/\/gestespoctefa.eu\/fr\/etude-demographique-des-populations-de-gentiane-gentiana-lutea-decrites-en-2018-pour-voir-leur-evolution\/\" class=\"post-thumbnail-rollover layzr-bg layzr-bg\" ><img decoding=\"async\" class=\"iso-lazy-load preload-me iso-lazy-load aspect\" src=\"data:image\/svg+xml,%3Csvg%20xmlns%3D&#39;http%3A%2F%2Fwww.w3.org%2F2000%2Fsvg&#39;%20viewBox%3D&#39;0%200%20990%20618&#39;%2F%3E\" data-src=\"https:\/\/gestespoctefa.eu\/wp-content\/uploads\/2025\/01\/Noticia-13-3-990x618.jpg\" data-srcset=\"https:\/\/gestespoctefa.eu\/wp-content\/uploads\/2025\/01\/Noticia-13-3-990x618.jpg 990w, https:\/\/gestespoctefa.eu\/wp-content\/uploads\/2025\/01\/Noticia-13-3-1395x870.jpg 1395w\" loading=\"eager\" style=\"--ratio: 990 \/ 618\" sizes=\"(max-width: 990px) 100vw, 990px\" alt=\"\"  width=\"990\" height=\"618\"  \/><\/a>\t<\/div>\n<\/div>\n\n\n<div class=\"post-entry-content\">\n\n\t<h3 class=\"entry-title\">\n\t\t<a href=\"https:\/\/gestespoctefa.eu\/fr\/etude-demographique-des-populations-de-gentiane-gentiana-lutea-decrites-en-2018-pour-voir-leur-evolution\/\" title=\"Etude d\u00e9mographique des populations de gentianes (Gentiana lutea) d\u00e9crites en 2018 pour voir leur \u00e9volution\" rel=\"bookmark\">Etude d\u00e9mographique des populations de gentianes (Gentiana lutea) d\u00e9crites en 2018 pour voir leur \u00e9volution<\/a>\n\t<\/h3>\n\n\t\n\t<div class=\"entry-excerpt\"><p>Suivant la m\u00eame m\u00e9thodologie appliqu\u00e9e dans le projet ValuePAM (2016-2018) pour \u00e9valuer la ressource en gentiane, cet \u00e9t\u00e9 2024 pendant les mois de juillet et\u2026<\/p>\n<\/div>\n\t\n<a href=\"https:\/\/gestespoctefa.eu\/fr\/etude-demographique-des-populations-de-gentiane-gentiana-lutea-decrites-en-2018-pour-voir-leur-evolution\/\" class=\"dt-btn-s dt-btn post-details details-type-btn\" aria-label=\"En savoir plus sur Etude d\u00e9mographique des populations de gentianes (Gentiana lutea) d\u00e9crites en 2018 pour voir leur \u00e9volution\">En savoir plus<i class=\"dt-icon-the7-arrow-03\" aria-hidden=\"true\"><\/i><\/a>\n\n<\/div><\/article><\/div><div class=\"hidden wf-cell\" data-post-id=\"5079\" data-date=\"2024-12-12T08:40:34+01:00\" data-name=\"Collecte de graines d\u2019une population naturelle d\u2019Arnica dans le Ripoll\u00e8s\"><article class=\"post project-odd visible post-5079 type-post status-publish format-standard has-post-thumbnail hentry category-nouvelles category-80\" data-name=\"Collecte de graines d\u2019une population naturelle d\u2019Arnica dans le Ripoll\u00e8s\" data-date=\"2024-12-12T08:40:34+01:00\">\n\n<div class=\"post-thumbnail-wrap\">\n\t<div class=\"post-thumbnail\">\n\t\t\n\t\t<span class=\"fancy-categories\"><a href=\"https:\/\/gestespoctefa.eu\/fr\/category\/nouvelles\/\" rel=\"category tag\">Nouvelles<\/a><\/span>\n\t\t<a href=\"https:\/\/gestespoctefa.eu\/fr\/recolte-de-semences-dune-population-naturelle-darnica-dans-le-ripolles\/\" class=\"post-thumbnail-rollover layzr-bg layzr-bg\" ><img decoding=\"async\" class=\"iso-lazy-load preload-me iso-lazy-load aspect\" src=\"data:image\/svg+xml,%3Csvg%20xmlns%3D&#39;http%3A%2F%2Fwww.w3.org%2F2000%2Fsvg&#39;%20viewBox%3D&#39;0%200%20730%20456&#39;%2F%3E\" data-src=\"https:\/\/gestespoctefa.eu\/wp-content\/uploads\/2025\/01\/Noticia-12-1-730x456.jpg\" data-srcset=\"https:\/\/gestespoctefa.eu\/wp-content\/uploads\/2025\/01\/Noticia-12-1-730x456.jpg 730w\" loading=\"eager\" style=\"--ratio: 730 \/ 456\" sizes=\"(max-width: 730px) 100vw, 730px\" alt=\"\"  width=\"730\" height=\"456\"  \/><\/a>\t<\/div>\n<\/div>\n\n\n<div class=\"post-entry-content\">\n\n\t<h3 class=\"entry-title\">\n\t\t<a href=\"https:\/\/gestespoctefa.eu\/fr\/recolte-de-semences-dune-population-naturelle-darnica-dans-le-ripolles\/\" title=\"Collecte de graines d\u2019une population naturelle d\u2019Arnica dans le Ripoll\u00e8s\" rel=\"bookmark\">Collecte de graines d\u2019une population naturelle d\u2019Arnica dans le Ripoll\u00e8s<\/a>\n\t<\/h3>\n\n\t\n\t<div class=\"entry-excerpt\"><p>Au cours du mois de juillet 2024, le Groupe de plantes aromatiques et m\u00e9dicinales du Centre de sciences et technologies foresti\u00e8res de Catalogne (CTFC) a\u2026<\/p>\n<\/div>\n\t\n<a href=\"https:\/\/gestespoctefa.eu\/fr\/recolte-de-semences-dune-population-naturelle-darnica-dans-le-ripolles\/\" class=\"dt-btn-s dt-btn post-details details-type-btn\" aria-label=\"En savoir plus sur Collecte de graines d\u2019une population naturelle d\u2019Arnica dans le Ripoll\u00e8s\">En savoir plus<i class=\"dt-icon-the7-arrow-03\" aria-hidden=\"true\"><\/i><\/a>\n\n<\/div><\/article><\/div><div class=\"hidden wf-cell\" data-post-id=\"5077\" data-date=\"2024-12-03T13:31:24+01:00\" data-name=\"Observation de l\u2019impact de la collecte de branches de Pistachier lentisque destin\u00e9es \u00e0 l\u2019ornementation v\u00e9g\u00e9tale\"><article class=\"post project-odd visible post-5077 type-post status-publish format-standard has-post-thumbnail hentry category-nouvelles category-80\" data-name=\"Observation de l\u2019impact de la collecte de branches de Pistachier lentisque destin\u00e9es \u00e0 l\u2019ornementation v\u00e9g\u00e9tale\" data-date=\"2024-12-03T13:31:24+01:00\">\n\n<div class=\"post-thumbnail-wrap\">\n\t<div class=\"post-thumbnail\">\n\t\t\n\t\t<span class=\"fancy-categories\"><a href=\"https:\/\/gestespoctefa.eu\/fr\/category\/nouvelles\/\" rel=\"category tag\">Nouvelles<\/a><\/span>\n\t\t<a href=\"https:\/\/gestespoctefa.eu\/fr\/observation-de-limpact-de-la-cueillette-des-branches-de-lentisque-destinees-a-la-verdure-ornementale\/\" class=\"post-thumbnail-rollover layzr-bg layzr-bg\" ><img decoding=\"async\" class=\"iso-lazy-load preload-me iso-lazy-load aspect\" src=\"data:image\/svg+xml,%3Csvg%20xmlns%3D&#39;http%3A%2F%2Fwww.w3.org%2F2000%2Fsvg&#39;%20viewBox%3D&#39;0%200%20819%20512&#39;%2F%3E\" data-src=\"https:\/\/gestespoctefa.eu\/wp-content\/uploads\/2025\/01\/Noticia-11-2-819x512.jpg\" data-srcset=\"https:\/\/gestespoctefa.eu\/wp-content\/uploads\/2025\/01\/Noticia-11-2-819x512.jpg 819w\" loading=\"eager\" style=\"--ratio: 819 \/ 512\" sizes=\"(max-width: 819px) 100vw, 819px\" alt=\"\"  width=\"819\" height=\"512\"  \/><\/a>\t<\/div>\n<\/div>\n\n\n<div class=\"post-entry-content\">\n\n\t<h3 class=\"entry-title\">\n\t\t<a href=\"https:\/\/gestespoctefa.eu\/fr\/observation-de-limpact-de-la-cueillette-des-branches-de-lentisque-destinees-a-la-verdure-ornementale\/\" title=\"Observation de l\u2019impact de la collecte de branches de Pistachier lentisque destin\u00e9es \u00e0 l\u2019ornementation v\u00e9g\u00e9tale\" rel=\"bookmark\">Observation de l\u2019impact de la collecte de branches de Pistachier lentisque destin\u00e9es \u00e0 l\u2019ornementation v\u00e9g\u00e9tale<\/a>\n\t<\/h3>\n\n\t\n\t<div class=\"entry-excerpt\"><p>Le Pistachier lentisque (Pistacia lentiscus) est un arbuste m\u00e9diterran\u00e9en qui pousse dans les sous-bois des for\u00eats c\u00f4ti\u00e8res et pr\u00e9-littorales catalanes. Depuis quelque temps, il fait\u2026<\/p>\n<\/div>\n\t\n<a href=\"https:\/\/gestespoctefa.eu\/fr\/observation-de-limpact-de-la-cueillette-des-branches-de-lentisque-destinees-a-la-verdure-ornementale\/\" class=\"dt-btn-s dt-btn post-details details-type-btn\" aria-label=\"En savoir plus sur Observation de l\u2019impact de la collecte de branches de Pistachier lentisque destin\u00e9es \u00e0 l\u2019ornementation v\u00e9g\u00e9tale\">En savoir plus<i class=\"dt-icon-the7-arrow-03\" aria-hidden=\"true\"><\/i><\/a>\n\n<\/div><\/article><\/div><div class=\"hidden wf-cell\" data-post-id=\"5043\" data-date=\"2024-11-28T09:46:49+01:00\" data-name=\"Lancement de la culture exp\u00e9rimentale d\u2019arnica et de val\u00e9riane\"><article class=\"post project-odd visible post-5043 type-post status-publish format-standard has-post-thumbnail hentry category-nouvelles category-80\" data-name=\"Lancement de la culture exp\u00e9rimentale d\u2019arnica et de val\u00e9riane\" data-date=\"2024-11-28T09:46:49+01:00\">\n\n<div class=\"post-thumbnail-wrap\">\n\t<div class=\"post-thumbnail\">\n\t\t\n\t\t<span class=\"fancy-categories\"><a href=\"https:\/\/gestespoctefa.eu\/fr\/category\/nouvelles\/\" rel=\"category tag\">Nouvelles<\/a><\/span>\n\t\t<a href=\"https:\/\/gestespoctefa.eu\/fr\/lancement-de-la-culture-experimentale-darnica-et-de-valeriane\/\" class=\"post-thumbnail-rollover layzr-bg layzr-bg\" ><img decoding=\"async\" class=\"iso-lazy-load preload-me iso-lazy-load aspect\" src=\"data:image\/svg+xml,%3Csvg%20xmlns%3D&#39;http%3A%2F%2Fwww.w3.org%2F2000%2Fsvg&#39;%20viewBox%3D&#39;0%200%20990%20618&#39;%2F%3E\" data-src=\"https:\/\/gestespoctefa.eu\/wp-content\/uploads\/2025\/01\/Foto-10-copia-scaled-990x618.jpg\" data-srcset=\"https:\/\/gestespoctefa.eu\/wp-content\/uploads\/2025\/01\/Foto-10-copia-scaled-990x618.jpg 990w, https:\/\/gestespoctefa.eu\/wp-content\/uploads\/2025\/01\/Foto-10-copia-scaled-1485x927.jpg 1485w\" loading=\"eager\" style=\"--ratio: 990 \/ 618\" sizes=\"(max-width: 990px) 100vw, 990px\" alt=\"\"  width=\"990\" height=\"618\"  \/><\/a>\t<\/div>\n<\/div>\n\n\n<div class=\"post-entry-content\">\n\n\t<h3 class=\"entry-title\">\n\t\t<a href=\"https:\/\/gestespoctefa.eu\/fr\/lancement-de-la-culture-experimentale-darnica-et-de-valeriane\/\" title=\"Lancement de la culture exp\u00e9rimentale d\u2019arnica et de val\u00e9riane\" rel=\"bookmark\">Lancement de la culture exp\u00e9rimentale d\u2019arnica et de val\u00e9riane<\/a>\n\t<\/h3>\n\n\t\n\t<div class=\"entry-excerpt\"><p>Les partenaires du projet GESTES ont identifi\u00e9 que la cueillette en milieux naturels de certaines esp\u00e8ces est trop d\u00e9l\u00e9t\u00e8re pour les populations sauvages du fait\u2026<\/p>\n<\/div>\n\t\n<a href=\"https:\/\/gestespoctefa.eu\/fr\/lancement-de-la-culture-experimentale-darnica-et-de-valeriane\/\" class=\"dt-btn-s dt-btn post-details details-type-btn\" aria-label=\"En savoir plus sur Lancement de la culture exp\u00e9rimentale d\u2019arnica et de val\u00e9riane\">En savoir plus<i class=\"dt-icon-the7-arrow-03\" aria-hidden=\"true\"><\/i><\/a>\n\n<\/div><\/article><\/div><div class=\"hidden wf-cell\" data-post-id=\"5041\" data-date=\"2024-11-22T11:15:58+01:00\" data-name=\"Vers un agro-\u00e9cosyst\u00e8me de l\u2019arnica des montagnes\u00a0: dynamiser une population spontan\u00e9e\"><article class=\"post project-odd visible post-5041 type-post status-publish format-standard has-post-thumbnail hentry category-nouvelles category-80\" data-name=\"Vers un agro-\u00e9cosyst\u00e8me de l\u2019arnica des montagnes\u00a0: dynamiser une population spontan\u00e9e\" data-date=\"2024-11-22T11:15:58+01:00\">\n\n<div class=\"post-thumbnail-wrap\">\n\t<div class=\"post-thumbnail\">\n\t\t\n\t\t<span class=\"fancy-categories\"><a href=\"https:\/\/gestespoctefa.eu\/fr\/category\/nouvelles\/\" rel=\"category tag\">Nouvelles<\/a><\/span>\n\t\t<a href=\"https:\/\/gestespoctefa.eu\/fr\/vers-un-agro-ecosysteme-de-larnica-des-montagnes-dynamiser-une-population-spontanee\/\" class=\"post-thumbnail-rollover layzr-bg layzr-bg\" ><img decoding=\"async\" class=\"iso-lazy-load preload-me iso-lazy-load aspect\" src=\"data:image\/svg+xml,%3Csvg%20xmlns%3D&#39;http%3A%2F%2Fwww.w3.org%2F2000%2Fsvg&#39;%20viewBox%3D&#39;0%200%20990%20618&#39;%2F%3E\" data-src=\"https:\/\/gestespoctefa.eu\/wp-content\/uploads\/2024\/11\/1-scaled-990x618.jpg\" data-srcset=\"https:\/\/gestespoctefa.eu\/wp-content\/uploads\/2024\/11\/1-scaled-990x618.jpg 990w, https:\/\/gestespoctefa.eu\/wp-content\/uploads\/2024\/11\/1-scaled-1485x927.jpg 1485w\" loading=\"eager\" style=\"--ratio: 990 \/ 618\" sizes=\"(max-width: 990px) 100vw, 990px\" alt=\"\"  width=\"990\" height=\"618\"  \/><\/a>\t<\/div>\n<\/div>\n\n\n<div class=\"post-entry-content\">\n\n\t<h3 class=\"entry-title\">\n\t\t<a href=\"https:\/\/gestespoctefa.eu\/fr\/vers-un-agro-ecosysteme-de-larnica-des-montagnes-dynamiser-une-population-spontanee\/\" title=\"Vers un agro-\u00e9cosyst\u00e8me de l\u2019arnica des montagnes\u00a0: dynamiser une population spontan\u00e9e\" rel=\"bookmark\">Vers un agro-\u00e9cosyst\u00e8me de l\u2019arnica des montagnes\u00a0: dynamiser une population spontan\u00e9e<\/a>\n\t<\/h3>\n\n\t\n\t<div class=\"entry-excerpt\"><p>L\u2019arnica des montagnes appr\u00e9cie les prairies et landes de moyennes montagnes sur sol acide r\u00e9guli\u00e8rement arros\u00e9 mais bien drainant. Pl\u00e9biscit\u00e9e pour ses vertus m\u00e9dicinales,\u00a0elle fait\u2026<\/p>\n<\/div>\n\t\n<a href=\"https:\/\/gestespoctefa.eu\/fr\/vers-un-agro-ecosysteme-de-larnica-des-montagnes-dynamiser-une-population-spontanee\/\" class=\"dt-btn-s dt-btn post-details details-type-btn\" aria-label=\"En savoir plus sur Vers un agro-\u00e9cosyst\u00e8me de l\u2019arnica des montagnes\u00a0: dynamiser une population spontan\u00e9e\">En savoir plus<i class=\"dt-icon-the7-arrow-03\" aria-hidden=\"true\"><\/i><\/a>\n\n<\/div><\/article><\/div><div class=\"hidden wf-cell\" data-post-id=\"5039\" data-date=\"2024-11-18T10:16:04+01:00\" data-name=\"Combiner le suivi par drone et les suivis traditionnels \u00e0 pied pour l\u2019\u00e9tude d\u2019une population cueillie de Narcissus poeticus\"><article class=\"post project-odd visible post-5039 type-post status-publish format-standard has-post-thumbnail hentry category-nouvelles category-80\" data-name=\"Combiner le suivi par drone et les suivis traditionnels \u00e0 pied pour l\u2019\u00e9tude d\u2019une population cueillie de Narcissus poeticus\" data-date=\"2024-11-18T10:16:04+01:00\">\n\n<div class=\"post-thumbnail-wrap\">\n\t<div class=\"post-thumbnail\">\n\t\t\n\t\t<span class=\"fancy-categories\"><a href=\"https:\/\/gestespoctefa.eu\/fr\/category\/nouvelles\/\" rel=\"category tag\">Nouvelles<\/a><\/span>\n\t\t<a href=\"https:\/\/gestespoctefa.eu\/fr\/combiner-le-suivi-par-drone-et-les-suivis-traditionnels-a-pied-pour-letude-dune-population-cueillie-de-narcissus-poeticus\/\" class=\"post-thumbnail-rollover layzr-bg layzr-bg\" ><img decoding=\"async\" class=\"iso-lazy-load preload-me iso-lazy-load aspect\" src=\"data:image\/svg+xml,%3Csvg%20xmlns%3D&#39;http%3A%2F%2Fwww.w3.org%2F2000%2Fsvg&#39;%20viewBox%3D&#39;0%200%20990%20618&#39;%2F%3E\" data-src=\"https:\/\/gestespoctefa.eu\/wp-content\/uploads\/2025\/01\/Noticia-8-scaled-990x618.jpg\" data-srcset=\"https:\/\/gestespoctefa.eu\/wp-content\/uploads\/2025\/01\/Noticia-8-scaled-990x618.jpg 990w, https:\/\/gestespoctefa.eu\/wp-content\/uploads\/2025\/01\/Noticia-8-scaled-1485x927.jpg 1485w\" loading=\"eager\" style=\"--ratio: 990 \/ 618\" sizes=\"(max-width: 990px) 100vw, 990px\" alt=\"\"  width=\"990\" height=\"618\"  \/><\/a>\t<\/div>\n<\/div>\n\n\n<div class=\"post-entry-content\">\n\n\t<h3 class=\"entry-title\">\n\t\t<a href=\"https:\/\/gestespoctefa.eu\/fr\/combiner-le-suivi-par-drone-et-les-suivis-traditionnels-a-pied-pour-letude-dune-population-cueillie-de-narcissus-poeticus\/\" title=\"Combiner le suivi par drone et les suivis traditionnels \u00e0 pied pour l\u2019\u00e9tude d\u2019une population cueillie de Narcissus poeticus\" rel=\"bookmark\">Combiner le suivi par drone et les suivis traditionnels \u00e0 pied pour l\u2019\u00e9tude d\u2019une population cueillie de Narcissus poeticus<\/a>\n\t<\/h3>\n\n\t\n\t<div class=\"entry-excerpt\"><p>Afin d\u2019\u00e9tayer ses recommandations techniques pour encadrer la cueillette du Narcisse des po\u00e8tes, le parc r\u00e9alise un suivi des parcelles fleuries et cueillies depuis 2017.\u2026<\/p>\n<\/div>\n\t\n<a href=\"https:\/\/gestespoctefa.eu\/fr\/combiner-le-suivi-par-drone-et-les-suivis-traditionnels-a-pied-pour-letude-dune-population-cueillie-de-narcissus-poeticus\/\" class=\"dt-btn-s dt-btn post-details details-type-btn\" aria-label=\"En savoir plus sur Combiner le suivi par drone et les suivis traditionnels \u00e0 pied pour l\u2019\u00e9tude d\u2019une population cueillie de Narcissus poeticus\">En savoir plus<i class=\"dt-icon-the7-arrow-03\" aria-hidden=\"true\"><\/i><\/a>\n\n<\/div><\/article><\/div><div class=\"hidden wf-cell\" data-post-id=\"5037\" data-date=\"2024-11-10T12:43:17+01:00\" data-name=\"La neige de printemps\u00a0enfin douce et feutr\u00e9e\u00a0: cueillette apais\u00e9e du narcisse des po\u00e8tes\"><article class=\"post project-odd visible post-5037 type-post status-publish format-standard has-post-thumbnail hentry category-nouvelles category-80\" data-name=\"La neige de printemps\u00a0enfin douce et feutr\u00e9e\u00a0: cueillette apais\u00e9e du narcisse des po\u00e8tes\" data-date=\"2024-11-10T12:43:17+01:00\">\n\n<div class=\"post-thumbnail-wrap\">\n\t<div class=\"post-thumbnail\">\n\t\t\n\t\t<span class=\"fancy-categories\"><a href=\"https:\/\/gestespoctefa.eu\/fr\/category\/nouvelles\/\" rel=\"category tag\">Nouvelles<\/a><\/span>\n\t\t<a href=\"https:\/\/gestespoctefa.eu\/fr\/la-neige-de-printemps-enfin-douce-et-feutree-cueillette-apaisee-du-narcisse-des-poetes\/\" class=\"post-thumbnail-rollover layzr-bg layzr-bg\" ><img decoding=\"async\" class=\"iso-lazy-load preload-me iso-lazy-load aspect\" src=\"data:image\/svg+xml,%3Csvg%20xmlns%3D&#39;http%3A%2F%2Fwww.w3.org%2F2000%2Fsvg&#39;%20viewBox%3D&#39;0%200%20990%20618&#39;%2F%3E\" data-src=\"https:\/\/gestespoctefa.eu\/wp-content\/uploads\/2025\/01\/Noticia-7-scaled-990x618.jpg\" data-srcset=\"https:\/\/gestespoctefa.eu\/wp-content\/uploads\/2025\/01\/Noticia-7-scaled-990x618.jpg 990w, https:\/\/gestespoctefa.eu\/wp-content\/uploads\/2025\/01\/Noticia-7-scaled-1485x927.jpg 1485w\" loading=\"eager\" style=\"--ratio: 990 \/ 618\" sizes=\"(max-width: 990px) 100vw, 990px\" alt=\"\"  width=\"990\" height=\"618\"  \/><\/a>\t<\/div>\n<\/div>\n\n\n<div class=\"post-entry-content\">\n\n\t<h3 class=\"entry-title\">\n\t\t<a href=\"https:\/\/gestespoctefa.eu\/fr\/la-neige-de-printemps-enfin-douce-et-feutree-cueillette-apaisee-du-narcisse-des-poetes\/\" title=\"La neige de printemps\u00a0enfin douce et feutr\u00e9e\u00a0: cueillette apais\u00e9e du narcisse des po\u00e8tes\" rel=\"bookmark\">La neige de printemps\u00a0enfin douce et feutr\u00e9e\u00a0: cueillette apais\u00e9e du narcisse des po\u00e8tes<\/a>\n\t<\/h3>\n\n\t\n\t<div class=\"entry-excerpt\"><p>Chaque ann\u00e9e dans quelques coins privil\u00e9gi\u00e9 des Alpes, du Massif central et des Pyr\u00e9n\u00e9es, le narcisse des po\u00e8tes recouvre les prairies de fauche autour des\u2026<\/p>\n<\/div>\n\t\n<a href=\"https:\/\/gestespoctefa.eu\/fr\/la-neige-de-printemps-enfin-douce-et-feutree-cueillette-apaisee-du-narcisse-des-poetes\/\" class=\"dt-btn-s dt-btn post-details details-type-btn\" aria-label=\"En savoir plus sur La neige de printemps\u00a0enfin douce et feutr\u00e9e\u00a0: cueillette apais\u00e9e du narcisse des po\u00e8tes\">En savoir plus<i class=\"dt-icon-the7-arrow-03\" aria-hidden=\"true\"><\/i><\/a>\n\n<\/div><\/article><\/div><div class=\"hidden wf-cell\" data-post-id=\"5035\" data-date=\"2024-10-24T13:23:10+02:00\" data-name=\"L&#039;\u00e9quipe drones et t\u00e9l\u00e9d\u00e9tection du projet GESTES se r\u00e9unit \u00e0 Viella (L\u00e9rida) pour partager exp\u00e9riences et r\u00e9sultats\"><article class=\"post project-odd visible post-5035 type-post status-publish format-standard has-post-thumbnail hentry category-nouvelles category-80\" data-name=\"L&rsquo;\u00e9quipe drones et t\u00e9l\u00e9d\u00e9tection du projet GESTES se r\u00e9unit \u00e0 Viella (L\u00e9rida) pour partager exp\u00e9riences et r\u00e9sultats\" data-date=\"2024-10-24T13:23:10+02:00\">\n\n<div class=\"post-thumbnail-wrap\">\n\t<div class=\"post-thumbnail\">\n\t\t\n\t\t<span class=\"fancy-categories\"><a href=\"https:\/\/gestespoctefa.eu\/fr\/category\/nouvelles\/\" rel=\"category tag\">Nouvelles<\/a><\/span>\n\t\t<a href=\"https:\/\/gestespoctefa.eu\/fr\/lequipe-drones-et-teledetection-du-projet-gestes-se-reunit-a-viella-lerida-pour-partager-experiences-et-resultats\/\" class=\"post-thumbnail-rollover layzr-bg layzr-bg\" ><img decoding=\"async\" class=\"iso-lazy-load preload-me iso-lazy-load aspect\" src=\"data:image\/svg+xml,%3Csvg%20xmlns%3D&#39;http%3A%2F%2Fwww.w3.org%2F2000%2Fsvg&#39;%20viewBox%3D&#39;0%200%20990%20618&#39;%2F%3E\" data-src=\"https:\/\/gestespoctefa.eu\/wp-content\/uploads\/2025\/01\/Noticia-6-scaled-990x618.jpg\" data-srcset=\"https:\/\/gestespoctefa.eu\/wp-content\/uploads\/2025\/01\/Noticia-6-scaled-990x618.jpg 990w, https:\/\/gestespoctefa.eu\/wp-content\/uploads\/2025\/01\/Noticia-6-scaled-1485x927.jpg 1485w\" loading=\"eager\" style=\"--ratio: 990 \/ 618\" sizes=\"(max-width: 990px) 100vw, 990px\" alt=\"\"  width=\"990\" height=\"618\"  \/><\/a>\t<\/div>\n<\/div>\n\n\n<div class=\"post-entry-content\">\n\n\t<h3 class=\"entry-title\">\n\t\t<a href=\"https:\/\/gestespoctefa.eu\/fr\/lequipe-drones-et-teledetection-du-projet-gestes-se-reunit-a-viella-lerida-pour-partager-experiences-et-resultats\/\" title=\"L&rsquo;\u00e9quipe drones et t\u00e9l\u00e9d\u00e9tection du projet GESTES se r\u00e9unit \u00e0 Viella (L\u00e9rida) pour partager exp\u00e9riences et r\u00e9sultats\" rel=\"bookmark\">L&rsquo;\u00e9quipe drones et t\u00e9l\u00e9d\u00e9tection du projet GESTES se r\u00e9unit \u00e0 Viella (L\u00e9rida) pour partager exp\u00e9riences et r\u00e9sultats<\/a>\n\t<\/h3>\n\n\t\n\t<div class=\"entry-excerpt\"><p>Le 22 octobre 2024, un atelier de photogramm\u00e9trie et de t\u00e9l\u00e9d\u00e9tection s&rsquo;est tenu dans le b\u00e2timent du Conselh Generau d&rsquo;Aran \u00e0 Viella (L\u00e9rida). Y ont\u2026<\/p>\n<\/div>\n\t\n<a href=\"https:\/\/gestespoctefa.eu\/fr\/lequipe-drones-et-teledetection-du-projet-gestes-se-reunit-a-viella-lerida-pour-partager-experiences-et-resultats\/\" class=\"dt-btn-s dt-btn post-details details-type-btn\" aria-label=\"En savoir plus sur L&rsquo;\u00e9quipe drones et t\u00e9l\u00e9d\u00e9tection du projet GESTES se r\u00e9unit \u00e0 Viella (L\u00e9rida) pour partager exp\u00e9riences et r\u00e9sultats\">En savoir plus<i class=\"dt-icon-the7-arrow-03\" aria-hidden=\"true\"><\/i><\/a>\n\n<\/div><\/article><\/div><div class=\"hidden wf-cell\" data-post-id=\"4786\" data-date=\"2024-09-21T11:49:32+02:00\" data-name=\"Le projet de gestion de cueillette sauvage de plantes m\u00e9dicinales GESTES tient sa deuxi\u00e8me r\u00e9union en France\"><article class=\"post project-odd visible post-4786 type-post status-publish format-standard has-post-thumbnail hentry category-nouvelles category-80\" data-name=\"Le projet de gestion de cueillette sauvage de plantes m\u00e9dicinales GESTES tient sa deuxi\u00e8me r\u00e9union en France\" data-date=\"2024-09-21T11:49:32+02:00\">\n\n<div class=\"post-thumbnail-wrap\">\n\t<div class=\"post-thumbnail\">\n\t\t\n\t\t<span class=\"fancy-categories\"><a href=\"https:\/\/gestespoctefa.eu\/fr\/category\/nouvelles\/\" rel=\"category tag\">Nouvelles<\/a><\/span>\n\t\t<a href=\"https:\/\/gestespoctefa.eu\/fr\/le-projet-de-gestion-de-cueillette-sauvage-de-plantes-medicinales-gestes-tient-sa-deuxieme-reunion-en-france\/\" class=\"post-thumbnail-rollover layzr-bg layzr-bg\" ><img decoding=\"async\" class=\"iso-lazy-load preload-me iso-lazy-load aspect\" src=\"data:image\/svg+xml,%3Csvg%20xmlns%3D&#39;http%3A%2F%2Fwww.w3.org%2F2000%2Fsvg&#39;%20viewBox%3D&#39;0%200%20990%20618&#39;%2F%3E\" data-src=\"https:\/\/gestespoctefa.eu\/wp-content\/uploads\/2024\/10\/Imagen-noticia-5-990x618.jpeg\" data-srcset=\"https:\/\/gestespoctefa.eu\/wp-content\/uploads\/2024\/10\/Imagen-noticia-5-990x618.jpeg 990w, https:\/\/gestespoctefa.eu\/wp-content\/uploads\/2024\/10\/Imagen-noticia-5-1485x927.jpeg 1485w\" loading=\"eager\" style=\"--ratio: 990 \/ 618\" sizes=\"(max-width: 990px) 100vw, 990px\" alt=\"\" title=\"Imagen noticia 5\" width=\"990\" height=\"618\"  \/><\/a>\t<\/div>\n<\/div>\n\n\n<div class=\"post-entry-content\">\n\n\t<h3 class=\"entry-title\">\n\t\t<a href=\"https:\/\/gestespoctefa.eu\/fr\/le-projet-de-gestion-de-cueillette-sauvage-de-plantes-medicinales-gestes-tient-sa-deuxieme-reunion-en-france\/\" title=\"Le projet de gestion de cueillette sauvage de plantes m\u00e9dicinales GESTES tient sa deuxi\u00e8me r\u00e9union en France\" rel=\"bookmark\">Le projet de gestion de cueillette sauvage de plantes m\u00e9dicinales GESTES tient sa deuxi\u00e8me r\u00e9union en France<\/a>\n\t<\/h3>\n\n\t\n\t<div class=\"entry-excerpt\"><p>Les six entit\u00e9s composant le projet GESTES POCTEFA, d\u00e9marr\u00e9 en janvier, se sont r\u00e9unies au Moulin des Baronnies (France) pour prendre connaissance des avanc\u00e9es et\u2026<\/p>\n<\/div>\n\t\n<a href=\"https:\/\/gestespoctefa.eu\/fr\/le-projet-de-gestion-de-cueillette-sauvage-de-plantes-medicinales-gestes-tient-sa-deuxieme-reunion-en-france\/\" class=\"dt-btn-s dt-btn post-details details-type-btn\" aria-label=\"En savoir plus sur Le projet de gestion de cueillette sauvage de plantes m\u00e9dicinales GESTES tient sa deuxi\u00e8me r\u00e9union en France\">En savoir plus<i class=\"dt-icon-the7-arrow-03\" aria-hidden=\"true\"><\/i><\/a>\n\n<\/div><\/article><\/div><div class=\"hidden wf-cell\" data-post-id=\"4777\" data-date=\"2024-09-01T11:33:42+02:00\" data-name=\"Enqu\u00eate aupr\u00e8s des cueilleuses et des cueilleurs pour conna\u00eetre les plantes commercialis\u00e9es dans la zone POCTEFA\"><article class=\"post project-odd visible post-4777 type-post status-publish format-standard has-post-thumbnail hentry category-nouvelles category-80\" data-name=\"Enqu\u00eate aupr\u00e8s des cueilleuses et des cueilleurs pour conna\u00eetre les plantes commercialis\u00e9es dans la zone POCTEFA\" data-date=\"2024-09-01T11:33:42+02:00\">\n\n<div class=\"post-thumbnail-wrap\">\n\t<div class=\"post-thumbnail\">\n\t\t\n\t\t<span class=\"fancy-categories\"><a href=\"https:\/\/gestespoctefa.eu\/fr\/category\/nouvelles\/\" rel=\"category tag\">Nouvelles<\/a><\/span>\n\t\t<a href=\"https:\/\/gestespoctefa.eu\/fr\/enquete-aupres-des-cueilleuses-et-des-cueilleurs-pour-connaitre-les-plantes-commercialisees-dans-la-zone-poctefa\/\" class=\"post-thumbnail-rollover layzr-bg layzr-bg\" ><img decoding=\"async\" class=\"iso-lazy-load preload-me iso-lazy-load aspect\" src=\"data:image\/svg+xml,%3Csvg%20xmlns%3D&#39;http%3A%2F%2Fwww.w3.org%2F2000%2Fsvg&#39;%20viewBox%3D&#39;0%200%20990%20618&#39;%2F%3E\" data-src=\"https:\/\/gestespoctefa.eu\/wp-content\/uploads\/2024\/10\/Imagen-noticia-4-990x618.jpeg\" data-srcset=\"https:\/\/gestespoctefa.eu\/wp-content\/uploads\/2024\/10\/Imagen-noticia-4-990x618.jpeg 990w, https:\/\/gestespoctefa.eu\/wp-content\/uploads\/2024\/10\/Imagen-noticia-4-1485x927.jpeg 1485w\" loading=\"eager\" style=\"--ratio: 990 \/ 618\" sizes=\"(max-width: 990px) 100vw, 990px\" alt=\"\" title=\"Imagen noticia 4\" width=\"990\" height=\"618\"  \/><\/a>\t<\/div>\n<\/div>\n\n\n<div class=\"post-entry-content\">\n\n\t<h3 class=\"entry-title\">\n\t\t<a href=\"https:\/\/gestespoctefa.eu\/fr\/enquete-aupres-des-cueilleuses-et-des-cueilleurs-pour-connaitre-les-plantes-commercialisees-dans-la-zone-poctefa\/\" title=\"Enqu\u00eate aupr\u00e8s des cueilleuses et des cueilleurs pour conna\u00eetre les plantes commercialis\u00e9es dans la zone POCTEFA\" rel=\"bookmark\">Enqu\u00eate aupr\u00e8s des cueilleuses et des cueilleurs pour conna\u00eetre les plantes commercialis\u00e9es dans la zone POCTEFA<\/a>\n\t<\/h3>\n\n\t\n\t<div class=\"entry-excerpt\"><p>GESTES continue de progresser. L&rsquo;un des premiers objectifs de ce projet est de conna\u00eetre les plantes sauvages qui sont cueillies de part et d&rsquo;autre des\u2026<\/p>\n<\/div>\n\t\n<a href=\"https:\/\/gestespoctefa.eu\/fr\/enquete-aupres-des-cueilleuses-et-des-cueilleurs-pour-connaitre-les-plantes-commercialisees-dans-la-zone-poctefa\/\" class=\"dt-btn-s dt-btn post-details details-type-btn\" aria-label=\"En savoir plus sur Enqu\u00eate aupr\u00e8s des cueilleuses et des cueilleurs pour conna\u00eetre les plantes commercialis\u00e9es dans la zone POCTEFA\">En savoir plus<i class=\"dt-icon-the7-arrow-03\" aria-hidden=\"true\"><\/i><\/a>\n\n<\/div><\/article><\/div><div class=\"hidden wf-cell\" data-post-id=\"4765\" data-date=\"2024-07-08T11:30:08+02:00\" data-name=\"Les partenaires du projet GESTES se r\u00e9unissent autour du col de Pailh\u00e8res (France) pour un suivi conventionnel et par drone des populations cueillies\"><article class=\"post project-odd visible post-4765 type-post status-publish format-standard has-post-thumbnail hentry category-nouvelles category-80\" data-name=\"Les partenaires du projet GESTES se r\u00e9unissent autour du col de Pailh\u00e8res (France) pour un suivi conventionnel et par drone des populations cueillies\" data-date=\"2024-07-08T11:30:08+02:00\">\n\n<div class=\"post-thumbnail-wrap\">\n\t<div class=\"post-thumbnail\">\n\t\t\n\t\t<span class=\"fancy-categories\"><a href=\"https:\/\/gestespoctefa.eu\/fr\/category\/nouvelles\/\" rel=\"category tag\">Nouvelles<\/a><\/span>\n\t\t<a href=\"https:\/\/gestespoctefa.eu\/fr\/els-socis-del-projecte-gestes-es-reuneixen-a-ascou-franca-per-comparar-metodes-tradicionals-de-seguiment-de-poblacions-de-plantes-medicinals-silvestres-sotmeses-a-recol%c2%b7leccio-amb-lus-de-dro\/\" class=\"post-thumbnail-rollover layzr-bg layzr-bg\" ><img decoding=\"async\" class=\"iso-lazy-load preload-me iso-lazy-load aspect\" src=\"data:image\/svg+xml,%3Csvg%20xmlns%3D&#39;http%3A%2F%2Fwww.w3.org%2F2000%2Fsvg&#39;%20viewBox%3D&#39;0%200%20990%20618&#39;%2F%3E\" data-src=\"https:\/\/gestespoctefa.eu\/wp-content\/uploads\/2024\/10\/Imagen-noticia-3-990x618.jpeg\" data-srcset=\"https:\/\/gestespoctefa.eu\/wp-content\/uploads\/2024\/10\/Imagen-noticia-3-990x618.jpeg 990w, https:\/\/gestespoctefa.eu\/wp-content\/uploads\/2024\/10\/Imagen-noticia-3-1485x927.jpeg 1485w\" loading=\"eager\" style=\"--ratio: 990 \/ 618\" sizes=\"(max-width: 990px) 100vw, 990px\" alt=\"\" title=\"Imagen noticia 3\" width=\"990\" height=\"618\"  \/><\/a>\t<\/div>\n<\/div>\n\n\n<div class=\"post-entry-content\">\n\n\t<h3 class=\"entry-title\">\n\t\t<a href=\"https:\/\/gestespoctefa.eu\/fr\/els-socis-del-projecte-gestes-es-reuneixen-a-ascou-franca-per-comparar-metodes-tradicionals-de-seguiment-de-poblacions-de-plantes-medicinals-silvestres-sotmeses-a-recol%c2%b7leccio-amb-lus-de-dro\/\" title=\"Les partenaires du projet GESTES se r\u00e9unissent autour du col de Pailh\u00e8res (France) pour un suivi conventionnel et par drone des populations cueillies\" rel=\"bookmark\">Les partenaires du projet GESTES se r\u00e9unissent autour du col de Pailh\u00e8res (France) pour un suivi conventionnel et par drone des populations cueillies<\/a>\n\t<\/h3>\n\n\t\n\t<div class=\"entry-excerpt\"><p>Certains partenaires du projet GESTES (Gestion transfrontali\u00e8re durable des esp\u00e8ces sauvages dans les espaces naturels POCTEFA) se sont r\u00e9unis les 2 et 3 juillet 2024\u2026<\/p>\n<\/div>\n\t\n<a href=\"https:\/\/gestespoctefa.eu\/fr\/els-socis-del-projecte-gestes-es-reuneixen-a-ascou-franca-per-comparar-metodes-tradicionals-de-seguiment-de-poblacions-de-plantes-medicinals-silvestres-sotmeses-a-recol%c2%b7leccio-amb-lus-de-dro\/\" class=\"dt-btn-s dt-btn post-details details-type-btn\" aria-label=\"En savoir plus sur Les partenaires du projet GESTES se r\u00e9unissent autour du col de Pailh\u00e8res (France) pour un suivi conventionnel et par drone des populations cueillies\">En savoir plus<i class=\"dt-icon-the7-arrow-03\" aria-hidden=\"true\"><\/i><\/a>\n\n<\/div><\/article><\/div><div class=\"hidden wf-cell\" data-post-id=\"4753\" data-date=\"2024-07-01T11:24:24+02:00\" data-name=\"Quel est le r\u00f4le de chaque partenaire dans le projet?\"><article class=\"post project-odd visible post-4753 type-post status-publish format-standard has-post-thumbnail hentry category-nouvelles category-80\" data-name=\"Quel est le r\u00f4le de chaque partenaire dans le projet?\" data-date=\"2024-07-01T11:24:24+02:00\">\n\n<div class=\"post-thumbnail-wrap\">\n\t<div class=\"post-thumbnail\">\n\t\t\n\t\t<span class=\"fancy-categories\"><a href=\"https:\/\/gestespoctefa.eu\/fr\/category\/nouvelles\/\" rel=\"category tag\">Nouvelles<\/a><\/span>\n\t\t<a href=\"https:\/\/gestespoctefa.eu\/fr\/quel-est-le-role-de-chaque-partenaire-dans-le-projet\/\" class=\"post-thumbnail-rollover layzr-bg layzr-bg\" ><img decoding=\"async\" class=\"iso-lazy-load preload-me iso-lazy-load aspect\" src=\"data:image\/svg+xml,%3Csvg%20xmlns%3D&#39;http%3A%2F%2Fwww.w3.org%2F2000%2Fsvg&#39;%20viewBox%3D&#39;0%200%20990%20618&#39;%2F%3E\" data-src=\"https:\/\/gestespoctefa.eu\/wp-content\/uploads\/2024\/10\/Imagen-noticia-2-990x618.jpg\" data-srcset=\"https:\/\/gestespoctefa.eu\/wp-content\/uploads\/2024\/10\/Imagen-noticia-2-990x618.jpg 990w, https:\/\/gestespoctefa.eu\/wp-content\/uploads\/2024\/10\/Imagen-noticia-2-1485x927.jpg 1485w\" loading=\"eager\" style=\"--ratio: 990 \/ 618\" sizes=\"(max-width: 990px) 100vw, 990px\" alt=\"\" title=\"Imagen noticia 2\" width=\"990\" height=\"618\"  \/><\/a>\t<\/div>\n<\/div>\n\n\n<div class=\"post-entry-content\">\n\n\t<h3 class=\"entry-title\">\n\t\t<a href=\"https:\/\/gestespoctefa.eu\/fr\/quel-est-le-role-de-chaque-partenaire-dans-le-projet\/\" title=\"Quel est le r\u00f4le de chaque partenaire dans le projet?\" rel=\"bookmark\">Quel est le r\u00f4le de chaque partenaire dans le projet?<\/a>\n\t<\/h3>\n\n\t\n\t<div class=\"entry-excerpt\"><p>Le projet transfrontalier GESTES (Gestion transfrontali\u00e8re durable des esp\u00e8ces sauvages cueillies) b\u00e9n\u00e9ficie de la collaboration de six partenaires qui travaillent de mani\u00e8re coordonn\u00e9e pour atteindre\u2026<\/p>\n<\/div>\n\t\n<a href=\"https:\/\/gestespoctefa.eu\/fr\/quel-est-le-role-de-chaque-partenaire-dans-le-projet\/\" class=\"dt-btn-s dt-btn post-details details-type-btn\" aria-label=\"En savoir plus sur Quel est le r\u00f4le de chaque partenaire dans le projet?\">En savoir plus<i class=\"dt-icon-the7-arrow-03\" aria-hidden=\"true\"><\/i><\/a>\n\n<\/div><\/article><\/div><div class=\"hidden wf-cell\" data-post-id=\"4698\" data-date=\"2024-03-27T14:14:51+01:00\" data-name=\"GESTES, un nouveau projet transfrontalier sur la gestion de la r\u00e9colte en milieux naturels de plantes m\u00e9dicinales, tient sa premi\u00e8re r\u00e9union \u00e0 Matemale\"><article class=\"post project-odd visible post-4698 type-post status-publish format-standard has-post-thumbnail hentry category-nouvelles category-80\" data-name=\"GESTES, un nouveau projet transfrontalier sur la gestion de la r\u00e9colte en milieux naturels de plantes m\u00e9dicinales, tient sa premi\u00e8re r\u00e9union \u00e0 Matemale\" data-date=\"2024-03-27T14:14:51+01:00\">\n\n<div class=\"post-thumbnail-wrap\">\n\t<div class=\"post-thumbnail\">\n\t\t\n\t\t<span class=\"fancy-categories\"><a href=\"https:\/\/gestespoctefa.eu\/fr\/category\/nouvelles\/\" rel=\"category tag\">Nouvelles<\/a><\/span>\n\t\t<a href=\"https:\/\/gestespoctefa.eu\/fr\/gestes-un-nouveau-projet-transfrontalier-sur-la-gestion-de-la-recolte-en-milieux-naturels-de-plantes-medicinales-tient-sa-premiere-reunion-a-matemale\/\" class=\"post-thumbnail-rollover layzr-bg layzr-bg\" ><img decoding=\"async\" class=\"iso-lazy-load preload-me iso-lazy-load aspect\" src=\"data:image\/svg+xml,%3Csvg%20xmlns%3D&#39;http%3A%2F%2Fwww.w3.org%2F2000%2Fsvg&#39;%20viewBox%3D&#39;0%200%20990%20618&#39;%2F%3E\" data-src=\"https:\/\/gestespoctefa.eu\/wp-content\/uploads\/2024\/07\/FOTO-DE-PORTADA-990x618.jpg\" data-srcset=\"https:\/\/gestespoctefa.eu\/wp-content\/uploads\/2024\/07\/FOTO-DE-PORTADA-990x618.jpg 990w, https:\/\/gestespoctefa.eu\/wp-content\/uploads\/2024\/07\/FOTO-DE-PORTADA-1485x927.jpg 1485w\" loading=\"eager\" style=\"--ratio: 990 \/ 618\" sizes=\"(max-width: 990px) 100vw, 990px\" alt=\"\" title=\"FOTO DE PORTADA\" width=\"990\" height=\"618\"  \/><\/a>\t<\/div>\n<\/div>\n\n\n<div class=\"post-entry-content\">\n\n\t<h3 class=\"entry-title\">\n\t\t<a href=\"https:\/\/gestespoctefa.eu\/fr\/gestes-un-nouveau-projet-transfrontalier-sur-la-gestion-de-la-recolte-en-milieux-naturels-de-plantes-medicinales-tient-sa-premiere-reunion-a-matemale\/\" title=\"GESTES, un nouveau projet transfrontalier sur la gestion de la r\u00e9colte en milieux naturels de plantes m\u00e9dicinales, tient sa premi\u00e8re r\u00e9union \u00e0 Matemale\" rel=\"bookmark\">GESTES, un nouveau projet transfrontalier sur la gestion de la r\u00e9colte en milieux naturels de plantes m\u00e9dicinales, tient sa premi\u00e8re r\u00e9union \u00e0 Matemale<\/a>\n\t<\/h3>\n\n\t\n\t<div class=\"entry-excerpt\"><p>Le projet GESTES (Gestion durable transfrontali\u00e8re des esp\u00e8ces sauvages dans les espaces naturels POCTEFA) a \u00e9t\u00e9 cr\u00e9\u00e9 dans le but de promouvoir la protection et\u2026<\/p>\n<\/div>\n\t\n<a href=\"https:\/\/gestespoctefa.eu\/fr\/gestes-un-nouveau-projet-transfrontalier-sur-la-gestion-de-la-recolte-en-milieux-naturels-de-plantes-medicinales-tient-sa-premiere-reunion-a-matemale\/\" class=\"dt-btn-s dt-btn post-details details-type-btn\" aria-label=\"En savoir plus sur GESTES, un nouveau projet transfrontalier sur la gestion de la r\u00e9colte en milieux naturels de plantes m\u00e9dicinales, tient sa premi\u00e8re r\u00e9union \u00e0 Matemale\">En savoir plus<i class=\"dt-icon-the7-arrow-03\" aria-hidden=\"true\"><\/i><\/a>\n\n<\/div><\/article><\/div><\/div><!-- iso-container|iso-grid --><div class=\"paginator paginator-more-button\">\n\t\t\t\t<a class=\"button-load-more \" href=\"javascript:void(0);\" data-dt-page=\"1\" ><span class=\"stick\"><\/span><span class=\"stick\"><\/span><span class=\"stick\"><\/span><span class=\"button-caption\">Charger la suite<\/span><\/a>\n\t\t\t<\/div><\/div>[\/vc_column][\/vc_row]<\/p>\n<\/div>","protected":false},"excerpt":{"rendered":"<p>[vc_row][vc_column css=\u00a0\u00bb.vc_custom_1575296582826{padding-bottom: 30px !important;}\u00a0\u00bb][\/vc_column][vc_column][\/vc_column][\/vc_row]<\/p>\n","protected":false},"author":1,"featured_media":0,"parent":0,"menu_order":30,"comment_status":"closed","ping_status":"closed","template":"","meta":{"footnotes":""},"class_list":["post-4694","page","type-page","status-publish","hentry","description-off"],"_links":{"self":[{"href":"https:\/\/gestespoctefa.eu\/fr\/wp-json\/wp\/v2\/pages\/4694","targetHints":{"allow":["GET"]}}],"collection":[{"href":"https:\/\/gestespoctefa.eu\/fr\/wp-json\/wp\/v2\/pages"}],"about":[{"href":"https:\/\/gestespoctefa.eu\/fr\/wp-json\/wp\/v2\/types\/page"}],"author":[{"embeddable":true,"href":"https:\/\/gestespoctefa.eu\/fr\/wp-json\/wp\/v2\/users\/1"}],"replies":[{"embeddable":true,"href":"https:\/\/gestespoctefa.eu\/fr\/wp-json\/wp\/v2\/comments?post=4694"}],"version-history":[{"count":2,"href":"https:\/\/gestespoctefa.eu\/fr\/wp-json\/wp\/v2\/pages\/4694\/revisions"}],"predecessor-version":[{"id":4696,"href":"https:\/\/gestespoctefa.eu\/fr\/wp-json\/wp\/v2\/pages\/4694\/revisions\/4696"}],"wp:attachment":[{"href":"https:\/\/gestespoctefa.eu\/fr\/wp-json\/wp\/v2\/media?parent=4694"}],"curies":[{"name":"wp","href":"https:\/\/api.w.org\/{rel}","templated":true}]}}